{"id":5504,"date":"2020-12-02T17:06:26","date_gmt":"2020-12-02T16:06:26","guid":{"rendered":"https:\/\/www.tagina.it\/privacy-policy\/"},"modified":"2026-03-26T15:52:03","modified_gmt":"2026-03-26T14:52:03","slug":"privacy-policy","status":"publish","type":"page","link":"https:\/\/www.tagina.it\/fr\/privacy-policy\/","title":{"rendered":"Privacy Policy"},"content":{"rendered":"<div class=\"privacy-policy\">\n<h2>INFORMATION AUX UTILISATEURS CONFORM\u00c9MENT \u00c0 L\u2019ARTICLE 13 DU R\u00c8GLEMENT UE 2016\/679 (RGPD)<\/h2>\n<section class=\"privacy-section\">\n<h3>RESPONSABLE DU TRAITEMENT<\/h3>\n<p>Le responsable du traitement des donn\u00e9es personnelles est Tagina S.p.A., repr\u00e9sent\u00e9e par son repr\u00e9sentant l\u00e9gal pro\u2011tempore, soci\u00e9t\u00e9 ayant son si\u00e8ge social Via Emilia Ponente n. 925, Castel Bolognese (Ravenna), Italie.<\/p>\n<p>Coordonn\u00e9es du responsable du traitement :<\/p>\n<p>e-mail: <a href=\"mailto:info@tagina.it\">info@tagina.it<\/a><\/p>\n<p>La soci\u00e9t\u00e9 responsable du traitement n\u2019a pas d\u00e9sign\u00e9 de repr\u00e9sentant dans l\u2019Union europ\u00e9enne.<\/p>\n<\/section>\n<section class=\"privacy-section\">\n<h3>TYPES DE DONN\u00c9ES TRAIT\u00c9ES<\/h3>\n<h4>Donn\u00e9es communiqu\u00e9es par l\u2019utilisateur<\/h4>\n<p>L\u2019envoi facultatif, explicite et volontaire de messages aux adresses de contact de Tagina S.p.A. via le formulaire pr\u00e9sent sur le site entra\u00eene l\u2019acquisition des coordonn\u00e9es de l\u2019exp\u00e9diteur n\u00e9cessaires pour r\u00e9pondre, ainsi que de toutes les donn\u00e9es personnelles incluses dans les communications.<\/p>\n<\/section>\n<section class=\"privacy-section\">\n<h3>BASE JURIDIQUE ET FINALIT\u00c9S DU TRAITEMENT<\/h3>\n<p>Le traitement est fond\u00e9 sur le consentement explicite (Art. 6, par. 1, lett. a du RGPD), librement donn\u00e9 en cochant la case d\u2019acceptation lors de l\u2019inscription.<\/p>\n<p>Les donn\u00e9es seront trait\u00e9es pour les finalit\u00e9s suivantes:<\/p>\n<table class=\"privacy-table\">\n<thead>\n<tr>\n<th>Finalit\u00e9s<\/th>\n<th>Base juridique<\/th>\n<\/tr>\n<\/thead>\n<tbody>\n<tr>\n<td>R\u00e9ponse aux demandes : Fournir les informations commerciales et de contact demand\u00e9es.<\/td>\n<td>Ex\u00e9cution de mesures pr\u00e9contractuelles.<\/td>\n<\/tr>\n<tr>\n<td>Marketing direct : Envoi de newsletters ou de mat\u00e9riel promotionnel.<\/td>\n<td>Consentement explicite de la personne concern\u00e9e.<\/td>\n<\/tr>\n<tr>\n<td>Obligations l\u00e9gales : Respect des obligations fiscales, comptables ou l\u00e9gales.<\/td>\n<td>Obligation l\u00e9gale.<\/td>\n<\/tr>\n<tr>\n<td>Profilage : Analyse des pr\u00e9f\u00e9rences afin de proposer des offres personnalis\u00e9es.<\/td>\n<td>Consentement explicite de la personne concern\u00e9e.<\/td>\n<\/tr>\n<tr>\n<td>\u00c9valuation du profil professionnel (CV) : Gestion des proc\u00e9dures de recrutement, planification des entretiens et v\u00e9rification des \u00e9ventuelles exigences requises.<\/td>\n<td>Ex\u00e9cution de mesures pr\u00e9contractuelles.<\/td>\n<\/tr>\n<\/tbody>\n<\/table>\n<p>Sous r\u00e9serve d\u2019un consentement explicite et facultatif, les donn\u00e9es collect\u00e9es peuvent \u00eatre trait\u00e9es \u00e0 des fins de profilage. Cette activit\u00e9 consiste \u00e0 analyser les pr\u00e9f\u00e9rences, les int\u00e9r\u00eats et les comportements d\u2019achat.<\/p>\n<ul>\n<li>Objectif : Envoyer des communications commerciales personnalis\u00e9es et des offres adapt\u00e9es au profil de l\u2019utilisateur.<\/li>\n<li>Modalit\u00e9s : L\u2019analyse peut \u00eatre effectu\u00e9e de mani\u00e8re automatis\u00e9e ou semi\u2011automatis\u00e9e en croisant les donn\u00e9es d\u2019inscription avec les interactions sur le site.<\/li>\n<li>Base juridique : Consentement librement donn\u00e9 et r\u00e9vocable \u00e0 tout moment.<\/li>\n<\/ul>\n<\/section>\n<section class=\"privacy-section\">\n<h3>MODALIT\u00c9S DE TRAITEMENT ET CONSERVATION<\/h3>\n<p>Les donn\u00e9es personnelles sont trait\u00e9es par des op\u00e9rations telles que collecte, enregistrement, organisation, conservation, consultation, \u00e9laboration, modification, s\u00e9lection, extraction, comparaison, utilisation, interconnexion, blocage, communication, suppression et destruction des donn\u00e9es. Les donn\u00e9es sont trait\u00e9es sur support papier et \u00e9lectronique et\/ou par des moyens automatis\u00e9s.<\/p>\n<p>Les donn\u00e9es seront conserv\u00e9es uniquement pendant la dur\u00e9e n\u00e9cessaire pour fournir le service demand\u00e9, sous r\u00e9serve des d\u00e9lais de protection juridique pr\u00e9vus par les articles 2946 (dix ans) et 2947 (cinq ans) du Code civil italien.<\/p>\n<\/section>\n<section class=\"privacy-section\">\n<h3>DESTINATAIRES DES DONN\u00c9ES<\/h3>\n<p>Les donn\u00e9es ne seront pas diffus\u00e9es \u00e0 des tiers \u00e0 des fins commerciales propres. Elles pourront \u00eatre communiqu\u00e9es uniquement \u00e0:<\/p>\n<ul>\n<li>Personnel interne autoris\u00e9 (marketing, commercial, administratif).<\/li>\n<li>Fournisseurs de services techniques (h\u00e9bergement, plateformes d\u2019email marketing, CRM, logiciels de gestion) d\u00e9sign\u00e9s comme sous\u2011traitants du traitement.<\/li>\n<\/ul>\n<\/section>\n<section class=\"privacy-section\">\n<h3>TRANSFERT DES DONN\u00c9ES<\/h3>\n<p>Les donn\u00e9es personnelles sont trait\u00e9es et conserv\u00e9es exclusivement au sein de l\u2019Union europ\u00e9enne (UE) et de l\u2019Espace \u00e9conomique europ\u00e9en (EEE).<\/p>\n<p>Serveurs : Le site web est h\u00e9berg\u00e9 sur des serveurs situ\u00e9s en Italie et le service CRM en Allemagne.<\/p>\n<p>Services tiers : Si des fournisseurs de services cloud ou des outils marketing situ\u00e9s hors UE sont utilis\u00e9s, le transfert aura lieu uniquement vers des pays garantissant un niveau de protection ad\u00e9quat ou sur la base de Clauses Contractuelles Types (CCT).<\/p>\n<\/section>\n<section class=\"privacy-section\">\n<h3>DROITS DES PERSONNES CONCERN\u00c9ES (Art. 15-22 RGPD)<\/h3>\n<p>\u00c0 tout moment, les droits suivants peuvent \u00eatre exerc\u00e9s en envoyant un e-mail \u00e0 <a href=\"mailto:info@tagina.it\">info@tagina.it<\/a>.<\/p>\n<ul>\n<li>Acc\u00e8s : savoir quelles donn\u00e9es nous traitons.<\/li>\n<li>Rectification : demander la modification de donn\u00e9es inexactes.<\/li>\n<li>Effacement (droit \u00e0 l\u2019oubli) : demander la suppression de vos donn\u00e9es de nos bases de donn\u00e9es.<\/li>\n<li>Opposition : retirer \u00e0 tout moment votre consentement au marketing (unsubscribe).<\/li>\n<\/ul>\n<p>&nbsp;<\/p>\n<h4><\/h4>\n<h4>Droit de r\u00e9clamation<\/h4>\n<p>Les personnes concern\u00e9es peuvent introduire une r\u00e9clamation aupr\u00e8s de l\u2019autorit\u00e9 de contr\u00f4le conform\u00e9ment \u00e0 l\u2019art. 77 RGPD ou saisir les juridictions comp\u00e9tentes conform\u00e9ment \u00e0 l\u2019art. 79 RGPD.<\/p>\n<\/section>\n<\/div>\n","protected":false},"excerpt":{"rendered":"<p>INFORMATION AUX UTILISATEURS CONFORM\u00c9MENT \u00c0 L\u2019ARTICLE 13 DU R\u00c8GLEMENT UE 2016\/679 (RGPD) RESPONSABLE DU TRAITEMENT Le responsable du traitement des donn\u00e9es personnelles est Tagina S.p.A., repr\u00e9sent\u00e9e par son repr\u00e9sentant l\u00e9gal pro\u2011tempore, soci\u00e9t\u00e9 ayant son si\u00e8ge social Via Emilia Ponente n. 925, Castel Bolognese (Ravenna), Italie. Coordonn\u00e9es du responsable du traitement : e-mail: info@tagina.it La soci\u00e9t\u00e9 [&hellip;]<\/p>\n","protected":false},"author":1,"featured_media":0,"parent":0,"menu_order":0,"comment_status":"closed","ping_status":"open","template":"","meta":{"_acf_changed":false,"footnotes":""},"class_list":["post-5504","page","type-page","status-publish","hentry"],"acf":[],"yoast_head":"<!-- This site is optimized with the Yoast SEO plugin v27.5 - https:\/\/yoast.com\/product\/yoast-seo-wordpress\/ -->\n<title>Privacy Policy - Tagina<\/title>\n<meta name=\"robots\" content=\"index, follow, max-snippet:-1, max-image-preview:large, max-video-preview:-1\" \/>\n<link rel=\"canonical\" href=\"https:\/\/www.tagina.it\/fr\/privacy-policy\/\" \/>\n<meta property=\"og:locale\" content=\"fr_FR\" \/>\n<meta property=\"og:type\" content=\"article\" \/>\n<meta property=\"og:title\" content=\"Privacy Policy - Tagina\" \/>\n<meta property=\"og:description\" content=\"INFORMATION AUX UTILISATEURS CONFORM\u00c9MENT \u00c0 L\u2019ARTICLE 13 DU R\u00c8GLEMENT UE 2016\/679 (RGPD) RESPONSABLE DU TRAITEMENT Le responsable du traitement des donn\u00e9es personnelles est Tagina S.p.A., repr\u00e9sent\u00e9e par son repr\u00e9sentant l\u00e9gal pro\u2011tempore, soci\u00e9t\u00e9 ayant son si\u00e8ge social Via Emilia Ponente n. 925, Castel Bolognese (Ravenna), Italie. Coordonn\u00e9es du responsable du traitement : e-mail: info@tagina.it La soci\u00e9t\u00e9 [&hellip;]\" \/>\n<meta property=\"og:url\" content=\"https:\/\/www.tagina.it\/fr\/privacy-policy\/\" \/>\n<meta property=\"og:site_name\" content=\"Tagina\" \/>\n<meta property=\"article:modified_time\" content=\"2026-03-26T14:52:03+00:00\" \/>\n<meta name=\"twitter:card\" content=\"summary_large_image\" \/>\n<meta name=\"twitter:label1\" content=\"Est. reading time\" \/>\n\t<meta name=\"twitter:data1\" content=\"20 minutes\" \/>\n<script type=\"application\/ld+json\" class=\"yoast-schema-graph\">{\"@context\":\"https:\\\/\\\/schema.org\",\"@graph\":[{\"@type\":\"WebPage\",\"@id\":\"https:\\\/\\\/www.tagina.it\\\/fr\\\/privacy-policy\\\/\",\"url\":\"https:\\\/\\\/www.tagina.it\\\/fr\\\/privacy-policy\\\/\",\"name\":\"Privacy Policy - Tagina\",\"isPartOf\":{\"@id\":\"https:\\\/\\\/www.tagina.it\\\/fr\\\/#website\"},\"datePublished\":\"2020-12-02T16:06:26+00:00\",\"dateModified\":\"2026-03-26T14:52:03+00:00\",\"breadcrumb\":{\"@id\":\"https:\\\/\\\/www.tagina.it\\\/fr\\\/privacy-policy\\\/#breadcrumb\"},\"inLanguage\":\"fr-FR\",\"potentialAction\":[{\"@type\":\"ReadAction\",\"target\":[\"https:\\\/\\\/www.tagina.it\\\/fr\\\/privacy-policy\\\/\"]}]},{\"@type\":\"BreadcrumbList\",\"@id\":\"https:\\\/\\\/www.tagina.it\\\/fr\\\/privacy-policy\\\/#breadcrumb\",\"itemListElement\":[{\"@type\":\"ListItem\",\"position\":1,\"name\":\"Home\",\"item\":\"https:\\\/\\\/www.tagina.it\\\/fr\\\/\"},{\"@type\":\"ListItem\",\"position\":2,\"name\":\"Privacy Policy\"}]},{\"@type\":\"WebSite\",\"@id\":\"https:\\\/\\\/www.tagina.it\\\/fr\\\/#website\",\"url\":\"https:\\\/\\\/www.tagina.it\\\/fr\\\/\",\"name\":\"Tagina\",\"description\":\"Storie di stile\",\"publisher\":{\"@id\":\"https:\\\/\\\/www.tagina.it\\\/fr\\\/#organization\"},\"potentialAction\":[{\"@type\":\"SearchAction\",\"target\":{\"@type\":\"EntryPoint\",\"urlTemplate\":\"https:\\\/\\\/www.tagina.it\\\/fr\\\/?s={search_term_string}\"},\"query-input\":{\"@type\":\"PropertyValueSpecification\",\"valueRequired\":true,\"valueName\":\"search_term_string\"}}],\"inLanguage\":\"fr-FR\"},{\"@type\":\"Organization\",\"@id\":\"https:\\\/\\\/www.tagina.it\\\/fr\\\/#organization\",\"name\":\"Tagina\",\"url\":\"https:\\\/\\\/www.tagina.it\\\/fr\\\/\",\"logo\":{\"@type\":\"ImageObject\",\"inLanguage\":\"fr-FR\",\"@id\":\"https:\\\/\\\/www.tagina.it\\\/fr\\\/#\\\/schema\\\/logo\\\/image\\\/\",\"url\":\"https:\\\/\\\/www.tagina.it\\\/tag21\\\/tg21-cont\\\/uploads\\\/2020\\\/12\\\/tagina-logo-h-bianco-oro.svg\",\"contentUrl\":\"https:\\\/\\\/www.tagina.it\\\/tag21\\\/tg21-cont\\\/uploads\\\/2020\\\/12\\\/tagina-logo-h-bianco-oro.svg\",\"width\":100,\"height\":100,\"caption\":\"Tagina\"},\"image\":{\"@id\":\"https:\\\/\\\/www.tagina.it\\\/fr\\\/#\\\/schema\\\/logo\\\/image\\\/\"}}]}<\/script>\n<!-- \/ Yoast SEO plugin. -->","yoast_head_json":{"title":"Privacy Policy - Tagina","robots":{"index":"index","follow":"follow","max-snippet":"max-snippet:-1","max-image-preview":"max-image-preview:large","max-video-preview":"max-video-preview:-1"},"canonical":"https:\/\/www.tagina.it\/fr\/privacy-policy\/","og_locale":"fr_FR","og_type":"article","og_title":"Privacy Policy - Tagina","og_description":"INFORMATION AUX UTILISATEURS CONFORM\u00c9MENT \u00c0 L\u2019ARTICLE 13 DU R\u00c8GLEMENT UE 2016\/679 (RGPD) RESPONSABLE DU TRAITEMENT Le responsable du traitement des donn\u00e9es personnelles est Tagina S.p.A., repr\u00e9sent\u00e9e par son repr\u00e9sentant l\u00e9gal pro\u2011tempore, soci\u00e9t\u00e9 ayant son si\u00e8ge social Via Emilia Ponente n. 925, Castel Bolognese (Ravenna), Italie. Coordonn\u00e9es du responsable du traitement : e-mail: info@tagina.it La soci\u00e9t\u00e9 [&hellip;]","og_url":"https:\/\/www.tagina.it\/fr\/privacy-policy\/","og_site_name":"Tagina","article_modified_time":"2026-03-26T14:52:03+00:00","twitter_card":"summary_large_image","twitter_misc":{"Est. reading time":"20 minutes"},"schema":{"@context":"https:\/\/schema.org","@graph":[{"@type":"WebPage","@id":"https:\/\/www.tagina.it\/fr\/privacy-policy\/","url":"https:\/\/www.tagina.it\/fr\/privacy-policy\/","name":"Privacy Policy - Tagina","isPartOf":{"@id":"https:\/\/www.tagina.it\/fr\/#website"},"datePublished":"2020-12-02T16:06:26+00:00","dateModified":"2026-03-26T14:52:03+00:00","breadcrumb":{"@id":"https:\/\/www.tagina.it\/fr\/privacy-policy\/#breadcrumb"},"inLanguage":"fr-FR","potentialAction":[{"@type":"ReadAction","target":["https:\/\/www.tagina.it\/fr\/privacy-policy\/"]}]},{"@type":"BreadcrumbList","@id":"https:\/\/www.tagina.it\/fr\/privacy-policy\/#breadcrumb","itemListElement":[{"@type":"ListItem","position":1,"name":"Home","item":"https:\/\/www.tagina.it\/fr\/"},{"@type":"ListItem","position":2,"name":"Privacy Policy"}]},{"@type":"WebSite","@id":"https:\/\/www.tagina.it\/fr\/#website","url":"https:\/\/www.tagina.it\/fr\/","name":"Tagina","description":"Storie di stile","publisher":{"@id":"https:\/\/www.tagina.it\/fr\/#organization"},"potentialAction":[{"@type":"SearchAction","target":{"@type":"EntryPoint","urlTemplate":"https:\/\/www.tagina.it\/fr\/?s={search_term_string}"},"query-input":{"@type":"PropertyValueSpecification","valueRequired":true,"valueName":"search_term_string"}}],"inLanguage":"fr-FR"},{"@type":"Organization","@id":"https:\/\/www.tagina.it\/fr\/#organization","name":"Tagina","url":"https:\/\/www.tagina.it\/fr\/","logo":{"@type":"ImageObject","inLanguage":"fr-FR","@id":"https:\/\/www.tagina.it\/fr\/#\/schema\/logo\/image\/","url":"https:\/\/www.tagina.it\/tag21\/tg21-cont\/uploads\/2020\/12\/tagina-logo-h-bianco-oro.svg","contentUrl":"https:\/\/www.tagina.it\/tag21\/tg21-cont\/uploads\/2020\/12\/tagina-logo-h-bianco-oro.svg","width":100,"height":100,"caption":"Tagina"},"image":{"@id":"https:\/\/www.tagina.it\/fr\/#\/schema\/logo\/image\/"}}]}},"_links":{"self":[{"href":"https:\/\/www.tagina.it\/fr\/wp-json\/wp\/v2\/pages\/5504","targetHints":{"allow":["GET"]}}],"collection":[{"href":"https:\/\/www.tagina.it\/fr\/wp-json\/wp\/v2\/pages"}],"about":[{"href":"https:\/\/www.tagina.it\/fr\/wp-json\/wp\/v2\/types\/page"}],"author":[{"embeddable":true,"href":"https:\/\/www.tagina.it\/fr\/wp-json\/wp\/v2\/users\/1"}],"replies":[{"embeddable":true,"href":"https:\/\/www.tagina.it\/fr\/wp-json\/wp\/v2\/comments?post=5504"}],"version-history":[{"count":14,"href":"https:\/\/www.tagina.it\/fr\/wp-json\/wp\/v2\/pages\/5504\/revisions"}],"predecessor-version":[{"id":18478,"href":"https:\/\/www.tagina.it\/fr\/wp-json\/wp\/v2\/pages\/5504\/revisions\/18478"}],"wp:attachment":[{"href":"https:\/\/www.tagina.it\/fr\/wp-json\/wp\/v2\/media?parent=5504"}],"curies":[{"name":"wp","href":"https:\/\/api.w.org\/{rel}","templated":true}]}}