{"id":13704,"date":"2024-02-14T10:24:40","date_gmt":"2024-02-14T09:24:40","guid":{"rendered":"https:\/\/www.tagina.it\/elegance-et-polyvalence-du-gres-cerame\/"},"modified":"2025-06-23T09:41:23","modified_gmt":"2025-06-23T07:41:23","slug":"elegance-et-polyvalence-du-gres-cerame","status":"publish","type":"page","link":"https:\/\/www.tagina.it\/fr\/elegance-et-polyvalence-du-gres-cerame\/","title":{"rendered":"\u00c9l\u00e9gance et polyvalence du gr\u00e8s c\u00e9rame"},"content":{"rendered":"\t\t<div data-elementor-type=\"wp-page\" data-elementor-id=\"13704\" class=\"elementor elementor-13704 elementor-13275\" data-elementor-post-type=\"page\">\n\t\t\t\t<div class=\"elementor-element elementor-element-be641ab e-flex e-con-boxed e-con e-parent\" data-id=\"be641ab\" data-element_type=\"container\" data-e-type=\"container\" data-settings=\"{&quot;jet_parallax_layout_list&quot;:[]}\">\n\t\t\t\t\t<div class=\"e-con-inner\">\n\t\t\t\t<div data-dce-text-color=\"#313740\" class=\"elementor-element elementor-element-2f95bc4 elementor-widget elementor-widget-text-editor\" data-id=\"2f95bc4\" data-element_type=\"widget\" data-e-type=\"widget\" data-widget_type=\"text-editor.default\">\n\t\t\t\t<div class=\"elementor-widget-container\">\n\t\t\t\t\t\t\t\t\t<h1><span style=\"color: #313740; font-size: 36pt;\">\u00c9l\u00e9gant, raffin\u00e9 et polyvalent : le gr\u00e8s c\u00e9rame change le visage de votre maison<\/span><\/h1>\n<p><span style=\"color: #313740;\">Le gr\u00e8s c\u00e9rame est un mat\u00e9riau \u00e9l\u00e9gant, r\u00e9sistant et extr\u00eamement polyvalent qui constitue <strong>la solution parfaite<\/strong> <strong>pour le sol et le rev\u00eatement des espaces int\u00e9rieurs et ext\u00e9rieurs de votre maison<\/strong>. Ind\u00e9pendamment du style que vous pr\u00e9f\u00e9rez et des effets esth\u00e9tiques que vous souhaitez recr\u00e9er, les carreaux en gr\u00e8s c\u00e9rame sont le compl\u00e9ment id\u00e9al pour vous permettre d&#8217;obtenir un r\u00e9sultat non seulement parfait d&#8217;un point de vue esth\u00e9tique, mais \u00e9galement extr\u00eamement r\u00e9sistant, s\u00fbr et pratique \u00e0 g\u00e9rer au quotidien. <\/span><\/p>\n<p><span style=\"color: #313740;\">Tout cela est rendu possible par <strong>des solutions technologiques sp\u00e9cifiques<\/strong> qui permettent, aujourd&#8217;hui, d&#8217;obtenir des dalles en gr\u00e8s c\u00e9rame de diff\u00e9rentes tailles et \u00e9paisseurs, capables de reproduire une <strong>large gamme de mat\u00e9riaux naturels<\/strong> qui vont du marbre \u00e0 la pierre, en passant par le ciment, le m\u00e9tal, l\u2019onyx et bien d&#8217;autres. Beaut\u00e9, fonctionnalit\u00e9 et r\u00e9sistance sont les caract\u00e9ristiques qui rendent ce mat\u00e9riau parfait pour changer le visage de chaque maison : <strong>quel que soit le style que vous avez en t\u00eate, le gr\u00e8s c\u00e9rame peut vous aider \u00e0 transformer la maison de vos r\u00eaves en r\u00e9alit\u00e9.<\/strong> <\/span><\/p>\n<p><span style=\"color: #313740;\">Vous voulez en savoir plus ? Voici <strong>tout ce qu&#8217;il faut savoir sur les caract\u00e9ristiques du gr\u00e8s c\u00e9rame et ses applications dans le design d&#8217;int\u00e9rieur<\/strong>, pour d\u00e9couvrir comment tirer le meilleur parti des grandes potentialit\u00e9s techniques et esth\u00e9tiques de ce mat\u00e9riau.<\/span><\/p>\n\t\t\t\t\t\t\t\t<\/div>\n\t\t\t\t<\/div>\n\t\t\t\t\t<\/div>\n\t\t\t\t<\/div>\n\t\t<div class=\"elementor-element elementor-element-2ce0a57 e-flex e-con-boxed e-con e-parent\" data-id=\"2ce0a57\" data-element_type=\"container\" data-e-type=\"container\" data-settings=\"{&quot;jet_parallax_layout_list&quot;:[]}\">\n\t\t\t\t\t<div class=\"e-con-inner\">\n\t\t\t\t<div class=\"elementor-element elementor-element-cefd490 elementor-widget elementor-widget-text-editor\" data-id=\"cefd490\" data-element_type=\"widget\" data-e-type=\"widget\" data-widget_type=\"text-editor.default\">\n\t\t\t\t<div class=\"elementor-widget-container\">\n\t\t\t\t\t\t\t\t\t<ol>\n<li><span style=\"color: #313740;\"><strong>Comment est fabriqu\u00e9 le gr\u00e8s c\u00e9rame<\/strong><\/span><\/li>\n<li><span style=\"color: #313740;\"><strong>Pourquoi choisir le gr\u00e8s c\u00e9rame<\/strong><\/span><\/li>\n<li><span style=\"color: #313740;\"><strong>Pose, nettoyage et entretien du gr\u00e8s c\u00e9rame<\/strong><\/span><\/li>\n<li><span style=\"color: #313740;\"><strong>Concevoir avec du gr\u00e8s : un mat\u00e9riau polyvalent qui met en valeur chaque style d&#8217;ameublement<\/strong><\/span><\/li>\n<li><span style=\"color: #313740;\"><strong>Le gr\u00e8s pour l\u2019ameublement : rev\u00eatements, \u00e9l\u00e9ments d\u2019ameublement et pi\u00e8ces sp\u00e9ciales <\/strong><\/span><\/li>\n<\/ol>\n\t\t\t\t\t\t\t\t<\/div>\n\t\t\t\t<\/div>\n\t\t\t\t\t<\/div>\n\t\t\t\t<\/div>\n\t\t<div class=\"elementor-element elementor-element-c7aab2b e-flex e-con-boxed e-con e-parent\" data-id=\"c7aab2b\" data-element_type=\"container\" data-e-type=\"container\" data-settings=\"{&quot;jet_parallax_layout_list&quot;:[]}\">\n\t\t\t\t\t<div class=\"e-con-inner\">\n\t\t\t\t<div class=\"elementor-element elementor-element-054b318 elementor-widget elementor-widget-spacer\" data-id=\"054b318\" data-element_type=\"widget\" data-e-type=\"widget\" data-widget_type=\"spacer.default\">\n\t\t\t\t<div class=\"elementor-widget-container\">\n\t\t\t\t\t\t\t<div class=\"elementor-spacer\">\n\t\t\t<div class=\"elementor-spacer-inner\"><\/div>\n\t\t<\/div>\n\t\t\t\t\t\t<\/div>\n\t\t\t\t<\/div>\n\t\t\t\t\t<\/div>\n\t\t\t\t<\/div>\n\t\t<div class=\"elementor-element elementor-element-2aed47d e-con-full e-flex e-con e-parent\" data-id=\"2aed47d\" data-element_type=\"container\" data-e-type=\"container\" data-settings=\"{&quot;jet_parallax_layout_list&quot;:[]}\">\n\t\t\t\t<div class=\"elementor-element elementor-element-073cff7 elementor-widget elementor-widget-text-editor\" data-id=\"073cff7\" data-element_type=\"widget\" data-e-type=\"widget\" data-widget_type=\"text-editor.default\">\n\t\t\t\t<div class=\"elementor-widget-container\">\n\t\t\t\t\t\t\t\t\t<h2 style=\"padding-left: 40px;\"><span style=\"font-size: 24pt;\"><strong><span style=\"color: #313740;\">1. Comment est fabriqu\u00e9 le gr\u00e8s c\u00e9rame<\/span><\/strong><\/span><\/h2>\n<p><span style=\"color: #313740;\">Le gr\u00e8s c\u00e9rame est un mat\u00e9riau un mat\u00e9riau c\u00e9ramique compos\u00e9 d&#8217;argiles, de sables et de petites quantit\u00e9s d&#8217;autres composants de haute qualit\u00e9, tels que les feldspaths, le kaolin ou la silice. Le m\u00e9lange de ces mat\u00e9riaux est broy\u00e9 et atomis\u00e9 avec des moulins sp\u00e9ciaux pour cr\u00e9er une poudre extr\u00eamement fine et enfin press\u00e9e et cuite \u00e0 des temp\u00e9ratures \u00e9lev\u00e9es, allant de 1200 \u00e0 1400 \u00b0C. La combinaison d&#8217;une granulom\u00e9trie extr\u00eamement fine et d&#8217;une temp\u00e9rature \u00e9lev\u00e9e d\u00e9clenche un processus appel\u00e9 \u00ab gr\u00e9sification \u00bb (d&#8217;o\u00f9 le mot \u00ab gr\u00e8s \u00bb) : les microgranules de mati\u00e8re se soudent les uns aux autres, se vitrifiant et modifiant en permanence leur structure physico-chimique.<\/span><br \/><span style=\"color: #313740;\">Ce processus fait qu&#8217;\u00e0 la fin de la cuisson, le mat\u00e9riau pr\u00e9sente des caract\u00e9ristiques uniques, r\u00e9sultant :<\/span><\/p>\n\t\t\t\t\t\t\t\t<\/div>\n\t\t\t\t<\/div>\n\t\t\t\t<\/div>\n\t\t<div class=\"elementor-element elementor-element-59c763e e-flex e-con-boxed e-con e-parent\" data-id=\"59c763e\" data-element_type=\"container\" data-e-type=\"container\" data-settings=\"{&quot;jet_parallax_layout_list&quot;:[]}\">\n\t\t\t\t\t<div class=\"e-con-inner\">\n\t\t<div class=\"elementor-element elementor-element-6ae9ccd e-con-full e-flex e-con e-child\" data-id=\"6ae9ccd\" data-element_type=\"container\" data-e-type=\"container\" data-settings=\"{&quot;jet_parallax_layout_list&quot;:[]}\">\n\t\t\t\t<div class=\"elementor-element elementor-element-c3003b4 dce_masking-none elementor-widget elementor-widget-image\" data-id=\"c3003b4\" data-element_type=\"widget\" data-e-type=\"widget\" data-widget_type=\"image.default\">\n\t\t\t\t<div class=\"elementor-widget-container\">\n\t\t\t\t\t\t\t\t\t\t\t\t\t\t\t<img loading=\"lazy\" decoding=\"async\" width=\"150\" height=\"150\" src=\"https:\/\/www.tagina.it\/tag21\/tg21-cont\/uploads\/2024\/02\/Impermeabile-1.jpg\" class=\"attachment-thumbnail size-thumbnail wp-image-13341\" alt=\"\" \/>\t\t\t\t\t\t\t\t\t\t\t\t\t\t\t<\/div>\n\t\t\t\t<\/div>\n\t\t\t\t<div class=\"elementor-element elementor-element-a2ac018 elementor-widget elementor-widget-text-editor\" data-id=\"a2ac018\" data-element_type=\"widget\" data-e-type=\"widget\" data-widget_type=\"text-editor.default\">\n\t\t\t\t<div class=\"elementor-widget-container\">\n\t\t\t\t\t\t\t\t\t<p>&nbsp;<\/p>\n<p><span style=\"color: #313740;\"><strong>Imperm\u00e9able<\/strong> : le gr\u00e8s c\u00e9rame est un mat\u00e9riau extr\u00eamement peu poreux, qui est donc imperm\u00e9able \u00e0 l&#8217;eau ; selon les r\u00e9glementations europ\u00e9ennes (EN 14411\u2013 ISO 13006), seuls les produits c\u00e9ramiques avec un coefficient d&#8217;absorption d&#8217;eau \u2264 0,5 % peuvent \u00eatre appel\u00e9s \u00ab gr\u00e8s c\u00e9rame \u00bb.<\/span><\/p>\n\t\t\t\t\t\t\t\t<\/div>\n\t\t\t\t<\/div>\n\t\t\t\t<\/div>\n\t\t<div class=\"elementor-element elementor-element-44d1729 e-con-full e-flex e-con e-child\" data-id=\"44d1729\" data-element_type=\"container\" data-e-type=\"container\" data-settings=\"{&quot;jet_parallax_layout_list&quot;:[]}\">\n\t\t\t\t<div class=\"elementor-element elementor-element-8b6561d dce_masking-none elementor-widget elementor-widget-image\" data-id=\"8b6561d\" data-element_type=\"widget\" data-e-type=\"widget\" data-widget_type=\"image.default\">\n\t\t\t\t<div class=\"elementor-widget-container\">\n\t\t\t\t\t\t\t\t\t\t\t\t\t\t\t<img loading=\"lazy\" decoding=\"async\" width=\"150\" height=\"150\" src=\"https:\/\/www.tagina.it\/tag21\/tg21-cont\/uploads\/2024\/02\/Flessione-3.jpg\" class=\"attachment-thumbnail size-thumbnail wp-image-13345\" alt=\"\" \/>\t\t\t\t\t\t\t\t\t\t\t\t\t\t\t<\/div>\n\t\t\t\t<\/div>\n\t\t\t\t<div class=\"elementor-element elementor-element-0b8e125 elementor-widget elementor-widget-text-editor\" data-id=\"0b8e125\" data-element_type=\"widget\" data-e-type=\"widget\" data-widget_type=\"text-editor.default\">\n\t\t\t\t<div class=\"elementor-widget-container\">\n\t\t\t\t\t\t\t\t\t<p>&nbsp;<\/p>\n<p><span style=\"color: #313740;\"><strong>R\u00e9sistant \u00e0 l&#8217;abrasion<\/strong> : la duret\u00e9 du gr\u00e8s c\u00e9rame ne rend pas le mat\u00e9riau r\u00e9sistant seulement \u00e0 l&#8217;\u00e9raflure, mais aussi \u00e0 l&#8217;abrasion, lui permettant de ne pas s&#8217;ab\u00eemer m\u00eame s&#8217;il est soumis \u00e0 un contact et \u00e0 un frottement r\u00e9p\u00e9t\u00e9 avec d&#8217;autres objets ou mat\u00e9riaux.<\/span><\/p>\n\t\t\t\t\t\t\t\t<\/div>\n\t\t\t\t<\/div>\n\t\t\t\t<\/div>\n\t\t<div class=\"elementor-element elementor-element-bc7bb42 e-con-full e-flex e-con e-child\" data-id=\"bc7bb42\" data-element_type=\"container\" data-e-type=\"container\" data-settings=\"{&quot;jet_parallax_layout_list&quot;:[]}\">\n\t\t\t\t<div class=\"elementor-element elementor-element-c4b664f dce_masking-none elementor-widget elementor-widget-image\" data-id=\"c4b664f\" data-element_type=\"widget\" data-e-type=\"widget\" data-widget_type=\"image.default\">\n\t\t\t\t<div class=\"elementor-widget-container\">\n\t\t\t\t\t\t\t\t\t\t\t\t\t\t\t<img loading=\"lazy\" decoding=\"async\" width=\"150\" height=\"150\" src=\"https:\/\/www.tagina.it\/tag21\/tg21-cont\/uploads\/2024\/02\/Abrasione-1.jpg\" class=\"attachment-thumbnail size-thumbnail wp-image-13337\" alt=\"\" \/>\t\t\t\t\t\t\t\t\t\t\t\t\t\t\t<\/div>\n\t\t\t\t<\/div>\n\t\t\t\t<div class=\"elementor-element elementor-element-7972526 elementor-widget elementor-widget-text-editor\" data-id=\"7972526\" data-element_type=\"widget\" data-e-type=\"widget\" data-widget_type=\"text-editor.default\">\n\t\t\t\t<div class=\"elementor-widget-container\">\n\t\t\t\t\t\t\t\t\t<p>&nbsp;<\/p>\n<p><span style=\"color: #313740;\"><strong>R\u00e9sistant \u00e0 la flexion<\/strong> : le gr\u00e8s c\u00e9rame est capable de r\u00e9sister \u00e0 des niveaux de tension \u00e9lev\u00e9s sans se casser.<\/span><\/p>\n\t\t\t\t\t\t\t\t<\/div>\n\t\t\t\t<\/div>\n\t\t\t\t<\/div>\n\t\t<div class=\"elementor-element elementor-element-cadff76 e-con-full e-flex e-con e-child\" data-id=\"cadff76\" data-element_type=\"container\" data-e-type=\"container\" data-settings=\"{&quot;jet_parallax_layout_list&quot;:[]}\">\n\t\t\t\t<div class=\"elementor-element elementor-element-4febec1 dce_masking-none elementor-widget elementor-widget-image\" data-id=\"4febec1\" data-element_type=\"widget\" data-e-type=\"widget\" data-widget_type=\"image.default\">\n\t\t\t\t<div class=\"elementor-widget-container\">\n\t\t\t\t\t\t\t\t\t\t\t\t\t\t\t<img loading=\"lazy\" decoding=\"async\" width=\"150\" height=\"150\" src=\"https:\/\/www.tagina.it\/tag21\/tg21-cont\/uploads\/2024\/02\/gelo.jpg\" class=\"attachment-thumbnail size-thumbnail wp-image-13476\" alt=\"\" \/>\t\t\t\t\t\t\t\t\t\t\t\t\t\t\t<\/div>\n\t\t\t\t<\/div>\n\t\t\t\t<div class=\"elementor-element elementor-element-4f3274e elementor-widget elementor-widget-text-editor\" data-id=\"4f3274e\" data-element_type=\"widget\" data-e-type=\"widget\" data-widget_type=\"text-editor.default\">\n\t\t\t\t<div class=\"elementor-widget-container\">\n\t\t\t\t\t\t\t\t\t<p>&nbsp;<\/p>\n<p><span style=\"color: #313740;\"><strong>R\u00e9sistant au gel<\/strong>: le gr\u00e8s c\u00e9rame r\u00e9siste parfaitement au gel, aux changements de temp\u00e9rature et \u00e0 l&#8217;impact des agents atmosph\u00e9riques, c&#8217;est un mat\u00e9riau id\u00e9al \u00e0 utiliser \u00e9galement pour le rev\u00eatement d&#8217;espaces ext\u00e9rieurs, car ses caract\u00e9ristiques permettent de ne pas endommager la structure du carreau, m\u00eame s&#8217;il est soumis \u00e0 des contraintes thermiques intenses ou \u00e0 une forte pr\u00e9sence d&#8217;eau.\u00a0<\/span><\/p>\n\t\t\t\t\t\t\t\t<\/div>\n\t\t\t\t<\/div>\n\t\t\t\t<\/div>\n\t\t\t\t\t<\/div>\n\t\t\t\t<\/div>\n\t\t<div class=\"elementor-element elementor-element-44434e5 e-flex e-con-boxed e-con e-parent\" data-id=\"44434e5\" data-element_type=\"container\" data-e-type=\"container\" data-settings=\"{&quot;jet_parallax_layout_list&quot;:[]}\">\n\t\t\t\t\t<div class=\"e-con-inner\">\n\t\t<div class=\"elementor-element elementor-element-606dda0 e-flex e-con-boxed e-con e-child\" data-id=\"606dda0\" data-element_type=\"container\" data-e-type=\"container\" data-settings=\"{&quot;jet_parallax_layout_list&quot;:[]}\">\n\t\t\t\t\t<div class=\"e-con-inner\">\n\t\t\t\t<div data-dce-text-color=\"#313740\" class=\"elementor-element elementor-element-5ff65e8 elementor-widget elementor-widget-text-editor\" data-id=\"5ff65e8\" data-element_type=\"widget\" data-e-type=\"widget\" data-widget_type=\"text-editor.default\">\n\t\t\t\t<div class=\"elementor-widget-container\">\n\t\t\t\t\t\t\t\t\t<p><span style=\"color: #313740;\">Les carreaux en gr\u00e8s c\u00e9rame, en plus d\u2019\u00eatre performants du point de vue technique, <strong>sont \u00e9galement extr\u00eamement raffin\u00e9s du point de vue esth\u00e9tique<\/strong>, gr\u00e2ce aux techniques actuelles d\u2019impression jet d\u2019encre qui permettent d\u2019obtenir des r\u00e9sultats extr\u00eamement r\u00e9alistes du point de vue des couleurs, de la sensation au toucher et de la texture. De plus, les carreaux en gr\u00e8s c\u00e9rame sont aujourd&#8217;hui disponibles dans une large gamme de tailles et d&#8217;\u00e9paisseurs : il est donc possible de choisir des <strong>dalles de grand format<\/strong> (160 x 320 cm, tout \u00e0 fait similaires aux dalles de marbre ou de granit normalement utilis\u00e9es dans la construction), ou d&#8217;opter pour des carreaux plus petits, \u00e0 utiliser pour cr\u00e9er des effets de pose particuliers. M\u00eame en ce qui concerne les \u00e9paisseurs, il est possible de passer de <span style=\"text-decoration: underline;\"><strong><a style=\"color: #313740; text-decoration: underline;\" href=\"https:\/\/news.tagina.it\/fr\/le-gr\u00e8s-c\u00e9rame-fin-un-alli\u00e9-pour-la-r\u00e9novation\">dalles ultra-minces<\/a><\/strong><\/span> d&#8217;une \u00e9paisseur de seulement 6 mm, l\u00e9g\u00e8res et id\u00e9ales \u00e0 utiliser pour le rev\u00eatement de sols pr\u00e9existants, \u00e0 des plaques de 20 mm ou plus d&#8217;\u00e9paisseur, adapt\u00e9es \u00e0 la production de tables et d\u2019accessoires d\u2019ameublement ou pour le rev\u00eatement de surfaces soumises \u00e0 d&#8217;importantes contraintes (espaces ouverts au public, zones commerciales, zones carrossables).<\/span><\/p>\n\t\t\t\t\t\t\t\t<\/div>\n\t\t\t\t<\/div>\n\t\t\t\t\t<\/div>\n\t\t\t\t<\/div>\n\t\t\t\t\t<\/div>\n\t\t\t\t<\/div>\n\t\t<div class=\"elementor-element elementor-element-0946a5f e-con-full e-flex e-con e-parent\" data-id=\"0946a5f\" data-element_type=\"container\" data-e-type=\"container\" data-settings=\"{&quot;jet_parallax_layout_list&quot;:[]}\">\n\t\t\t\t<div class=\"elementor-element elementor-element-e68c537 elementor-widget elementor-widget-spacer\" data-id=\"e68c537\" data-element_type=\"widget\" data-e-type=\"widget\" data-widget_type=\"spacer.default\">\n\t\t\t\t<div class=\"elementor-widget-container\">\n\t\t\t\t\t\t\t<div class=\"elementor-spacer\">\n\t\t\t<div class=\"elementor-spacer-inner\"><\/div>\n\t\t<\/div>\n\t\t\t\t\t\t<\/div>\n\t\t\t\t<\/div>\n\t\t\t\t<\/div>\n\t\t<div class=\"elementor-element elementor-element-ee4c88c e-flex e-con-boxed e-con e-parent\" data-id=\"ee4c88c\" data-element_type=\"container\" data-e-type=\"container\" data-settings=\"{&quot;jet_parallax_layout_list&quot;:[]}\">\n\t\t\t\t\t<div class=\"e-con-inner\">\n\t\t\t\t<div data-dce-text-color=\"#313740\" class=\"elementor-element elementor-element-3c4de79 elementor-widget elementor-widget-text-editor\" data-id=\"3c4de79\" data-element_type=\"widget\" data-e-type=\"widget\" data-widget_type=\"text-editor.default\">\n\t\t\t\t<div class=\"elementor-widget-container\">\n\t\t\t\t\t\t\t\t\t<h2 style=\"padding-left: 40px;\"><span style=\"color: #313740; font-size: 24pt;\"><strong>2. Pourquoi choisir le gr\u00e8s c\u00e9rame<\/strong> <\/span><\/h2>\n<p><span style=\"color: #313740;\">Le gr\u00e8s c\u00e9rame, gr\u00e2ce \u00e0 ses caract\u00e9ristiques techniques et esth\u00e9tiques, est le mat\u00e9riau parfait \u00e0 utiliser dans les<strong><span style=\"text-decoration: underline;\"> <a style=\"color: #313740; text-decoration: underline;\" href=\"https:\/\/news.tagina.it\/fr\/pas-seulement-la-maison-le-gr\u00e8s-c\u00e9rame-pour-les-espaces-publics\">environnements domestiques, mais aussi pour le rev\u00eatement de sols d&#8217;espaces ext\u00e9rieurs, de jardins et de terrasses ou de b\u00e2timents ouverts au public<\/a><\/span>.<\/strong> <\/span><br \/><span style=\"color: #313740;\">Les <span style=\"text-decoration: underline;\"><a style=\"color: #313740; text-decoration: underline;\" href=\"https:\/\/news.tagina.it\/fr\/5-caract\u00e9ristiques-techniques-du-gr\u00e8s-c\u00e9rame\">avantages<\/a><\/span> garantis par l&#8217;utilisation de ce mat\u00e9riel sont vraiment innombrables :<\/span><\/p>\n<ul>\n<li><span style=\"color: #313740;\">Le gr\u00e8s c\u00e9rame reproduit les caract\u00e9ristiques des mat\u00e9riaux naturels les plus beaux et les plus pr\u00e9cieux : gr\u00e2ce \u00e0 l&#8217;\u00e9volution actuelle des technologies d&#8217;impression, le gr\u00e8s c\u00e9rame est aujourd&#8217;hui le substitut parfait \u00e0 d&#8217;innombrables mat\u00e9riaux naturels traditionnellement utilis\u00e9s dans la construction, dont la pierre, le marbre, le bois, l\u2019onyx et bien d&#8217;autres. Sur le plan esth\u00e9tique, il est presque impossible de distinguer \u00e0 premi\u00e8re vue une dalle en <span style=\"text-decoration: underline;\"><a style=\"color: #313740; text-decoration: underline;\" href=\"https:\/\/news.tagina.it\/fr\/pierre-naturelle-ou-gr\u00e8s-c\u00e9rame-\">gr\u00e8s c\u00e9rame effet pierre d&#8217;une dalle en pierre<\/a><\/span>, ou une dalle en <span style=\"text-decoration: underline;\"><a style=\"color: #313740; text-decoration: underline;\" href=\"https:\/\/news.tagina.it\/fr\/gr\u00e8s-c\u00e9rame-effet-bois-cest-pourquoi-le-choisir\">gr\u00e8s c\u00e9rame effet bois d&#8217;un parquet d&#8217;origine,<\/a><\/span>\u00a0puisque tous les veines, les n\u0153uds, la rugosit\u00e9, la brillance et la texture sont reproduits avec une extr\u00eame fid\u00e9lit\u00e9.<\/span><\/li>\n<li><span style=\"color: #313740;\"><strong>Le gr\u00e8s c\u00e9rame ne n\u00e9cessite aucun entretien<\/strong> : comme nous l&#8217;avons vu, les carreaux obtenus par le processus de gr\u00e9sification sont capables de r\u00e9sister de mani\u00e8re excellente \u00e0 d&#8217;innombrables types de contraintes : ils supportent des charges importantes sans se casser, ils ne se cassent pas s&#8217;ils sont soumis \u00e0 la flexion et leur surface vitrifi\u00e9e r\u00e9siste de mani\u00e8re optimale \u00e0 l\u2019abrasion. Cela signifie que le gr\u00e8s c\u00e9rame, une fois install\u00e9, ne n\u00e9cessite aucun type d&#8217;entretien, et qu&#8217;il conserve ses caract\u00e9ristiques dans le temps sans avoir \u00e0 effectuer d&#8217;interventions particuli\u00e8res pour pr\u00e9server son aspect d&#8217;origine.<\/span><\/li>\n<li><span style=\"color: #313740;\">Le gr\u00e8s c\u00e9rame <strong>est facile \u00e0 nettoyer et \u00e0 d\u00e9sinfecter<\/strong> : le gr\u00e8s c\u00e9rame, gr\u00e2ce \u00e0 sa faible porosit\u00e9 qui le rend en fait <strong>imperm\u00e9able<\/strong>, est un mat\u00e9riau extr\u00eamement facile \u00e0 nettoyer, car tous les agents externes qui s&#8217;y d\u00e9posent ne sont pas absorb\u00e9s par le carreau, mais restent \u00e0 la surface. Le bois est un mat\u00e9riau vivant, qui se modifie physiologiquement au fil du temps, et le marbre est un mat\u00e9riau sensible \u00e0 l&#8217;action des acides qui peuvent l&#8217;ab\u00eemer de mani\u00e8re permanente : le gr\u00e8s c\u00e9rame, en revanche, est un mat\u00e9riau stable qui n&#8217;est endommag\u00e9 ni par les liquides, ni par les graisses, ni par les acides, et qui peut \u00eatre nettoy\u00e9 sans effort en utilisant de simples d\u00e9tergents neutres. De plus, le gr\u00e8s c\u00e9rame, \u00e9tant r\u00e9sistant \u00e0 l&#8217;eau, est un mat\u00e9riau qui emp\u00eache l\u2019encrassement de la moisissure et peut \u00eatre facilement d\u00e9sinfect\u00e9 pour \u00e9viter la prolif\u00e9ration de micro-organismes et de bact\u00e9ries potentiellement dangereux. <\/span><\/li>\n<li><span style=\"color: #313740;\">C&#8217;est un <span style=\"text-decoration: underline;\"><a style=\"color: #313740; text-decoration: underline;\" href=\"https:\/\/news.tagina.it\/fr\/esth\u00e9tique-fonctionnalit\u00e9-et-durabilit\u00e9\">mat\u00e9riau durable du point de vue environnemental<\/a><\/span> : en effet, les carreaux en gr\u00e8s sont produits par des<strong> proc\u00e9d\u00e9s non polluants qui n&#8217;ont pas d&#8217;impact drastique sur le territoire<\/strong>, contrairement \u00e0 une carri\u00e8re de marbre, par exemple. De plus, le gr\u00e8s c\u00e9rame, \u00e9tant un <strong>bon conducteur de chaleur<\/strong>, peut jouer un r\u00f4le important dans la r\u00e9duction de la consommation d&#8217;\u00e9nergie d&#8217;une maison : l\u2019utilisation de carreaux en gr\u00e8s c\u00e9rame en combinaison avec un syst\u00e8me de chauffage au sol permet, en effet, d&#8217;optimiser les performances de l&#8217;installation et donc de r\u00e9duire la consommation d&#8217;\u00e9nergie et les \u00e9missions nocives, avec des avantages \u00e9vidents non seulement pour les habitants de la maison, mais aussi pour l\u2019environnement.<\/span><\/li>\n<\/ul>\n\t\t\t\t\t\t\t\t<\/div>\n\t\t\t\t<\/div>\n\t\t\t\t\t<\/div>\n\t\t\t\t<\/div>\n\t\t<div class=\"elementor-element elementor-element-fe81156 e-flex e-con-boxed e-con e-parent\" data-id=\"fe81156\" data-element_type=\"container\" data-e-type=\"container\" data-settings=\"{&quot;jet_parallax_layout_list&quot;:[]}\">\n\t\t\t\t\t<div class=\"e-con-inner\">\n\t\t\t\t<div class=\"elementor-element elementor-element-7483ec8 elementor-widget elementor-widget-spacer\" data-id=\"7483ec8\" data-element_type=\"widget\" data-e-type=\"widget\" data-widget_type=\"spacer.default\">\n\t\t\t\t<div class=\"elementor-widget-container\">\n\t\t\t\t\t\t\t<div class=\"elementor-spacer\">\n\t\t\t<div class=\"elementor-spacer-inner\"><\/div>\n\t\t<\/div>\n\t\t\t\t\t\t<\/div>\n\t\t\t\t<\/div>\n\t\t\t\t\t<\/div>\n\t\t\t\t<\/div>\n\t\t<div class=\"elementor-element elementor-element-3c63997 e-flex e-con-boxed e-con e-parent\" data-id=\"3c63997\" data-element_type=\"container\" data-e-type=\"container\" data-settings=\"{&quot;jet_parallax_layout_list&quot;:[]}\">\n\t\t\t\t\t<div class=\"e-con-inner\">\n\t\t\t\t<div data-dce-text-color=\"#313740\" class=\"elementor-element elementor-element-18d1db1 elementor-widget elementor-widget-text-editor\" data-id=\"18d1db1\" data-element_type=\"widget\" data-e-type=\"widget\" data-widget_type=\"text-editor.default\">\n\t\t\t\t<div class=\"elementor-widget-container\">\n\t\t\t\t\t\t\t\t\t<h2 style=\"padding-left: 40px;\"><span style=\"color: #313740; font-size: 24pt;\"><strong>3. Pose, nettoyage et entretien du gr\u00e8s c\u00e9rame<\/strong><\/span><\/h2>\n<p><span style=\"color: #313740;\">Le gr\u00e8s c\u00e9rame, comme nous l&#8217;avons vu, est un mat\u00e9riau r\u00e9sistant et <span style=\"text-decoration: underline;\"><a style=\"color: #313740; text-decoration: underline;\" href=\"https:\/\/news.tagina.it\/fr\/nettoyage-et-entretien-du-gr\u00e8s-c\u00e9rame\">facile \u00e0 nettoyer,<\/a><\/span>\u00a0qui gr\u00e2ce \u00e0 son imperm\u00e9abilit\u00e9 <strong>conserve ses caract\u00e9ristiques esth\u00e9tiques dans le temps sans n\u00e9cessiter d&#8217;entretien particulier<\/strong>.<\/span><br \/><span style=\"color: #313740;\">Pour qu&#8217;un sol en gr\u00e8s c\u00e9rame reste beau et brillant longtemps, il suffit d&#8217;enlever les r\u00e9sidus (poussi\u00e8re, cheveux, poils d&#8217;animaux\u2026) d\u00e9pos\u00e9s \u00e0 sa surface \u00e0 l&#8217;aide d&#8217;un aspirateur, d&#8217;un balai ou d&#8217;un chiffon anti-poussi\u00e8re, puis de passer au <strong>lavage \u00e0 l&#8217;eau ti\u00e8de et au d\u00e9tergent pour sols en c\u00e9ramique<\/strong>. Alternativement, il est \u00e9galement possible d&#8217;utiliser de l&#8217;ammoniaque simple, de l\u2019eau de javel ou de l&#8217;alcool, tous les produits qui garantissent des r\u00e9sultats optimaux du point de vue de l&#8217;hygi\u00e8ne et de la propret\u00e9 et qui peuvent \u00eatre utilis\u00e9s en petites quantit\u00e9s (une utilisation excessive de d\u00e9tergent, en effet, risque de produire des aur\u00e9oles et donc d&#8217;\u00eatre contre-productif). Le lavage peut \u00eatre effectu\u00e9 avec un simple chiffon doux, sans utiliser de brosses ou d&#8217;autres outils abrasifs, et ne n\u00e9cessite pas l\u2019utilisation d&#8217;additifs, de cires ou d&#8217;autres produits de polissage.<\/span><br \/><span style=\"color: #313740;\">Il est important de se rappeler que ces indications s&#8217;appliquent \u00e0 tout type de gr\u00e8s, ind\u00e9pendamment de sa texture ou de sa finition : aussi bien les carreaux lisses que les carreaux rugueux, aussi bien les carreaux brillants que les carreaux opaques, aussi bien les carreaux effet bois que les carreaux effet pierre n\u00e9cessitent le m\u00eame type d&#8217;intervention. Cela signifie que, quel que soit le style de votre maison et le type de carrelage choisi, tous les sols en gr\u00e8s c\u00e9rame peuvent \u00eatre lav\u00e9s facilement et fr\u00e9quemment, obtenant d&#8217;excellents r\u00e9sultats en termes d&#8217;hygi\u00e8ne, d&#8217;esth\u00e9tique et de fonctionnalit\u00e9.<\/span><br \/><span style=\"color: #313740;\">Il n&#8217;y a qu&#8217;un seul moment o\u00f9 les sols en gr\u00e8s c\u00e9rame n\u00e9cessitent un nettoyage plus approfondi, g\u00e9n\u00e9ralement effectu\u00e9 par des professionnels exp\u00e9riment\u00e9s : il s&#8217;agit du <strong>premier nettoyage imm\u00e9diatement apr\u00e8s la pose des carreaux<\/strong>. En effet, <span style=\"text-decoration: underline;\"><a style=\"color: #313740; text-decoration: underline;\" href=\"https:\/\/news.tagina.it\/fr\/la-pose-des-sols-en-gr\u00e8s-c\u00e9rame\">la pose du gr\u00e8s c\u00e9rame<\/a><\/span> n\u00e9cessite l&#8217;utilisation de colles sp\u00e9ciales ou de mortiers de ciment qui doivent \u00eatre appliqu\u00e9s sur une chape lisse et plane, sur laquelle sont ensuite pos\u00e9es les dalles en gr\u00e8s. Une fois les carreaux pos\u00e9s et les joints coll\u00e9s, il est n\u00e9cessaire de proc\u00e9der \u00e0 <strong>un premier lavage de la surface carrel\u00e9e \u00e0 l&#8217;aide d&#8217;un d\u00e9tergent \u00e0 base d&#8217;acide dilu\u00e9 dans de l&#8217;eau<\/strong>. Le liquide doit \u00eatre laiss\u00e9 agir pendant quelques minutes, puis soigneusement retir\u00e9 avec de l&#8217;eau ti\u00e8de propre ou avec des machines d&#8217;aspiration d&#8217;eau sp\u00e9ciales, ce qui permet d&#8217;obtenir un r\u00e9sultat nettement plus pr\u00e9cis en moins de temps et avec moins d&#8217;effort.<\/span><\/p>\n\t\t\t\t\t\t\t\t<\/div>\n\t\t\t\t<\/div>\n\t\t\t\t\t<\/div>\n\t\t\t\t<\/div>\n\t\t<div class=\"elementor-element elementor-element-6630af1 e-flex e-con-boxed e-con e-parent\" data-id=\"6630af1\" data-element_type=\"container\" data-e-type=\"container\" data-settings=\"{&quot;jet_parallax_layout_list&quot;:[]}\">\n\t\t\t\t\t<div class=\"e-con-inner\">\n\t\t\t\t<div class=\"elementor-element elementor-element-877e1bd elementor-widget elementor-widget-spacer\" data-id=\"877e1bd\" data-element_type=\"widget\" data-e-type=\"widget\" data-widget_type=\"spacer.default\">\n\t\t\t\t<div class=\"elementor-widget-container\">\n\t\t\t\t\t\t\t<div class=\"elementor-spacer\">\n\t\t\t<div class=\"elementor-spacer-inner\"><\/div>\n\t\t<\/div>\n\t\t\t\t\t\t<\/div>\n\t\t\t\t<\/div>\n\t\t\t\t\t<\/div>\n\t\t\t\t<\/div>\n\t\t<div class=\"elementor-element elementor-element-b6e4cfe e-flex e-con-boxed e-con e-parent\" data-id=\"b6e4cfe\" data-element_type=\"container\" data-e-type=\"container\" data-settings=\"{&quot;jet_parallax_layout_list&quot;:[]}\">\n\t\t\t\t\t<div class=\"e-con-inner\">\n\t\t<div class=\"elementor-element elementor-element-df297d5 e-con-full e-flex e-con e-child\" data-id=\"df297d5\" data-element_type=\"container\" data-e-type=\"container\" data-settings=\"{&quot;jet_parallax_layout_list&quot;:[]}\">\n\t\t\t\t<div data-dce-text-color=\"#313740\" class=\"elementor-element elementor-element-2dba98a elementor-widget elementor-widget-text-editor\" data-id=\"2dba98a\" data-element_type=\"widget\" data-e-type=\"widget\" data-widget_type=\"text-editor.default\">\n\t\t\t\t<div class=\"elementor-widget-container\">\n\t\t\t\t\t\t\t\t\t<h2 style=\"padding-left: 40px;\"><span style=\"font-size: 24pt;\"><strong><span style=\"color: #313740;\">4. Concevoir avec du gr\u00e8s : un mat\u00e9riau polyvalent qui met en valeur chaque style d&#8217;ameublement<\/span><\/strong><\/span><\/h2>\n<p><span style=\"color: #313740;\">Quel que soit le type de maison que vous concevez, le gr\u00e8s c\u00e9rame est le mat\u00e9riau de rev\u00eatement parfait pour le r\u00e9aliser. En effet, le gr\u00e8s est disponible dans <span style=\"text-decoration: underline;\"><a style=\"color: #313740; text-decoration: underline;\" href=\"https:\/\/news.tagina.it\/fr\/les-mille-couleurs-du-gr\u00e8s-c\u00e9rame\"><strong>une gamme de couleurs pratiquement infinie<\/strong><\/a><\/span>, et il n&#8217;y a pas de limite \u00e0 la quantit\u00e9 de <strong>combinaisons<\/strong> et <strong>d&#8217;effets<\/strong> qui peuvent \u00eatre cr\u00e9\u00e9s en utilisant des carreaux aux caract\u00e9ristiques similaires ou, au contraire, contrastant par la couleur et la texture.<\/span><\/p>\n<p><span style=\"color: #313740;\"><strong>Les carreaux, les sols et les rev\u00eatements jouent un r\u00f4le essentiel dans la mise en valeur du style d&#8217;une maison<\/strong>. C&#8217;est pourquoi, au moment de leur choix, il est essentiel de s&#8217;orienter vers des solutions capables de s&#8217;harmoniser avec votre go\u00fbt et vos pr\u00e9f\u00e9rences, en raisonnant donc imm\u00e9diatement en fonction du r\u00e9sultat que vous souhaitez obtenir une fois la maison meubl\u00e9e et achev\u00e9e.<\/span><\/p>\n\t\t\t\t\t\t\t\t<\/div>\n\t\t\t\t<\/div>\n\t\t\t\t<\/div>\n\t\t<div class=\"elementor-element elementor-element-fbafb30 e-con-full e-flex e-con e-child\" data-id=\"fbafb30\" data-element_type=\"container\" data-e-type=\"container\" data-settings=\"{&quot;jet_parallax_layout_list&quot;:[]}\">\n\t\t\t\t<div class=\"elementor-element elementor-element-81f361d dce_masking-none elementor-widget elementor-widget-image\" data-id=\"81f361d\" data-element_type=\"widget\" data-e-type=\"widget\" data-widget_type=\"image.default\">\n\t\t\t\t<div class=\"elementor-widget-container\">\n\t\t\t\t\t\t\t\t\t\t\t\t\t\t\t<img loading=\"lazy\" decoding=\"async\" width=\"800\" height=\"640\" src=\"https:\/\/www.tagina.it\/tag21\/tg21-cont\/uploads\/2024\/02\/colori-e-stili-tagina2-1-1024x819.jpg\" class=\"attachment-large size-large wp-image-13401\" alt=\"\" srcset=\"https:\/\/www.tagina.it\/tag21\/tg21-cont\/uploads\/2024\/02\/colori-e-stili-tagina2-1-1024x819.jpg 1024w, https:\/\/www.tagina.it\/tag21\/tg21-cont\/uploads\/2024\/02\/colori-e-stili-tagina2-1-300x240.jpg 300w, https:\/\/www.tagina.it\/tag21\/tg21-cont\/uploads\/2024\/02\/colori-e-stili-tagina2-1-768x614.jpg 768w, https:\/\/www.tagina.it\/tag21\/tg21-cont\/uploads\/2024\/02\/colori-e-stili-tagina2-1-1536x1228.jpg 1536w, https:\/\/www.tagina.it\/tag21\/tg21-cont\/uploads\/2024\/02\/colori-e-stili-tagina2-1-2048x1637.jpg 2048w\" sizes=\"auto, (max-width: 800px) 100vw, 800px\" \/>\t\t\t\t\t\t\t\t\t\t\t\t\t\t\t<\/div>\n\t\t\t\t<\/div>\n\t\t\t\t<\/div>\n\t\t<div class=\"elementor-element elementor-element-faa52c8 e-con-full e-flex e-con e-child\" data-id=\"faa52c8\" data-element_type=\"container\" data-e-type=\"container\" data-settings=\"{&quot;jet_parallax_layout_list&quot;:[]}\">\n\t\t\t\t<div class=\"elementor-element elementor-element-3b20a8e dce_masking-none elementor-widget elementor-widget-image\" data-id=\"3b20a8e\" data-element_type=\"widget\" data-e-type=\"widget\" data-widget_type=\"image.default\">\n\t\t\t\t<div class=\"elementor-widget-container\">\n\t\t\t\t\t\t\t\t\t\t\t\t\t\t\t<img loading=\"lazy\" decoding=\"async\" width=\"800\" height=\"640\" src=\"https:\/\/www.tagina.it\/tag21\/tg21-cont\/uploads\/2024\/02\/colori-e-stili-tagina2-1024x819.jpg\" class=\"attachment-large size-large wp-image-13359\" alt=\"\" srcset=\"https:\/\/www.tagina.it\/tag21\/tg21-cont\/uploads\/2024\/02\/colori-e-stili-tagina2-1024x819.jpg 1024w, https:\/\/www.tagina.it\/tag21\/tg21-cont\/uploads\/2024\/02\/colori-e-stili-tagina2-300x240.jpg 300w, https:\/\/www.tagina.it\/tag21\/tg21-cont\/uploads\/2024\/02\/colori-e-stili-tagina2-768x614.jpg 768w, https:\/\/www.tagina.it\/tag21\/tg21-cont\/uploads\/2024\/02\/colori-e-stili-tagina2-1536x1228.jpg 1536w, https:\/\/www.tagina.it\/tag21\/tg21-cont\/uploads\/2024\/02\/colori-e-stili-tagina2-2048x1637.jpg 2048w\" sizes=\"auto, (max-width: 800px) 100vw, 800px\" \/>\t\t\t\t\t\t\t\t\t\t\t\t\t\t\t<\/div>\n\t\t\t\t<\/div>\n\t\t\t\t<\/div>\n\t\t<div class=\"elementor-element elementor-element-b0dbce1 e-con-full e-flex e-con e-child\" data-id=\"b0dbce1\" data-element_type=\"container\" data-e-type=\"container\" data-settings=\"{&quot;jet_parallax_layout_list&quot;:[]}\">\n\t\t\t\t<div data-dce-text-color=\"#313740\" class=\"elementor-element elementor-element-3ad3adf elementor-widget elementor-widget-text-editor\" data-id=\"3ad3adf\" data-element_type=\"widget\" data-e-type=\"widget\" data-widget_type=\"text-editor.default\">\n\t\t\t\t<div class=\"elementor-widget-container\">\n\t\t\t\t\t\t\t\t\t<p><span style=\"color: #313740;\">\u00c0 cet \u00e9gard, <span style=\"text-decoration: underline;\"><a style=\"color: #313740; text-decoration: underline;\" href=\"https:\/\/news.tagina.it\/fr\/suggestions-pour-le-match-entre-couleurs-et-style-tagina\"><strong>les styles dont il faut s&#8217;inspirer sont vraiment nombreux<\/strong><\/a><\/span>, et <strong>le gr\u00e8s c\u00e9rame est en mesure de r\u00e9pondre \u00e0 tous les besoins<\/strong> : ceux qui aiment les couleurs vives, satur\u00e9es et pop pourront trouver des carreaux en gr\u00e8s c\u00e9rame capables de r\u00e9pondre parfaitement \u00e0 leur d\u00e9sir de couleurs vives, tandis que ceux qui recherchent des solutions qui rappellent les mat\u00e9riaux et les textures naturelles pourront choisir parmi d&#8217;infinies combinaisons de gr\u00e8s c\u00e9rame effet bois ou pierre. La polyvalence du gr\u00e8s permet \u00e0 ce mat\u00e9riau de <strong>connoter chaque environnement de mani\u00e8re unique<\/strong>, en s&#8217;adaptant aux caract\u00e9ristiques des styles les plus classiques et rustiques, ainsi qu&#8217;aux tendances du style scandinave, industriel ou boho chic.<\/span><\/p>\n<p><span style=\"color: #313740;\">La possibilit\u00e9 de s&#8217;orienter sur des carreaux qui reproduisent aussi bien les veines classiques du marbre que le ciment ou le m\u00e9tal, et qui sont disponibles dans une tr\u00e8s large gamme de couleurs, garantit une<strong> libert\u00e9 cr\u00e9ative<\/strong> maximale et permet d&#8217;obtenir des<strong> r\u00e9sultats d&#8217;un grand effet<\/strong>, en cr\u00e9ant \u00e9galement des rappels et des r\u00e9sonances entre les diff\u00e9rentes pi\u00e8ces de la maison, ou en mettant en dialogue les espaces int\u00e9rieurs et ext\u00e9rieurs.<\/span><\/p>\n\t\t\t\t\t\t\t\t<\/div>\n\t\t\t\t<\/div>\n\t\t\t\t<\/div>\n\t\t\t\t\t<\/div>\n\t\t\t\t<\/div>\n\t\t<div class=\"elementor-element elementor-element-78cce75 e-flex e-con-boxed e-con e-parent\" data-id=\"78cce75\" data-element_type=\"container\" data-e-type=\"container\" data-settings=\"{&quot;jet_parallax_layout_list&quot;:[]}\">\n\t\t\t\t\t<div class=\"e-con-inner\">\n\t\t\t\t<div class=\"elementor-element elementor-element-beed088 elementor-widget elementor-widget-spacer\" data-id=\"beed088\" data-element_type=\"widget\" data-e-type=\"widget\" data-widget_type=\"spacer.default\">\n\t\t\t\t<div class=\"elementor-widget-container\">\n\t\t\t\t\t\t\t<div class=\"elementor-spacer\">\n\t\t\t<div class=\"elementor-spacer-inner\"><\/div>\n\t\t<\/div>\n\t\t\t\t\t\t<\/div>\n\t\t\t\t<\/div>\n\t\t\t\t\t<\/div>\n\t\t\t\t<\/div>\n\t\t<div class=\"elementor-element elementor-element-1b8746e e-flex e-con-boxed e-con e-parent\" data-id=\"1b8746e\" data-element_type=\"container\" data-e-type=\"container\" data-settings=\"{&quot;jet_parallax_layout_list&quot;:[]}\">\n\t\t\t\t\t<div class=\"e-con-inner\">\n\t\t\t\t\t<\/div>\n\t\t\t\t<\/div>\n\t\t<div class=\"elementor-element elementor-element-ec4d393 e-flex e-con-boxed e-con e-parent\" data-id=\"ec4d393\" data-element_type=\"container\" data-e-type=\"container\" data-settings=\"{&quot;jet_parallax_layout_list&quot;:[]}\">\n\t\t\t\t\t<div class=\"e-con-inner\">\n\t\t<div class=\"elementor-element elementor-element-4232ada e-con-full e-flex e-con e-child\" data-id=\"4232ada\" data-element_type=\"container\" data-e-type=\"container\" data-settings=\"{&quot;jet_parallax_layout_list&quot;:[]}\">\n\t\t\t\t<div data-dce-text-color=\"#313740\" class=\"elementor-element elementor-element-c6fdaf0 elementor-widget elementor-widget-text-editor\" data-id=\"c6fdaf0\" data-element_type=\"widget\" data-e-type=\"widget\" data-widget_type=\"text-editor.default\">\n\t\t\t\t<div class=\"elementor-widget-container\">\n\t\t\t\t\t\t\t\t\t<h2 style=\"padding-left: 40px;\"><span style=\"font-size: 24pt;\"><strong><span style=\"color: #313740;\">5. Le gr\u00e8s pour l\u2019ameublement : rev\u00eatements, \u00e9l\u00e9ments d\u2019ameublement et pi\u00e8ces sp\u00e9ciales<\/span><\/strong><\/span><\/h2>\n<p><span style=\"color: #313740;\">Le gr\u00e8s c\u00e9rame est un mat\u00e9riau largement utilis\u00e9 pour la r\u00e9alisation de sols, mais ce serait une erreur de croire que ses applications se limitent \u00e0 cela. Sa r\u00e9sistance, son imperm\u00e9abilit\u00e9, sa l\u00e9g\u00e8ret\u00e9 et son \u00e9l\u00e9gance font que le gr\u00e8s c\u00e9rame peut \u00eatre utilis\u00e9 avec succ\u00e8s <span style=\"text-decoration: underline;\"><a style=\"color: #313740; text-decoration: underline;\" href=\"https:\/\/news.tagina.it\/fr\/le-gr\u00e8s-c\u00e9rame-comme-un-\u00e9l\u00e9ment-dameublement\"><strong>comme v\u00e9ritable \u00e9l\u00e9ment d\u2019ameublement<\/strong><\/a><\/span> <strong>dans toutes les pi\u00e8ces de la maison<\/strong>, du salon \u00e0 la cuisine, en passant par la salle de bain, la terrasse ou la zone nuit.<\/span><\/p>\n<p><span style=\"color: #313740;\">Le gr\u00e8s c\u00e9rame, \u00e9galement gr\u00e2ce \u00e0 sa l\u00e9g\u00e8ret\u00e9 et \u00e0 sa disponibilit\u00e9 en dalles de grand format, peut \u00eatre utilis\u00e9 avec succ\u00e8s pour le <strong>rev\u00eatement des murs et des surfaces verticales<\/strong> : il peut donc \u00eatre appliqu\u00e9 sur les murs des salles de bains et des cuisines, o\u00f9 son imperm\u00e9abilit\u00e9 permet d&#8217;assurer des performances impeccables du point de vue de l&#8217;efficacit\u00e9 et de la facilit\u00e9 de nettoyage, mais aussi sur les <strong>murs int\u00e9rieurs, les portes de meubles ou les portes<\/strong>, pour obtenir des r\u00e9sultats exceptionnels du point de vue esth\u00e9tique. De cette fa\u00e7on, il est possible, par exemple, de masquer parfaitement une porte ou une armoire murale, en recouvrant simplement le battant ou les portes avec les m\u00eames carreaux que ceux utilis\u00e9s pour le mur dans lequel ils sont ins\u00e9r\u00e9s.<\/span><\/p>\n<p><span style=\"color: #313740;\">Une autre application tr\u00e8s int\u00e9ressante du gr\u00e8s c\u00e9rame concerne son utilisation pour la cr\u00e9ation <strong>de plans de travail, d&#8217;\u00eelots ou de tables pour la cuisine<\/strong>. En effet, les surfaces de ce type doivent \u00eatre capables de r\u00e9sister \u00e0 des contraintes de diff\u00e9rents types et de r\u00e9sister \u00e0 la coupure, \u00e0 la chute accidentelle d&#8217;objets lourds, \u00e0 l&#8217;effet corrosif des acides, au contact de surfaces bouillantes, etc. Le gr\u00e8s c\u00e9rame garantit d&#8217;excellentes performances \u00e0 cet \u00e9gard, et permet en outre de cr\u00e9er des combinaisons tr\u00e8s particuli\u00e8res : il est possible, par exemple, de cr\u00e9er des plans de travail ou des plans de table <strong>r\u00e9alis\u00e9s avec une seule plaque coup\u00e9e sur mesure, qui peut \u00eatre identique par sa couleur et sa texture aux carreaux choisis pour le sol<\/strong> de la pi\u00e8ce, cr\u00e9ant ainsi un <strong>effet de continuit\u00e9<\/strong> vraiment unique en son genre.<\/span><\/p>\n\t\t\t\t\t\t\t\t<\/div>\n\t\t\t\t<\/div>\n\t\t\t\t<\/div>\n\t\t<div class=\"elementor-element elementor-element-b7df682 e-con-full e-flex e-con e-child\" data-id=\"b7df682\" data-element_type=\"container\" data-e-type=\"container\" data-settings=\"{&quot;jet_parallax_layout_list&quot;:[]}\">\n\t\t\t\t<div class=\"elementor-element elementor-element-6a1a516 dce_masking-none elementor-widget elementor-widget-image\" data-id=\"6a1a516\" data-element_type=\"widget\" data-e-type=\"widget\" data-widget_type=\"image.default\">\n\t\t\t\t<div class=\"elementor-widget-container\">\n\t\t\t\t\t\t\t\t\t\t\t\t\t\t\t<img loading=\"lazy\" decoding=\"async\" width=\"2544\" height=\"2034\" src=\"https:\/\/www.tagina.it\/tag21\/tg21-cont\/uploads\/2024\/02\/colori-e-stili-tagina2-2.jpg\" class=\"attachment-full size-full wp-image-13423\" alt=\"\" srcset=\"https:\/\/www.tagina.it\/tag21\/tg21-cont\/uploads\/2024\/02\/colori-e-stili-tagina2-2.jpg 2544w, https:\/\/www.tagina.it\/tag21\/tg21-cont\/uploads\/2024\/02\/colori-e-stili-tagina2-2-300x240.jpg 300w, https:\/\/www.tagina.it\/tag21\/tg21-cont\/uploads\/2024\/02\/colori-e-stili-tagina2-2-1024x819.jpg 1024w, https:\/\/www.tagina.it\/tag21\/tg21-cont\/uploads\/2024\/02\/colori-e-stili-tagina2-2-768x614.jpg 768w, https:\/\/www.tagina.it\/tag21\/tg21-cont\/uploads\/2024\/02\/colori-e-stili-tagina2-2-1536x1228.jpg 1536w, https:\/\/www.tagina.it\/tag21\/tg21-cont\/uploads\/2024\/02\/colori-e-stili-tagina2-2-2048x1637.jpg 2048w\" sizes=\"auto, (max-width: 2544px) 100vw, 2544px\" \/>\t\t\t\t\t\t\t\t\t\t\t\t\t\t\t<\/div>\n\t\t\t\t<\/div>\n\t\t\t\t<\/div>\n\t\t<div class=\"elementor-element elementor-element-b8544ab e-con-full e-flex e-con e-child\" data-id=\"b8544ab\" data-element_type=\"container\" data-e-type=\"container\" data-settings=\"{&quot;jet_parallax_layout_list&quot;:[]}\">\n\t\t\t\t<div class=\"elementor-element elementor-element-2c80be4 dce_masking-none elementor-widget elementor-widget-image\" data-id=\"2c80be4\" data-element_type=\"widget\" data-e-type=\"widget\" data-widget_type=\"image.default\">\n\t\t\t\t<div class=\"elementor-widget-container\">\n\t\t\t\t\t\t\t\t\t\t\t\t\t\t\t<img loading=\"lazy\" decoding=\"async\" width=\"800\" height=\"640\" src=\"https:\/\/www.tagina.it\/tag21\/tg21-cont\/uploads\/2024\/02\/colori-e-stili-tagina3-1024x819.jpg\" class=\"attachment-large size-large wp-image-13439\" alt=\"\" srcset=\"https:\/\/www.tagina.it\/tag21\/tg21-cont\/uploads\/2024\/02\/colori-e-stili-tagina3-1024x819.jpg 1024w, https:\/\/www.tagina.it\/tag21\/tg21-cont\/uploads\/2024\/02\/colori-e-stili-tagina3-300x240.jpg 300w, https:\/\/www.tagina.it\/tag21\/tg21-cont\/uploads\/2024\/02\/colori-e-stili-tagina3-768x614.jpg 768w, https:\/\/www.tagina.it\/tag21\/tg21-cont\/uploads\/2024\/02\/colori-e-stili-tagina3-1536x1228.jpg 1536w, https:\/\/www.tagina.it\/tag21\/tg21-cont\/uploads\/2024\/02\/colori-e-stili-tagina3-2048x1637.jpg 2048w\" sizes=\"auto, (max-width: 800px) 100vw, 800px\" \/>\t\t\t\t\t\t\t\t\t\t\t\t\t\t\t<\/div>\n\t\t\t\t<\/div>\n\t\t\t\t<\/div>\n\t\t<div class=\"elementor-element elementor-element-900dff8 e-con-full e-flex e-con e-child\" data-id=\"900dff8\" data-element_type=\"container\" data-e-type=\"container\" data-settings=\"{&quot;jet_parallax_layout_list&quot;:[]}\">\n\t\t\t\t<div data-dce-text-color=\"#313740\" class=\"elementor-element elementor-element-0c5cf44 elementor-widget elementor-widget-text-editor\" data-id=\"0c5cf44\" data-element_type=\"widget\" data-e-type=\"widget\" data-widget_type=\"text-editor.default\">\n\t\t\t\t<div class=\"elementor-widget-container\">\n\t\t\t\t\t\t\t\t\t<p><span style=\"color: #313740;\">Les carreaux en gr\u00e8s c\u00e9rame peuvent \u00e9galement \u00eatre utilis\u00e9s avec succ\u00e8s pour le rev\u00eatement et la d\u00e9coration des murs ou des d\u00e9tails particuliers des pi\u00e8ces : il est possible, par exemple, de r\u00e9aliser des cadres ou d&#8217;autres \u00e9l\u00e9ments d\u00e9coratifs, \u00e9galement \u00e0 travers des <span style=\"text-decoration: underline;\"><a href=\"https:\/\/news.tagina.it\/fr\/les-pi\u00e8ces-sp\u00e9ciales-en-gr\u00e8s-c\u00e9rame\"><strong>pi\u00e8ces sp\u00e9ciales<\/strong><\/a><\/span> telles que les carreaux de mosa\u00efque, qui combinent des carreaux de gr\u00e8s c\u00e9rame plus petits de diff\u00e9rentes couleurs et finitions. Parmi les pi\u00e8ces sp\u00e9ciales, il existe \u00e9galement des<strong> accessoires sp\u00e9ciaux qui permettent d&#8217;am\u00e9liorer le rendu esth\u00e9tique de certains d\u00e9tails<\/strong>, tels que les couvre-angles triangulaires qui permettent de cr\u00e9er une parfaite continuit\u00e9 dans le rev\u00eatement des surfaces.<\/span><\/p>\n<p><span style=\"color: #313740;\">Le gr\u00e8s c\u00e9rame est \u00e9galement id\u00e9al pour le r<strong>ev\u00eatement de meubles, tables, bancs pour une utilisation en ext\u00e9rieur<\/strong>, car il ne craint pas l\u2019impact du soleil, du gel ou de la pluie, et pour des applications particuli\u00e8res, telles que la<span style=\"text-decoration: underline;\"><a style=\"color: #313740; text-decoration: underline;\" href=\"https:\/\/news.tagina.it\/fr\/le-partenaire-pour-votre-piscine\"><strong> finition des bords des piscines et des zones adjacentes au bassin<\/strong><\/a><\/span>. Dans ce cas \u00e9galement, la r\u00e9sistance et l\u2019imperm\u00e9abilit\u00e9 du gr\u00e8s, associ\u00e9es \u00e0 des traitements antid\u00e9rapants sp\u00e9ciaux, permettent d&#8217; obtenir des r\u00e9sultats parfaits du point de vue de l&#8217;esth\u00e9tique, de la durabilit\u00e9 et de la s\u00e9curit\u00e9, que ce soit dans le cas de piscines souterraines ou dans le cas de piscines souterraines ou hors sol.<\/span><\/p>\n\t\t\t\t\t\t\t\t<\/div>\n\t\t\t\t<\/div>\n\t\t\t\t<\/div>\n\t\t\t\t\t<\/div>\n\t\t\t\t<\/div>\n\t\t<div class=\"elementor-element elementor-element-d104176 e-flex e-con-boxed e-con e-parent\" data-id=\"d104176\" data-element_type=\"container\" data-e-type=\"container\" data-settings=\"{&quot;jet_parallax_layout_list&quot;:[]}\">\n\t\t\t\t\t<div class=\"e-con-inner\">\n\t\t\t\t<div class=\"elementor-element elementor-element-cda684d elementor-widget elementor-widget-spacer\" data-id=\"cda684d\" data-element_type=\"widget\" data-e-type=\"widget\" data-widget_type=\"spacer.default\">\n\t\t\t\t<div class=\"elementor-widget-container\">\n\t\t\t\t\t\t\t<div class=\"elementor-spacer\">\n\t\t\t<div class=\"elementor-spacer-inner\"><\/div>\n\t\t<\/div>\n\t\t\t\t\t\t<\/div>\n\t\t\t\t<\/div>\n\t\t\t\t\t<\/div>\n\t\t\t\t<\/div>\n\t\t<div class=\"elementor-element elementor-element-6850036 e-flex e-con-boxed e-con e-parent\" data-id=\"6850036\" data-element_type=\"container\" data-e-type=\"container\" data-settings=\"{&quot;jet_parallax_layout_list&quot;:[]}\">\n\t\t\t\t\t<div class=\"e-con-inner\">\n\t\t\t\t<div data-dce-text-color=\"#313740\" class=\"elementor-element elementor-element-cede08b elementor-widget elementor-widget-text-editor\" data-id=\"cede08b\" data-element_type=\"widget\" data-e-type=\"widget\" data-widget_type=\"text-editor.default\">\n\t\t\t\t<div class=\"elementor-widget-container\">\n\t\t\t\t\t\t\t\t\t<p style=\"text-align: center;\"><span style=\"color: #313740;\"><em>Il n&#8217;y a pas d&#8217;environnement de votre maison qui ne puisse \u00eatre valoris\u00e9 par l&#8217;utilisation du gr\u00e8s c\u00e9rame, un mat\u00e9riau qui allie de mani\u00e8re unique polyvalence, efficacit\u00e9 et beaut\u00e9.<\/em><\/span><br \/>\n<span style=\"color: #313740;\"><em>Pour en savoir plus sur ses applications possibles et pour conna\u00eetre l\u2019offre de carreaux en gr\u00e8s c\u00e9rame Tagina, parcourez notre catalogue et contactez nos consultants : nous sommes \u00e0 votre disposition pour vous aider \u00e0 concevoir et \u00e0 r\u00e9aliser la maison de vos r\u00eaves.<\/em><\/span><\/p>\n\t\t\t\t\t\t\t\t<\/div>\n\t\t\t\t<\/div>\n\t\t\t\t\t<\/div>\n\t\t\t\t<\/div>\n\t\t<div class=\"elementor-element elementor-element-3be21c1 e-flex e-con-boxed e-con e-parent\" data-id=\"3be21c1\" data-element_type=\"container\" data-e-type=\"container\" data-settings=\"{&quot;jet_parallax_layout_list&quot;:[]}\">\n\t\t\t\t\t<div class=\"e-con-inner\">\n\t\t\t\t<div class=\"elementor-element elementor-element-4137971 elementor-widget elementor-widget-spacer\" data-id=\"4137971\" data-element_type=\"widget\" data-e-type=\"widget\" data-widget_type=\"spacer.default\">\n\t\t\t\t<div class=\"elementor-widget-container\">\n\t\t\t\t\t\t\t<div class=\"elementor-spacer\">\n\t\t\t<div class=\"elementor-spacer-inner\"><\/div>\n\t\t<\/div>\n\t\t\t\t\t\t<\/div>\n\t\t\t\t<\/div>\n\t\t\t\t\t<\/div>\n\t\t\t\t<\/div>\n\t\t\t\t<\/div>\n\t\t","protected":false},"excerpt":{"rendered":"<p>\u00c9l\u00e9gant, raffin\u00e9 et polyvalent : le gr\u00e8s c\u00e9rame change le visage de votre maison Le gr\u00e8s c\u00e9rame est un mat\u00e9riau \u00e9l\u00e9gant, r\u00e9sistant et extr\u00eamement polyvalent qui constitue la solution parfaite pour le sol et le rev\u00eatement des espaces int\u00e9rieurs et ext\u00e9rieurs de votre maison. Ind\u00e9pendamment du style que vous pr\u00e9f\u00e9rez et des effets esth\u00e9tiques que [&hellip;]<\/p>\n","protected":false},"author":2,"featured_media":13677,"parent":0,"menu_order":0,"comment_status":"closed","ping_status":"closed","template":"","meta":{"_acf_changed":false,"footnotes":""},"class_list":["post-13704","page","type-page","status-publish","has-post-thumbnail","hentry"],"acf":[],"yoast_head":"<!-- This site is optimized with the Yoast SEO plugin v27.4 - https:\/\/yoast.com\/product\/yoast-seo-wordpress\/ -->\n<title>\u00c9l\u00e9gance et polyvalence du gr\u00e8s c\u00e9rame - Tagina<\/title>\n<meta name=\"robots\" content=\"index, follow, max-snippet:-1, max-image-preview:large, max-video-preview:-1\" \/>\n<link rel=\"canonical\" href=\"https:\/\/www.tagina.it\/fr\/elegance-et-polyvalence-du-gres-cerame\/\" \/>\n<meta property=\"og:locale\" content=\"fr_FR\" \/>\n<meta property=\"og:type\" content=\"article\" \/>\n<meta property=\"og:title\" content=\"\u00c9l\u00e9gance et polyvalence du gr\u00e8s c\u00e9rame - Tagina\" \/>\n<meta property=\"og:description\" content=\"\u00c9l\u00e9gant, raffin\u00e9 et polyvalent : le gr\u00e8s c\u00e9rame change le visage de votre maison Le gr\u00e8s c\u00e9rame est un mat\u00e9riau \u00e9l\u00e9gant, r\u00e9sistant et extr\u00eamement polyvalent qui constitue la solution parfaite pour le sol et le rev\u00eatement des espaces int\u00e9rieurs et ext\u00e9rieurs de votre maison. Ind\u00e9pendamment du style que vous pr\u00e9f\u00e9rez et des effets esth\u00e9tiques que [&hellip;]\" \/>\n<meta property=\"og:url\" content=\"https:\/\/www.tagina.it\/fr\/elegance-et-polyvalence-du-gres-cerame\/\" \/>\n<meta property=\"og:site_name\" content=\"Tagina\" \/>\n<meta property=\"article:modified_time\" content=\"2025-06-23T07:41:23+00:00\" \/>\n<meta property=\"og:image\" content=\"https:\/\/www.tagina.it\/tag21\/tg21-cont\/uploads\/2024\/02\/colori-e-stili-tagina3-2-1024x649.jpg\" \/>\n\t<meta property=\"og:image:width\" content=\"1024\" \/>\n\t<meta property=\"og:image:height\" content=\"649\" \/>\n\t<meta property=\"og:image:type\" content=\"image\/jpeg\" \/>\n<meta name=\"twitter:card\" content=\"summary_large_image\" \/>\n<meta name=\"twitter:label1\" content=\"Est. reading time\" \/>\n\t<meta name=\"twitter:data1\" content=\"15 minutes\" \/>\n<script type=\"application\/ld+json\" class=\"yoast-schema-graph\">{\"@context\":\"https:\\\/\\\/schema.org\",\"@graph\":[{\"@type\":\"WebPage\",\"@id\":\"https:\\\/\\\/www.tagina.it\\\/fr\\\/elegance-et-polyvalence-du-gres-cerame\\\/\",\"url\":\"https:\\\/\\\/www.tagina.it\\\/fr\\\/elegance-et-polyvalence-du-gres-cerame\\\/\",\"name\":\"\u00c9l\u00e9gance et polyvalence du gr\u00e8s c\u00e9rame - Tagina\",\"isPartOf\":{\"@id\":\"https:\\\/\\\/www.tagina.it\\\/fr\\\/#website\"},\"primaryImageOfPage\":{\"@id\":\"https:\\\/\\\/www.tagina.it\\\/fr\\\/elegance-et-polyvalence-du-gres-cerame\\\/#primaryimage\"},\"image\":{\"@id\":\"https:\\\/\\\/www.tagina.it\\\/fr\\\/elegance-et-polyvalence-du-gres-cerame\\\/#primaryimage\"},\"thumbnailUrl\":\"https:\\\/\\\/www.tagina.it\\\/tag21\\\/tg21-cont\\\/uploads\\\/2024\\\/02\\\/colori-e-stili-tagina3-2.jpg\",\"datePublished\":\"2024-02-14T09:24:40+00:00\",\"dateModified\":\"2025-06-23T07:41:23+00:00\",\"breadcrumb\":{\"@id\":\"https:\\\/\\\/www.tagina.it\\\/fr\\\/elegance-et-polyvalence-du-gres-cerame\\\/#breadcrumb\"},\"inLanguage\":\"fr-FR\",\"potentialAction\":[{\"@type\":\"ReadAction\",\"target\":[\"https:\\\/\\\/www.tagina.it\\\/fr\\\/elegance-et-polyvalence-du-gres-cerame\\\/\"]}]},{\"@type\":\"ImageObject\",\"inLanguage\":\"fr-FR\",\"@id\":\"https:\\\/\\\/www.tagina.it\\\/fr\\\/elegance-et-polyvalence-du-gres-cerame\\\/#primaryimage\",\"url\":\"https:\\\/\\\/www.tagina.it\\\/tag21\\\/tg21-cont\\\/uploads\\\/2024\\\/02\\\/colori-e-stili-tagina3-2.jpg\",\"contentUrl\":\"https:\\\/\\\/www.tagina.it\\\/tag21\\\/tg21-cont\\\/uploads\\\/2024\\\/02\\\/colori-e-stili-tagina3-2.jpg\",\"width\":1900,\"height\":1204},{\"@type\":\"BreadcrumbList\",\"@id\":\"https:\\\/\\\/www.tagina.it\\\/fr\\\/elegance-et-polyvalence-du-gres-cerame\\\/#breadcrumb\",\"itemListElement\":[{\"@type\":\"ListItem\",\"position\":1,\"name\":\"Home\",\"item\":\"https:\\\/\\\/www.tagina.it\\\/fr\\\/\"},{\"@type\":\"ListItem\",\"position\":2,\"name\":\"\u00c9l\u00e9gance et polyvalence du gr\u00e8s c\u00e9rame\"}]},{\"@type\":\"WebSite\",\"@id\":\"https:\\\/\\\/www.tagina.it\\\/fr\\\/#website\",\"url\":\"https:\\\/\\\/www.tagina.it\\\/fr\\\/\",\"name\":\"Tagina\",\"description\":\"Storie di stile\",\"publisher\":{\"@id\":\"https:\\\/\\\/www.tagina.it\\\/fr\\\/#organization\"},\"potentialAction\":[{\"@type\":\"SearchAction\",\"target\":{\"@type\":\"EntryPoint\",\"urlTemplate\":\"https:\\\/\\\/www.tagina.it\\\/fr\\\/?s={search_term_string}\"},\"query-input\":{\"@type\":\"PropertyValueSpecification\",\"valueRequired\":true,\"valueName\":\"search_term_string\"}}],\"inLanguage\":\"fr-FR\"},{\"@type\":\"Organization\",\"@id\":\"https:\\\/\\\/www.tagina.it\\\/fr\\\/#organization\",\"name\":\"Tagina\",\"url\":\"https:\\\/\\\/www.tagina.it\\\/fr\\\/\",\"logo\":{\"@type\":\"ImageObject\",\"inLanguage\":\"fr-FR\",\"@id\":\"https:\\\/\\\/www.tagina.it\\\/fr\\\/#\\\/schema\\\/logo\\\/image\\\/\",\"url\":\"https:\\\/\\\/www.tagina.it\\\/tag21\\\/tg21-cont\\\/uploads\\\/2020\\\/12\\\/tagina-logo-h-bianco-oro.svg\",\"contentUrl\":\"https:\\\/\\\/www.tagina.it\\\/tag21\\\/tg21-cont\\\/uploads\\\/2020\\\/12\\\/tagina-logo-h-bianco-oro.svg\",\"width\":100,\"height\":100,\"caption\":\"Tagina\"},\"image\":{\"@id\":\"https:\\\/\\\/www.tagina.it\\\/fr\\\/#\\\/schema\\\/logo\\\/image\\\/\"}}]}<\/script>\n<!-- \/ Yoast SEO plugin. -->","yoast_head_json":{"title":"\u00c9l\u00e9gance et polyvalence du gr\u00e8s c\u00e9rame - Tagina","robots":{"index":"index","follow":"follow","max-snippet":"max-snippet:-1","max-image-preview":"max-image-preview:large","max-video-preview":"max-video-preview:-1"},"canonical":"https:\/\/www.tagina.it\/fr\/elegance-et-polyvalence-du-gres-cerame\/","og_locale":"fr_FR","og_type":"article","og_title":"\u00c9l\u00e9gance et polyvalence du gr\u00e8s c\u00e9rame - Tagina","og_description":"\u00c9l\u00e9gant, raffin\u00e9 et polyvalent : le gr\u00e8s c\u00e9rame change le visage de votre maison Le gr\u00e8s c\u00e9rame est un mat\u00e9riau \u00e9l\u00e9gant, r\u00e9sistant et extr\u00eamement polyvalent qui constitue la solution parfaite pour le sol et le rev\u00eatement des espaces int\u00e9rieurs et ext\u00e9rieurs de votre maison. Ind\u00e9pendamment du style que vous pr\u00e9f\u00e9rez et des effets esth\u00e9tiques que [&hellip;]","og_url":"https:\/\/www.tagina.it\/fr\/elegance-et-polyvalence-du-gres-cerame\/","og_site_name":"Tagina","article_modified_time":"2025-06-23T07:41:23+00:00","og_image":[{"width":1024,"height":649,"url":"https:\/\/www.tagina.it\/tag21\/tg21-cont\/uploads\/2024\/02\/colori-e-stili-tagina3-2-1024x649.jpg","type":"image\/jpeg"}],"twitter_card":"summary_large_image","twitter_misc":{"Est. reading time":"15 minutes"},"schema":{"@context":"https:\/\/schema.org","@graph":[{"@type":"WebPage","@id":"https:\/\/www.tagina.it\/fr\/elegance-et-polyvalence-du-gres-cerame\/","url":"https:\/\/www.tagina.it\/fr\/elegance-et-polyvalence-du-gres-cerame\/","name":"\u00c9l\u00e9gance et polyvalence du gr\u00e8s c\u00e9rame - Tagina","isPartOf":{"@id":"https:\/\/www.tagina.it\/fr\/#website"},"primaryImageOfPage":{"@id":"https:\/\/www.tagina.it\/fr\/elegance-et-polyvalence-du-gres-cerame\/#primaryimage"},"image":{"@id":"https:\/\/www.tagina.it\/fr\/elegance-et-polyvalence-du-gres-cerame\/#primaryimage"},"thumbnailUrl":"https:\/\/www.tagina.it\/tag21\/tg21-cont\/uploads\/2024\/02\/colori-e-stili-tagina3-2.jpg","datePublished":"2024-02-14T09:24:40+00:00","dateModified":"2025-06-23T07:41:23+00:00","breadcrumb":{"@id":"https:\/\/www.tagina.it\/fr\/elegance-et-polyvalence-du-gres-cerame\/#breadcrumb"},"inLanguage":"fr-FR","potentialAction":[{"@type":"ReadAction","target":["https:\/\/www.tagina.it\/fr\/elegance-et-polyvalence-du-gres-cerame\/"]}]},{"@type":"ImageObject","inLanguage":"fr-FR","@id":"https:\/\/www.tagina.it\/fr\/elegance-et-polyvalence-du-gres-cerame\/#primaryimage","url":"https:\/\/www.tagina.it\/tag21\/tg21-cont\/uploads\/2024\/02\/colori-e-stili-tagina3-2.jpg","contentUrl":"https:\/\/www.tagina.it\/tag21\/tg21-cont\/uploads\/2024\/02\/colori-e-stili-tagina3-2.jpg","width":1900,"height":1204},{"@type":"BreadcrumbList","@id":"https:\/\/www.tagina.it\/fr\/elegance-et-polyvalence-du-gres-cerame\/#breadcrumb","itemListElement":[{"@type":"ListItem","position":1,"name":"Home","item":"https:\/\/www.tagina.it\/fr\/"},{"@type":"ListItem","position":2,"name":"\u00c9l\u00e9gance et polyvalence du gr\u00e8s c\u00e9rame"}]},{"@type":"WebSite","@id":"https:\/\/www.tagina.it\/fr\/#website","url":"https:\/\/www.tagina.it\/fr\/","name":"Tagina","description":"Storie di stile","publisher":{"@id":"https:\/\/www.tagina.it\/fr\/#organization"},"potentialAction":[{"@type":"SearchAction","target":{"@type":"EntryPoint","urlTemplate":"https:\/\/www.tagina.it\/fr\/?s={search_term_string}"},"query-input":{"@type":"PropertyValueSpecification","valueRequired":true,"valueName":"search_term_string"}}],"inLanguage":"fr-FR"},{"@type":"Organization","@id":"https:\/\/www.tagina.it\/fr\/#organization","name":"Tagina","url":"https:\/\/www.tagina.it\/fr\/","logo":{"@type":"ImageObject","inLanguage":"fr-FR","@id":"https:\/\/www.tagina.it\/fr\/#\/schema\/logo\/image\/","url":"https:\/\/www.tagina.it\/tag21\/tg21-cont\/uploads\/2020\/12\/tagina-logo-h-bianco-oro.svg","contentUrl":"https:\/\/www.tagina.it\/tag21\/tg21-cont\/uploads\/2020\/12\/tagina-logo-h-bianco-oro.svg","width":100,"height":100,"caption":"Tagina"},"image":{"@id":"https:\/\/www.tagina.it\/fr\/#\/schema\/logo\/image\/"}}]}},"_links":{"self":[{"href":"https:\/\/www.tagina.it\/fr\/wp-json\/wp\/v2\/pages\/13704","targetHints":{"allow":["GET"]}}],"collection":[{"href":"https:\/\/www.tagina.it\/fr\/wp-json\/wp\/v2\/pages"}],"about":[{"href":"https:\/\/www.tagina.it\/fr\/wp-json\/wp\/v2\/types\/page"}],"author":[{"embeddable":true,"href":"https:\/\/www.tagina.it\/fr\/wp-json\/wp\/v2\/users\/2"}],"replies":[{"embeddable":true,"href":"https:\/\/www.tagina.it\/fr\/wp-json\/wp\/v2\/comments?post=13704"}],"version-history":[{"count":8,"href":"https:\/\/www.tagina.it\/fr\/wp-json\/wp\/v2\/pages\/13704\/revisions"}],"predecessor-version":[{"id":17313,"href":"https:\/\/www.tagina.it\/fr\/wp-json\/wp\/v2\/pages\/13704\/revisions\/17313"}],"wp:featuredmedia":[{"embeddable":true,"href":"https:\/\/www.tagina.it\/fr\/wp-json\/wp\/v2\/media\/13677"}],"wp:attachment":[{"href":"https:\/\/www.tagina.it\/fr\/wp-json\/wp\/v2\/media?parent=13704"}],"curies":[{"name":"wp","href":"https:\/\/api.w.org\/{rel}","templated":true}]}}