{"id":10362,"date":"2022-10-05T09:26:05","date_gmt":"2022-10-05T07:26:05","guid":{"rendered":"https:\/\/www.tagina.it\/50-ans-dhistoire\/"},"modified":"2025-06-11T18:25:28","modified_gmt":"2025-06-11T16:25:28","slug":"50-ans-dhistoire","status":"publish","type":"page","link":"https:\/\/www.tagina.it\/fr\/50-ans-dhistoire\/","title":{"rendered":"50 ans d\u2019histoire"},"content":{"rendered":"\t\t<div data-elementor-type=\"wp-page\" data-elementor-id=\"10362\" class=\"elementor elementor-10362 elementor-9951\" data-elementor-post-type=\"page\">\n\t\t\t\t<div class=\"elementor-element elementor-element-288d36c e-con-full e-flex e-con e-parent\" data-id=\"288d36c\" data-element_type=\"container\" data-e-type=\"container\" data-settings=\"{&quot;jet_parallax_layout_list&quot;:[{&quot;jet_parallax_layout_image&quot;:{&quot;url&quot;:&quot;&quot;,&quot;id&quot;:&quot;&quot;,&quot;size&quot;:&quot;&quot;},&quot;_id&quot;:&quot;13236f7&quot;,&quot;jet_parallax_layout_image_tablet&quot;:{&quot;url&quot;:&quot;&quot;,&quot;id&quot;:&quot;&quot;,&quot;size&quot;:&quot;&quot;},&quot;jet_parallax_layout_image_mobile&quot;:{&quot;url&quot;:&quot;&quot;,&quot;id&quot;:&quot;&quot;,&quot;size&quot;:&quot;&quot;},&quot;jet_parallax_layout_speed&quot;:{&quot;unit&quot;:&quot;%&quot;,&quot;size&quot;:50,&quot;sizes&quot;:[]},&quot;jet_parallax_layout_type&quot;:&quot;scroll&quot;,&quot;jet_parallax_layout_direction&quot;:&quot;1&quot;,&quot;jet_parallax_layout_fx_direction&quot;:null,&quot;jet_parallax_layout_z_index&quot;:&quot;&quot;,&quot;jet_parallax_layout_bg_x&quot;:50,&quot;jet_parallax_layout_bg_x_tablet&quot;:&quot;&quot;,&quot;jet_parallax_layout_bg_x_mobile&quot;:&quot;&quot;,&quot;jet_parallax_layout_bg_y&quot;:50,&quot;jet_parallax_layout_bg_y_tablet&quot;:&quot;&quot;,&quot;jet_parallax_layout_bg_y_mobile&quot;:&quot;&quot;,&quot;jet_parallax_layout_bg_size&quot;:&quot;auto&quot;,&quot;jet_parallax_layout_bg_size_tablet&quot;:&quot;&quot;,&quot;jet_parallax_layout_bg_size_mobile&quot;:&quot;&quot;,&quot;jet_parallax_layout_animation_prop&quot;:&quot;transform&quot;,&quot;jet_parallax_layout_on&quot;:[&quot;desktop&quot;,&quot;tablet&quot;]}],&quot;background_background&quot;:&quot;classic&quot;}\">\n\t\t<div class=\"elementor-element elementor-element-9cd796e e-con-full e-flex e-con e-child\" data-id=\"9cd796e\" data-element_type=\"container\" data-e-type=\"container\" data-settings=\"{&quot;jet_parallax_layout_list&quot;:[]}\">\n\t\t\t\t<div class=\"elementor-element elementor-element-63ec92a dce_masking-none elementor-invisible elementor-widget elementor-widget-image\" data-id=\"63ec92a\" data-element_type=\"widget\" data-e-type=\"widget\" data-settings=\"{&quot;_animation&quot;:&quot;fadeInUp&quot;}\" data-widget_type=\"image.default\">\n\t\t\t\t<div class=\"elementor-widget-container\">\n\t\t\t\t\t\t\t\t\t\t\t\t\t\t\t<img loading=\"lazy\" decoding=\"async\" width=\"1\" height=\"1\" src=\"https:\/\/www.tagina.it\/tag21\/tg21-cont\/uploads\/2023\/02\/tagina-solo-50b.svg\" class=\"attachment-large size-large wp-image-11136\" alt=\"\" \/>\t\t\t\t\t\t\t\t\t\t\t\t\t\t\t<\/div>\n\t\t\t\t<\/div>\n\t\t\t\t<div class=\"elementor-element elementor-element-870356d info-tagina elementor-invisible elementor-widget elementor-widget-heading\" data-id=\"870356d\" data-element_type=\"widget\" data-e-type=\"widget\" data-settings=\"{&quot;_animation&quot;:&quot;fadeInUp&quot;,&quot;_animation_delay&quot;:600}\" data-widget_type=\"heading.default\">\n\t\t\t\t<div class=\"elementor-widget-container\">\n\t\t\t\t\t<h1 class=\"elementor-heading-title elementor-size-default\">50 ans d\u2019histoire<\/h1>\t\t\t\t<\/div>\n\t\t\t\t<\/div>\n\t\t\t\t<div class=\"elementor-element elementor-element-ca93125 info-tagina elementor-invisible elementor-widget elementor-widget-heading\" data-id=\"ca93125\" data-element_type=\"widget\" data-e-type=\"widget\" data-settings=\"{&quot;_animation&quot;:&quot;fadeInUp&quot;,&quot;_animation_delay&quot;:300}\" data-widget_type=\"heading.default\">\n\t\t\t\t<div class=\"elementor-widget-container\">\n\t\t\t\t\t<h2 class=\"elementor-heading-title elementor-size-default\">TAGINA<\/h2>\t\t\t\t<\/div>\n\t\t\t\t<\/div>\n\t\t\t\t<div class=\"elementor-element elementor-element-257a52d elementor-invisible elementor-widget elementor-widget-text-editor\" data-id=\"257a52d\" data-element_type=\"widget\" data-e-type=\"widget\" data-settings=\"{&quot;_animation&quot;:&quot;fadeIn&quot;,&quot;_animation_delay&quot;:700}\" data-widget_type=\"text-editor.default\">\n\t\t\t\t<div class=\"elementor-widget-container\">\n\t\t\t\t\t\t\t\t\t<p>Entre grandes collaborations avec la Mode et avec le monde de l\u2019architecture, entre produits r\u00e9compens\u00e9s et innovants au point de lancer une tendance de march\u00e9, TAGINA franchit l\u2019\u00e9tape des 50 ans d\u2019histoire.<\/p>\n\t\t\t\t\t\t\t\t<\/div>\n\t\t\t\t<\/div>\n\t\t\t\t<\/div>\n\t\t\t\t<\/div>\n\t\t<div class=\"elementor-element elementor-element-ab5d6dc e-flex e-con-boxed e-con e-parent\" data-id=\"ab5d6dc\" data-element_type=\"container\" data-e-type=\"container\" id=\"content\" data-settings=\"{&quot;jet_parallax_layout_list&quot;:[],&quot;background_background&quot;:&quot;classic&quot;}\">\n\t\t\t\t\t<div class=\"e-con-inner\">\n\t\t\t\t<div class=\"elementor-element elementor-element-2d1d47c info-tagina elementor-widget elementor-widget-jet-timeline\" data-id=\"2d1d47c\" data-element_type=\"widget\" data-e-type=\"widget\" data-widget_type=\"jet-timeline.default\">\n\t\t\t\t<div class=\"elementor-widget-container\">\n\t\t\t\t\t<div class=\"elementor-jet-timeline jet-elements\"><div class=\"jet-timeline jet-timeline--align-center jet-timeline--align-middle\">\n\t<div class=\"jet-timeline__line\"><div class=\"jet-timeline__line-progress\"><\/div><\/div>\n\t<div class=\"jet-timeline-list\"><div class=\"jet-timeline-item jet-timeline-item--animated elementor-repeater-item-9762826 jet-timeline-item--image-outside_before\">\n\t<div class=\"timeline-item__card\">\n\t\t<div class=\"timeline-item__card-inner\">\n\t\t\t\t<div class=\"timeline-item__card-img\"><img loading=\"lazy\" decoding=\"async\" width=\"100\" height=\"100\" src=\"https:\/\/www.tagina.it\/tag21\/tg21-cont\/uploads\/2022\/10\/1973-Fondazione-TAGINA-100w.jpg\" class=\"attachment-full size-full wp-image-10020\" alt=\"\" \/><\/div>\t\t\t\t<div class=\"timeline-item__card-content\">\n\t\t\t\t\t<div class=\"timeline-item__meta\"><\/div><div class=\"timeline-item__card-desc\">Ann\u00e9e de fondation.<\/div>\t\t\t\t<\/div>\n\t\t\t\t\t\t<\/div>\n\t\t<div class=\"timeline-item__card-arrow\"><\/div>\n\t<\/div>\n\t<div class=\"timeline-item__point\"><div class=\"timeline-item__point-content timeline-item__point-content--text\">1973<\/div><\/div><div class=\"timeline-item__meta\"><div class=\"timeline-item__card-img\"><img loading=\"lazy\" decoding=\"async\" width=\"100\" height=\"100\" src=\"https:\/\/www.tagina.it\/tag21\/tg21-cont\/uploads\/2022\/10\/1973-Fondazione-TAGINA-100w.jpg\" class=\"attachment-full size-full wp-image-10020\" alt=\"\" \/><\/div><\/div><\/div><div class=\"jet-timeline-item jet-timeline-item--animated elementor-repeater-item-3092f30 jet-timeline-item--image-outside_before\">\n\t<div class=\"timeline-item__card\">\n\t\t<div class=\"timeline-item__card-inner\">\n\t\t\t\t<div class=\"timeline-item__card-img\"><img loading=\"lazy\" decoding=\"async\" width=\"210\" height=\"100\" src=\"https:\/\/www.tagina.it\/tag21\/tg21-cont\/uploads\/2022\/10\/1980.png\" class=\"attachment-full size-full wp-image-10030\" alt=\"\" \/><\/div>\t\t\t\t<div class=\"timeline-item__card-content\">\n\t\t\t\t\t<div class=\"timeline-item__meta\"><\/div><div class=\"timeline-item__card-desc\"><strong>TAGINA<\/strong> est la premi\u00e8re entreprise \u00e0 reproduire une terre cuite en monocuisson : elle lance une nouvelle tendance de march\u00e9. Collections : Terrae di Tarsina et Antica Umbria.<\/div>\t\t\t\t<\/div>\n\t\t\t\t\t\t<\/div>\n\t\t<div class=\"timeline-item__card-arrow\"><\/div>\n\t<\/div>\n\t<div class=\"timeline-item__point\"><div class=\"timeline-item__point-content timeline-item__point-content--text\">1980<\/div><\/div><div class=\"timeline-item__meta\"><div class=\"timeline-item__card-img\"><img loading=\"lazy\" decoding=\"async\" width=\"210\" height=\"100\" src=\"https:\/\/www.tagina.it\/tag21\/tg21-cont\/uploads\/2022\/10\/1980.png\" class=\"attachment-full size-full wp-image-10030\" alt=\"\" \/><\/div><\/div><\/div><div class=\"jet-timeline-item jet-timeline-item--animated elementor-repeater-item-fbf464d jet-timeline-item--image-outside_before\">\n\t<div class=\"timeline-item__card\">\n\t\t<div class=\"timeline-item__card-inner\">\n\t\t\t\t<div class=\"timeline-item__card-img\"><img loading=\"lazy\" decoding=\"async\" width=\"210\" height=\"100\" src=\"https:\/\/www.tagina.it\/tag21\/tg21-cont\/uploads\/2022\/10\/laura-biagiotti-1983.png\" class=\"attachment-full size-full wp-image-10159\" alt=\"\" \/><\/div>\t\t\t\t<div class=\"timeline-item__card-content\">\n\t\t\t\t\t<div class=\"timeline-item__meta\"><\/div><div class=\"timeline-item__card-desc\"><strong>TAGINA<\/strong> r\u00e9volutionne la fonctionnalit\u00e9 de la c\u00e9ramique : pas seulement en tant qu\u2019\u00e9l\u00e9ment \u00ab de service \u00bb mais aussi comme \u00e9l\u00e9ment de d\u00e9coration et de finition des espaces. TAGINA lance l\u2019innovante collaboration, pour le secteur c\u00e9ramique, avec le monde de la Mode et choisit LAURA BIAGIOTTI.<\/div>\t\t\t\t<\/div>\n\t\t\t\t\t\t<\/div>\n\t\t<div class=\"timeline-item__card-arrow\"><\/div>\n\t<\/div>\n\t<div class=\"timeline-item__point\"><div class=\"timeline-item__point-content timeline-item__point-content--text\">1983<\/div><\/div><div class=\"timeline-item__meta\"><div class=\"timeline-item__card-img\"><img loading=\"lazy\" decoding=\"async\" width=\"210\" height=\"100\" src=\"https:\/\/www.tagina.it\/tag21\/tg21-cont\/uploads\/2022\/10\/laura-biagiotti-1983.png\" class=\"attachment-full size-full wp-image-10159\" alt=\"\" \/><\/div><\/div><\/div><div class=\"jet-timeline-item jet-timeline-item--animated elementor-repeater-item-7e95e20 jet-timeline-item--image-outside_before\">\n\t<div class=\"timeline-item__card\">\n\t\t<div class=\"timeline-item__card-inner\">\n\t\t\t\t<div class=\"timeline-item__card-img\"><img loading=\"lazy\" decoding=\"async\" width=\"191\" height=\"100\" src=\"https:\/\/www.tagina.it\/tag21\/tg21-cont\/uploads\/2022\/10\/spessore-02.png\" class=\"attachment-full size-full wp-image-10068\" alt=\"\" \/><\/div>\t\t\t\t<div class=\"timeline-item__card-content\">\n\t\t\t\t\t<div class=\"timeline-item__meta\"><\/div><div class=\"timeline-item__card-desc\"><strong>TAGINA<\/strong> innove et lance les grands formats en monocuisson : 41x41 et 50x50 en 12 mm d\u2019\u00e9paisseur en contre-tendance par<\/div>\t\t\t\t<\/div>\n\t\t\t\t\t\t<\/div>\n\t\t<div class=\"timeline-item__card-arrow\"><\/div>\n\t<\/div>\n\t<div class=\"timeline-item__point\"><div class=\"timeline-item__point-content timeline-item__point-content--text\">1988<\/div><\/div><div class=\"timeline-item__meta\"><div class=\"timeline-item__card-img\"><img loading=\"lazy\" decoding=\"async\" width=\"191\" height=\"100\" src=\"https:\/\/www.tagina.it\/tag21\/tg21-cont\/uploads\/2022\/10\/spessore-02.png\" class=\"attachment-full size-full wp-image-10068\" alt=\"\" \/><\/div><\/div><\/div><div class=\"jet-timeline-item jet-timeline-item--animated elementor-repeater-item-d994f2f jet-timeline-item--image-outside_before\">\n\t<div class=\"timeline-item__card\">\n\t\t<div class=\"timeline-item__card-inner\">\n\t\t\t\t<div class=\"timeline-item__card-img\"><img loading=\"lazy\" decoding=\"async\" width=\"145\" height=\"100\" src=\"https:\/\/www.tagina.it\/tag21\/tg21-cont\/uploads\/2022\/10\/laura-biagiotti.png\" class=\"attachment-full size-full wp-image-10079\" alt=\"\" \/><\/div>\t\t\t\t<div class=\"timeline-item__card-content\">\n\t\t\t\t\t<div class=\"timeline-item__meta\"><\/div><div class=\"timeline-item__card-desc\"><strong>TAGINA<\/strong> commence \u00e0 exp\u00e9rimenter le concept de \u00ab total look \u00bb : avec la styliste LAURA BIAGIOTTI elle cr\u00e9e des collections pour r\u00e9aliser des espaces o\u00f9 la c\u00e9ramique rev\u00eat sans solution de continuit\u00e9 toutes les surfaces de la pi\u00e8ce : des sols aux murs, des colonnes aux plans de travail de salle de bain.<\/div>\t\t\t\t<\/div>\n\t\t\t\t\t\t<\/div>\n\t\t<div class=\"timeline-item__card-arrow\"><\/div>\n\t<\/div>\n\t<div class=\"timeline-item__point\"><div class=\"timeline-item__point-content timeline-item__point-content--text\">2000<\/div><\/div><div class=\"timeline-item__meta\"><div class=\"timeline-item__card-img\"><img loading=\"lazy\" decoding=\"async\" width=\"145\" height=\"100\" src=\"https:\/\/www.tagina.it\/tag21\/tg21-cont\/uploads\/2022\/10\/laura-biagiotti.png\" class=\"attachment-full size-full wp-image-10079\" alt=\"\" \/><\/div><\/div><\/div><div class=\"jet-timeline-item jet-timeline-item--animated elementor-repeater-item-1c3236f jet-timeline-item--image-outside_before\">\n\t<div class=\"timeline-item__card\">\n\t\t<div class=\"timeline-item__card-inner\">\n\t\t\t\t<div class=\"timeline-item__card-img\"><img loading=\"lazy\" decoding=\"async\" width=\"100\" height=\"100\" src=\"https:\/\/www.tagina.it\/tag21\/tg21-cont\/uploads\/2022\/10\/Fucina-NERO_01.jpg\" class=\"attachment-full size-full wp-image-10086\" alt=\"\" \/><\/div>\t\t\t\t<div class=\"timeline-item__card-content\">\n\t\t\t\t\t<div class=\"timeline-item__meta\"><\/div><div class=\"timeline-item__card-desc\"><strong>TAGINA<\/strong> lance FUCINA : le premier carreau c\u00e9ramique au \u00ab vrai \u00bb effet m\u00e9tallique. Un succ\u00e8s mondial.<\/div>\t\t\t\t<\/div>\n\t\t\t\t\t\t<\/div>\n\t\t<div class=\"timeline-item__card-arrow\"><\/div>\n\t<\/div>\n\t<div class=\"timeline-item__point\"><div class=\"timeline-item__point-content timeline-item__point-content--text\">2008<\/div><\/div><div class=\"timeline-item__meta\"><div class=\"timeline-item__card-img\"><img loading=\"lazy\" decoding=\"async\" width=\"100\" height=\"100\" src=\"https:\/\/www.tagina.it\/tag21\/tg21-cont\/uploads\/2022\/10\/Fucina-NERO_01.jpg\" class=\"attachment-full size-full wp-image-10086\" alt=\"\" \/><\/div><\/div><\/div><div class=\"jet-timeline-item jet-timeline-item--animated elementor-repeater-item-4de8f5d jet-timeline-item--image-outside_before\">\n\t<div class=\"timeline-item__card\">\n\t\t<div class=\"timeline-item__card-inner\">\n\t\t\t\t<div class=\"timeline-item__card-img\"><img loading=\"lazy\" decoding=\"async\" width=\"100\" height=\"100\" src=\"https:\/\/www.tagina.it\/tag21\/tg21-cont\/uploads\/2022\/10\/simone-micheli.jpg\" class=\"attachment-full size-full wp-image-10093\" alt=\"\" \/><\/div>\t\t\t\t<div class=\"timeline-item__card-content\">\n\t\t\t\t\t<div class=\"timeline-item__meta\"><\/div><div class=\"timeline-item__card-desc\"><strong>TAGINA<\/strong> entame une collaboration avec l\u2019architecte SIMONE MICHELI : c\u2019est la naissance de LIFECYCLE, un projet c\u00e9ramique comme hymne \u00e0 la fluidit\u00e9, un espace o\u00f9 la fronti\u00e8re entre ext\u00e9rieur et int\u00e9rieur n\u2019existe plus.<\/div>\t\t\t\t<\/div>\n\t\t\t\t\t\t<\/div>\n\t\t<div class=\"timeline-item__card-arrow\"><\/div>\n\t<\/div>\n\t<div class=\"timeline-item__point\"><div class=\"timeline-item__point-content timeline-item__point-content--text\">2010<\/div><\/div><div class=\"timeline-item__meta\"><div class=\"timeline-item__card-img\"><img loading=\"lazy\" decoding=\"async\" width=\"100\" height=\"100\" src=\"https:\/\/www.tagina.it\/tag21\/tg21-cont\/uploads\/2022\/10\/simone-micheli.jpg\" class=\"attachment-full size-full wp-image-10093\" alt=\"\" \/><\/div><\/div><\/div><div class=\"jet-timeline-item jet-timeline-item--animated elementor-repeater-item-db4fa06 jet-timeline-item--image-outside_before\">\n\t<div class=\"timeline-item__card\">\n\t\t<div class=\"timeline-item__card-inner\">\n\t\t\t\t<div class=\"timeline-item__card-img\"><img loading=\"lazy\" decoding=\"async\" width=\"100\" height=\"100\" src=\"https:\/\/www.tagina.it\/tag21\/tg21-cont\/uploads\/2022\/10\/Tagina_awardCeramiche.jpg\" class=\"attachment-full size-full wp-image-10097\" alt=\"\" \/><\/div>\t\t\t\t<div class=\"timeline-item__card-content\">\n\t\t\t\t\t<div class=\"timeline-item__meta\"><\/div><div class=\"timeline-item__card-desc\"><strong>TAGINA<\/strong> remporte le prix CERSAIE AWARD pour le meilleur stand au salon Cersaie 2010.<\/div>\t\t\t\t<\/div>\n\t\t\t\t\t\t<\/div>\n\t\t<div class=\"timeline-item__card-arrow\"><\/div>\n\t<\/div>\n\t<div class=\"timeline-item__point\"><div class=\"timeline-item__point-content timeline-item__point-content--text\">2010<\/div><\/div><div class=\"timeline-item__meta\"><div class=\"timeline-item__card-img\"><img loading=\"lazy\" decoding=\"async\" width=\"100\" height=\"100\" src=\"https:\/\/www.tagina.it\/tag21\/tg21-cont\/uploads\/2022\/10\/Tagina_awardCeramiche.jpg\" class=\"attachment-full size-full wp-image-10097\" alt=\"\" \/><\/div><\/div><\/div><div class=\"jet-timeline-item jet-timeline-item--animated elementor-repeater-item-81818c0 jet-timeline-item--image-outside_before\">\n\t<div class=\"timeline-item__card\">\n\t\t<div class=\"timeline-item__card-inner\">\n\t\t\t\t<div class=\"timeline-item__card-img\"><img loading=\"lazy\" decoding=\"async\" width=\"100\" height=\"87\" src=\"https:\/\/www.tagina.it\/tag21\/tg21-cont\/uploads\/2025\/03\/tagina-esagona-2014.webp\" class=\"attachment-full size-full wp-image-16284\" alt=\"\" \/><\/div>\t\t\t\t<div class=\"timeline-item__card-content\">\n\t\t\t\t\t<div class=\"timeline-item__meta\"><\/div><div class=\"timeline-item__card-desc\">Laur\u00e9ate du prix Adi Ceramics Design Award \u00e0 Cersaie 2014, le carreau \"Esagona\"<\/div>\t\t\t\t<\/div>\n\t\t\t\t\t\t<\/div>\n\t\t<div class=\"timeline-item__card-arrow\"><\/div>\n\t<\/div>\n\t<div class=\"timeline-item__point\"><div class=\"timeline-item__point-content timeline-item__point-content--text\">2014<\/div><\/div><div class=\"timeline-item__meta\"><div class=\"timeline-item__card-img\"><img loading=\"lazy\" decoding=\"async\" width=\"100\" height=\"87\" src=\"https:\/\/www.tagina.it\/tag21\/tg21-cont\/uploads\/2025\/03\/tagina-esagona-2014.webp\" class=\"attachment-full size-full wp-image-16284\" alt=\"\" \/><\/div><\/div><\/div><div class=\"jet-timeline-item jet-timeline-item--animated elementor-repeater-item-d1f98c2 jet-timeline-item--image-outside_before\">\n\t<div class=\"timeline-item__card\">\n\t\t<div class=\"timeline-item__card-inner\">\n\t\t\t\t<div class=\"timeline-item__card-img\"><img loading=\"lazy\" decoding=\"async\" width=\"100\" height=\"100\" src=\"https:\/\/www.tagina.it\/tag21\/tg21-cont\/uploads\/2022\/10\/dafin-group-tagina.jpg\" class=\"attachment-full size-full wp-image-10109\" alt=\"\" \/><\/div>\t\t\t\t<div class=\"timeline-item__card-content\">\n\t\t\t\t\t<div class=\"timeline-item__meta\"><\/div><div class=\"timeline-item__card-desc\"><strong>TAGINA<\/strong> est achet\u00e9e par le groupe DAFIN.<\/div>\t\t\t\t<\/div>\n\t\t\t\t\t\t<\/div>\n\t\t<div class=\"timeline-item__card-arrow\"><\/div>\n\t<\/div>\n\t<div class=\"timeline-item__point\"><div class=\"timeline-item__point-content timeline-item__point-content--text\">2020<\/div><\/div><div class=\"timeline-item__meta\"><div class=\"timeline-item__card-img\"><img loading=\"lazy\" decoding=\"async\" width=\"100\" height=\"100\" src=\"https:\/\/www.tagina.it\/tag21\/tg21-cont\/uploads\/2022\/10\/dafin-group-tagina.jpg\" class=\"attachment-full size-full wp-image-10109\" alt=\"\" \/><\/div><\/div><\/div><div class=\"jet-timeline-item jet-timeline-item--animated elementor-repeater-item-b7c4715 jet-timeline-item--image-outside_before\">\n\t<div class=\"timeline-item__card\">\n\t\t<div class=\"timeline-item__card-inner\">\n\t\t\t\t<div class=\"timeline-item__card-img\"><img loading=\"lazy\" decoding=\"async\" width=\"100\" height=\"100\" src=\"https:\/\/www.tagina.it\/tag21\/tg21-cont\/uploads\/2022\/10\/coverings-2021.jpg\" class=\"attachment-full size-full wp-image-10114\" alt=\"\" \/><\/div>\t\t\t\t<div class=\"timeline-item__card-content\">\n\t\t\t\t\t<div class=\"timeline-item__meta\"><\/div><div class=\"timeline-item__card-desc\">Coverings 2021: <strong>TAGINA<\/strong> remporte le prix \u00ab Big & Bold \u00bb avec sa gamme de grandes dalles<\/div><div class=\"timeline-item__card-btn-wrap\"><a class=\"timeline-item__card-btn elementor-button elementor-size-md\" role=\"button\" href=\"https:\/\/www.tagina.it\/fr\/coverings-2021-tagina-vince-il-premio-big-bold-con-la-gamma-grandi-lastre\/\">Lire la suite<\/a><\/div>\t\t\t\t<\/div>\n\t\t\t\t\t\t<\/div>\n\t\t<div class=\"timeline-item__card-arrow\"><\/div>\n\t<\/div>\n\t<div class=\"timeline-item__point\"><div class=\"timeline-item__point-content timeline-item__point-content--text\">2021<\/div><\/div><div class=\"timeline-item__meta\"><div class=\"timeline-item__card-img\"><img loading=\"lazy\" decoding=\"async\" width=\"100\" height=\"100\" src=\"https:\/\/www.tagina.it\/tag21\/tg21-cont\/uploads\/2022\/10\/coverings-2021.jpg\" class=\"attachment-full size-full wp-image-10114\" alt=\"\" \/><\/div><\/div><\/div><div class=\"jet-timeline-item jet-timeline-item--animated elementor-repeater-item-423945c jet-timeline-item--image-outside_before\">\n\t<div class=\"timeline-item__card\">\n\t\t<div class=\"timeline-item__card-inner\">\n\t\t\t\t<div class=\"timeline-item__card-img\"><img loading=\"lazy\" decoding=\"async\" width=\"100\" height=\"100\" src=\"https:\/\/www.tagina.it\/tag21\/tg21-cont\/uploads\/2022\/10\/TAGINA_SHOWROOM_INDOOR_02.jpg\" class=\"attachment-full size-full wp-image-10121\" alt=\"\" \/><\/div>\t\t\t\t<div class=\"timeline-item__card-content\">\n\t\t\t\t\t<div class=\"timeline-item__meta\"><\/div><div class=\"timeline-item__card-desc\"><strong>TAGINA<\/strong>: au printemps 2024 commenceront les travaux de construction du nouveau Showroom de 3 000 m\u00b2 au si\u00e8ge de Castel Bolognese RA.<\/div>\t\t\t\t<\/div>\n\t\t\t\t\t\t<\/div>\n\t\t<div class=\"timeline-item__card-arrow\"><\/div>\n\t<\/div>\n\t<div class=\"timeline-item__point\"><div class=\"timeline-item__point-content timeline-item__point-content--text\">2024<\/div><\/div><div class=\"timeline-item__meta\"><div class=\"timeline-item__card-img\"><img loading=\"lazy\" decoding=\"async\" width=\"100\" height=\"100\" src=\"https:\/\/www.tagina.it\/tag21\/tg21-cont\/uploads\/2022\/10\/TAGINA_SHOWROOM_INDOOR_02.jpg\" class=\"attachment-full size-full wp-image-10121\" alt=\"\" \/><\/div><\/div><\/div><\/div><\/div><\/div>\t\t\t\t<\/div>\n\t\t\t\t<\/div>\n\t\t\t\t\t<\/div>\n\t\t\t\t<\/div>\n\t\t\t\t<\/div>\n\t\t","protected":false},"excerpt":{"rendered":"<p>50 ans d\u2019histoire TAGINA Entre grandes collaborations avec la Mode et avec le monde de l\u2019architecture, entre produits r\u00e9compens\u00e9s et innovants au point de lancer une tendance de march\u00e9, TAGINA franchit l\u2019\u00e9tape des 50 ans d\u2019histoire. Ann\u00e9e de fondation. 1973 TAGINA est la premi\u00e8re entreprise \u00e0 reproduire une terre cuite en monocuisson : elle lance [&hellip;]<\/p>\n","protected":false},"author":1,"featured_media":0,"parent":0,"menu_order":0,"comment_status":"closed","ping_status":"closed","template":"elementor_header_footer","meta":{"_acf_changed":false,"footnotes":""},"class_list":["post-10362","page","type-page","status-publish","hentry"],"acf":[],"yoast_head":"<!-- This site is optimized with the Yoast SEO plugin v27.4 - https:\/\/yoast.com\/product\/yoast-seo-wordpress\/ -->\n<title>50 ans d\u2019histoire - Tagina<\/title>\n<meta name=\"robots\" content=\"index, follow, max-snippet:-1, max-image-preview:large, max-video-preview:-1\" \/>\n<link rel=\"canonical\" href=\"https:\/\/www.tagina.it\/fr\/50-ans-dhistoire\/\" \/>\n<meta property=\"og:locale\" content=\"fr_FR\" \/>\n<meta property=\"og:type\" content=\"article\" \/>\n<meta property=\"og:title\" content=\"50 ans d\u2019histoire - Tagina\" \/>\n<meta property=\"og:description\" content=\"50 ans d\u2019histoire TAGINA Entre grandes collaborations avec la Mode et avec le monde de l\u2019architecture, entre produits r\u00e9compens\u00e9s et innovants au point de lancer une tendance de march\u00e9, TAGINA franchit l\u2019\u00e9tape des 50 ans d\u2019histoire. Ann\u00e9e de fondation. 1973 TAGINA est la premi\u00e8re entreprise \u00e0 reproduire une terre cuite en monocuisson : elle lance [&hellip;]\" \/>\n<meta property=\"og:url\" content=\"https:\/\/www.tagina.it\/fr\/50-ans-dhistoire\/\" \/>\n<meta property=\"og:site_name\" content=\"Tagina\" \/>\n<meta property=\"article:modified_time\" content=\"2025-06-11T16:25:28+00:00\" \/>\n<meta property=\"og:image\" content=\"http:\/\/www.tagina.it\/tag21\/tg21-cont\/uploads\/2023\/02\/tagina-solo-50b.svg\" \/>\n<meta name=\"twitter:card\" content=\"summary_large_image\" \/>\n<meta name=\"twitter:label1\" content=\"Est. reading time\" \/>\n\t<meta name=\"twitter:data1\" content=\"2 minutes\" \/>\n<script type=\"application\/ld+json\" class=\"yoast-schema-graph\">{\"@context\":\"https:\\\/\\\/schema.org\",\"@graph\":[{\"@type\":\"WebPage\",\"@id\":\"https:\\\/\\\/www.tagina.it\\\/fr\\\/50-ans-dhistoire\\\/\",\"url\":\"https:\\\/\\\/www.tagina.it\\\/fr\\\/50-ans-dhistoire\\\/\",\"name\":\"50 ans d\u2019histoire - Tagina\",\"isPartOf\":{\"@id\":\"https:\\\/\\\/www.tagina.it\\\/fr\\\/#website\"},\"primaryImageOfPage\":{\"@id\":\"https:\\\/\\\/www.tagina.it\\\/fr\\\/50-ans-dhistoire\\\/#primaryimage\"},\"image\":{\"@id\":\"https:\\\/\\\/www.tagina.it\\\/fr\\\/50-ans-dhistoire\\\/#primaryimage\"},\"thumbnailUrl\":\"http:\\\/\\\/www.tagina.it\\\/tag21\\\/tg21-cont\\\/uploads\\\/2023\\\/02\\\/tagina-solo-50b.svg\",\"datePublished\":\"2022-10-05T07:26:05+00:00\",\"dateModified\":\"2025-06-11T16:25:28+00:00\",\"breadcrumb\":{\"@id\":\"https:\\\/\\\/www.tagina.it\\\/fr\\\/50-ans-dhistoire\\\/#breadcrumb\"},\"inLanguage\":\"fr-FR\",\"potentialAction\":[{\"@type\":\"ReadAction\",\"target\":[\"https:\\\/\\\/www.tagina.it\\\/fr\\\/50-ans-dhistoire\\\/\"]}]},{\"@type\":\"ImageObject\",\"inLanguage\":\"fr-FR\",\"@id\":\"https:\\\/\\\/www.tagina.it\\\/fr\\\/50-ans-dhistoire\\\/#primaryimage\",\"url\":\"http:\\\/\\\/www.tagina.it\\\/tag21\\\/tg21-cont\\\/uploads\\\/2023\\\/02\\\/tagina-solo-50b.svg\",\"contentUrl\":\"http:\\\/\\\/www.tagina.it\\\/tag21\\\/tg21-cont\\\/uploads\\\/2023\\\/02\\\/tagina-solo-50b.svg\"},{\"@type\":\"BreadcrumbList\",\"@id\":\"https:\\\/\\\/www.tagina.it\\\/fr\\\/50-ans-dhistoire\\\/#breadcrumb\",\"itemListElement\":[{\"@type\":\"ListItem\",\"position\":1,\"name\":\"Home\",\"item\":\"https:\\\/\\\/www.tagina.it\\\/fr\\\/\"},{\"@type\":\"ListItem\",\"position\":2,\"name\":\"50 ans d\u2019histoire\"}]},{\"@type\":\"WebSite\",\"@id\":\"https:\\\/\\\/www.tagina.it\\\/fr\\\/#website\",\"url\":\"https:\\\/\\\/www.tagina.it\\\/fr\\\/\",\"name\":\"Tagina\",\"description\":\"Storie di stile\",\"publisher\":{\"@id\":\"https:\\\/\\\/www.tagina.it\\\/fr\\\/#organization\"},\"potentialAction\":[{\"@type\":\"SearchAction\",\"target\":{\"@type\":\"EntryPoint\",\"urlTemplate\":\"https:\\\/\\\/www.tagina.it\\\/fr\\\/?s={search_term_string}\"},\"query-input\":{\"@type\":\"PropertyValueSpecification\",\"valueRequired\":true,\"valueName\":\"search_term_string\"}}],\"inLanguage\":\"fr-FR\"},{\"@type\":\"Organization\",\"@id\":\"https:\\\/\\\/www.tagina.it\\\/fr\\\/#organization\",\"name\":\"Tagina\",\"url\":\"https:\\\/\\\/www.tagina.it\\\/fr\\\/\",\"logo\":{\"@type\":\"ImageObject\",\"inLanguage\":\"fr-FR\",\"@id\":\"https:\\\/\\\/www.tagina.it\\\/fr\\\/#\\\/schema\\\/logo\\\/image\\\/\",\"url\":\"https:\\\/\\\/www.tagina.it\\\/tag21\\\/tg21-cont\\\/uploads\\\/2020\\\/12\\\/tagina-logo-h-bianco-oro.svg\",\"contentUrl\":\"https:\\\/\\\/www.tagina.it\\\/tag21\\\/tg21-cont\\\/uploads\\\/2020\\\/12\\\/tagina-logo-h-bianco-oro.svg\",\"width\":100,\"height\":100,\"caption\":\"Tagina\"},\"image\":{\"@id\":\"https:\\\/\\\/www.tagina.it\\\/fr\\\/#\\\/schema\\\/logo\\\/image\\\/\"}}]}<\/script>\n<!-- \/ Yoast SEO plugin. -->","yoast_head_json":{"title":"50 ans d\u2019histoire - Tagina","robots":{"index":"index","follow":"follow","max-snippet":"max-snippet:-1","max-image-preview":"max-image-preview:large","max-video-preview":"max-video-preview:-1"},"canonical":"https:\/\/www.tagina.it\/fr\/50-ans-dhistoire\/","og_locale":"fr_FR","og_type":"article","og_title":"50 ans d\u2019histoire - Tagina","og_description":"50 ans d\u2019histoire TAGINA Entre grandes collaborations avec la Mode et avec le monde de l\u2019architecture, entre produits r\u00e9compens\u00e9s et innovants au point de lancer une tendance de march\u00e9, TAGINA franchit l\u2019\u00e9tape des 50 ans d\u2019histoire. Ann\u00e9e de fondation. 1973 TAGINA est la premi\u00e8re entreprise \u00e0 reproduire une terre cuite en monocuisson : elle lance [&hellip;]","og_url":"https:\/\/www.tagina.it\/fr\/50-ans-dhistoire\/","og_site_name":"Tagina","article_modified_time":"2025-06-11T16:25:28+00:00","og_image":[{"url":"http:\/\/www.tagina.it\/tag21\/tg21-cont\/uploads\/2023\/02\/tagina-solo-50b.svg","type":"","width":"","height":""}],"twitter_card":"summary_large_image","twitter_misc":{"Est. reading time":"2 minutes"},"schema":{"@context":"https:\/\/schema.org","@graph":[{"@type":"WebPage","@id":"https:\/\/www.tagina.it\/fr\/50-ans-dhistoire\/","url":"https:\/\/www.tagina.it\/fr\/50-ans-dhistoire\/","name":"50 ans d\u2019histoire - Tagina","isPartOf":{"@id":"https:\/\/www.tagina.it\/fr\/#website"},"primaryImageOfPage":{"@id":"https:\/\/www.tagina.it\/fr\/50-ans-dhistoire\/#primaryimage"},"image":{"@id":"https:\/\/www.tagina.it\/fr\/50-ans-dhistoire\/#primaryimage"},"thumbnailUrl":"http:\/\/www.tagina.it\/tag21\/tg21-cont\/uploads\/2023\/02\/tagina-solo-50b.svg","datePublished":"2022-10-05T07:26:05+00:00","dateModified":"2025-06-11T16:25:28+00:00","breadcrumb":{"@id":"https:\/\/www.tagina.it\/fr\/50-ans-dhistoire\/#breadcrumb"},"inLanguage":"fr-FR","potentialAction":[{"@type":"ReadAction","target":["https:\/\/www.tagina.it\/fr\/50-ans-dhistoire\/"]}]},{"@type":"ImageObject","inLanguage":"fr-FR","@id":"https:\/\/www.tagina.it\/fr\/50-ans-dhistoire\/#primaryimage","url":"http:\/\/www.tagina.it\/tag21\/tg21-cont\/uploads\/2023\/02\/tagina-solo-50b.svg","contentUrl":"http:\/\/www.tagina.it\/tag21\/tg21-cont\/uploads\/2023\/02\/tagina-solo-50b.svg"},{"@type":"BreadcrumbList","@id":"https:\/\/www.tagina.it\/fr\/50-ans-dhistoire\/#breadcrumb","itemListElement":[{"@type":"ListItem","position":1,"name":"Home","item":"https:\/\/www.tagina.it\/fr\/"},{"@type":"ListItem","position":2,"name":"50 ans d\u2019histoire"}]},{"@type":"WebSite","@id":"https:\/\/www.tagina.it\/fr\/#website","url":"https:\/\/www.tagina.it\/fr\/","name":"Tagina","description":"Storie di stile","publisher":{"@id":"https:\/\/www.tagina.it\/fr\/#organization"},"potentialAction":[{"@type":"SearchAction","target":{"@type":"EntryPoint","urlTemplate":"https:\/\/www.tagina.it\/fr\/?s={search_term_string}"},"query-input":{"@type":"PropertyValueSpecification","valueRequired":true,"valueName":"search_term_string"}}],"inLanguage":"fr-FR"},{"@type":"Organization","@id":"https:\/\/www.tagina.it\/fr\/#organization","name":"Tagina","url":"https:\/\/www.tagina.it\/fr\/","logo":{"@type":"ImageObject","inLanguage":"fr-FR","@id":"https:\/\/www.tagina.it\/fr\/#\/schema\/logo\/image\/","url":"https:\/\/www.tagina.it\/tag21\/tg21-cont\/uploads\/2020\/12\/tagina-logo-h-bianco-oro.svg","contentUrl":"https:\/\/www.tagina.it\/tag21\/tg21-cont\/uploads\/2020\/12\/tagina-logo-h-bianco-oro.svg","width":100,"height":100,"caption":"Tagina"},"image":{"@id":"https:\/\/www.tagina.it\/fr\/#\/schema\/logo\/image\/"}}]}},"_links":{"self":[{"href":"https:\/\/www.tagina.it\/fr\/wp-json\/wp\/v2\/pages\/10362","targetHints":{"allow":["GET"]}}],"collection":[{"href":"https:\/\/www.tagina.it\/fr\/wp-json\/wp\/v2\/pages"}],"about":[{"href":"https:\/\/www.tagina.it\/fr\/wp-json\/wp\/v2\/types\/page"}],"author":[{"embeddable":true,"href":"https:\/\/www.tagina.it\/fr\/wp-json\/wp\/v2\/users\/1"}],"replies":[{"embeddable":true,"href":"https:\/\/www.tagina.it\/fr\/wp-json\/wp\/v2\/comments?post=10362"}],"version-history":[{"count":14,"href":"https:\/\/www.tagina.it\/fr\/wp-json\/wp\/v2\/pages\/10362\/revisions"}],"predecessor-version":[{"id":17104,"href":"https:\/\/www.tagina.it\/fr\/wp-json\/wp\/v2\/pages\/10362\/revisions\/17104"}],"wp:attachment":[{"href":"https:\/\/www.tagina.it\/fr\/wp-json\/wp\/v2\/media?parent=10362"}],"curies":[{"name":"wp","href":"https:\/\/api.w.org\/{rel}","templated":true}]}}