{"id":7111,"date":"2022-02-10T15:57:22","date_gmt":"2022-02-10T14:57:22","guid":{"rendered":"https:\/\/www.tagina.it\/?post_type=collezioni&#038;p=7111"},"modified":"2026-03-05T10:09:00","modified_gmt":"2026-03-05T09:09:00","slug":"segesta","status":"publish","type":"collezioni","link":"https:\/\/www.tagina.it\/fr\/collezioni\/segesta\/","title":{"rendered":"Segesta"},"content":{"rendered":"<p>\u2018C\u2019est ainsi que vous restez, ind\u00e9l\u00e9bile dans le c\u0153ur et l\u2019esprit, curieux et aimable caprice de m\u00e8re nature\u2019. C\u2019est ainsi que le po\u00e8te Nino Testa a d\u00e9crit les paysages de la Sicile, lieu enchanteur d\u2019o\u00f9 est extrait le noble marbre blanc qui a inspir\u00e9 SEGESTA.<\/p>\n<p>Une collection qui a non seulement embrasse cette \u00e9motion, mais qui a \u00e9galement capture, dans ses 3 couleurs, l\u2019essence m\u00eame de l\u2019ile : le soleil, couleur caramel, la mer, en bleu, et sa v\u00e9g\u00e9tation luxuriante, en vert.<\/p>\n<p>Une collection aristocratique et moderne, \u00e9l\u00e9gante et d\u2019un design absolu 100 % Made in Italy.<\/p>\n","protected":false},"excerpt":{"rendered":"<p>\u2018C\u2019est ainsi que vous restez, ind\u00e9l\u00e9bile dans le c\u0153ur et l\u2019esprit, curieux et aimable caprice de m\u00e8re nature\u2019. C\u2019est ainsi que le po\u00e8te Nino Testa a d\u00e9crit les paysages de la Sicile, lieu enchanteur d\u2019o\u00f9 est extrait le noble marbre blanc qui a inspir\u00e9 SEGESTA. Une collection qui a non seulement embrasse cette \u00e9motion, mais [&hellip;]<\/p>\n","protected":false},"featured_media":7324,"parent":0,"menu_order":25,"template":"","meta":{"_acf_changed":false,"footnotes":""},"superfici":[130,146],"spessori":[99,190],"formati":[98,82,22,24,92,247],"look":[149],"decori":[304],"class_list":["post-7111","collezioni","type-collezioni","status-publish","has-post-thumbnail","hentry","superfici-naturel","superfici-brillant","spessori-6-mm","spessori-9-mm","formati-120x280-cm","formati-120x120-cm","formati-60x120-cm","formati-60x60-cm","formati-30x60-cm","formati-7-5x30","look-marble-onyx-fr","decori-mosaico-5x5-30x30-cm"],"acf":[],"yoast_head":"<!-- This site is optimized with the Yoast SEO plugin v27.4 - https:\/\/yoast.com\/product\/yoast-seo-wordpress\/ -->\n<title>Segesta - Tagina<\/title>\n<meta name=\"description\" content=\"Carrelages et dalles en gr\u00e8s c\u00e9rame effet marbre Segesta, avec un fond blanc et des veines Caramel, Bleu et Vert. Pour des sols et des rev\u00eatements \u00e9l\u00e9gants et design.\" \/>\n<meta name=\"robots\" content=\"index, follow, max-snippet:-1, max-image-preview:large, max-video-preview:-1\" \/>\n<link rel=\"canonical\" href=\"https:\/\/www.tagina.it\/fr\/collezioni\/segesta\/\" \/>\n<meta property=\"og:locale\" content=\"fr_FR\" \/>\n<meta property=\"og:type\" content=\"article\" \/>\n<meta property=\"og:title\" content=\"Segesta - Tagina\" \/>\n<meta property=\"og:description\" content=\"Carrelages et dalles en gr\u00e8s c\u00e9rame effet marbre Segesta, avec un fond blanc et des veines Caramel, Bleu et Vert. Pour des sols et des rev\u00eatements \u00e9l\u00e9gants et design.\" \/>\n<meta property=\"og:url\" content=\"https:\/\/www.tagina.it\/fr\/collezioni\/segesta\/\" \/>\n<meta property=\"og:site_name\" content=\"Tagina\" \/>\n<meta property=\"article:modified_time\" content=\"2026-03-05T09:09:00+00:00\" \/>\n<meta property=\"og:image\" content=\"https:\/\/www.tagina.it\/tag21\/tg21-cont\/uploads\/2022\/02\/Ambientazione-Segesta-Caramel-Bagno.jpg\" \/>\n\t<meta property=\"og:image:width\" content=\"1600\" \/>\n\t<meta property=\"og:image:height\" content=\"1201\" \/>\n\t<meta property=\"og:image:type\" content=\"image\/jpeg\" \/>\n<meta name=\"twitter:card\" content=\"summary_large_image\" \/>\n<meta name=\"twitter:label1\" content=\"Est. reading time\" \/>\n\t<meta name=\"twitter:data1\" content=\"1 minute\" \/>\n<script type=\"application\/ld+json\" class=\"yoast-schema-graph\">{\"@context\":\"https:\\\/\\\/schema.org\",\"@graph\":[{\"@type\":\"WebPage\",\"@id\":\"https:\\\/\\\/www.tagina.it\\\/fr\\\/collezioni\\\/segesta\\\/\",\"url\":\"https:\\\/\\\/www.tagina.it\\\/fr\\\/collezioni\\\/segesta\\\/\",\"name\":\"Segesta - Tagina\",\"isPartOf\":{\"@id\":\"https:\\\/\\\/www.tagina.it\\\/fr\\\/#website\"},\"primaryImageOfPage\":{\"@id\":\"https:\\\/\\\/www.tagina.it\\\/fr\\\/collezioni\\\/segesta\\\/#primaryimage\"},\"image\":{\"@id\":\"https:\\\/\\\/www.tagina.it\\\/fr\\\/collezioni\\\/segesta\\\/#primaryimage\"},\"thumbnailUrl\":\"https:\\\/\\\/www.tagina.it\\\/tag21\\\/tg21-cont\\\/uploads\\\/2022\\\/02\\\/Ambientazione-Segesta-Caramel-Bagno.jpg\",\"datePublished\":\"2022-02-10T14:57:22+00:00\",\"dateModified\":\"2026-03-05T09:09:00+00:00\",\"description\":\"Carrelages et dalles en gr\u00e8s c\u00e9rame effet marbre Segesta, avec un fond blanc et des veines Caramel, Bleu et Vert. Pour des sols et des rev\u00eatements \u00e9l\u00e9gants et design.\",\"breadcrumb\":{\"@id\":\"https:\\\/\\\/www.tagina.it\\\/fr\\\/collezioni\\\/segesta\\\/#breadcrumb\"},\"inLanguage\":\"fr-FR\",\"potentialAction\":[{\"@type\":\"ReadAction\",\"target\":[\"https:\\\/\\\/www.tagina.it\\\/fr\\\/collezioni\\\/segesta\\\/\"]}]},{\"@type\":\"ImageObject\",\"inLanguage\":\"fr-FR\",\"@id\":\"https:\\\/\\\/www.tagina.it\\\/fr\\\/collezioni\\\/segesta\\\/#primaryimage\",\"url\":\"https:\\\/\\\/www.tagina.it\\\/tag21\\\/tg21-cont\\\/uploads\\\/2022\\\/02\\\/Ambientazione-Segesta-Caramel-Bagno.jpg\",\"contentUrl\":\"https:\\\/\\\/www.tagina.it\\\/tag21\\\/tg21-cont\\\/uploads\\\/2022\\\/02\\\/Ambientazione-Segesta-Caramel-Bagno.jpg\",\"width\":1600,\"height\":1201,\"caption\":\"Salle de bain en gr\u00e8s c\u00e9rame effet marbre blanc avec veines caramel\"},{\"@type\":\"BreadcrumbList\",\"@id\":\"https:\\\/\\\/www.tagina.it\\\/fr\\\/collezioni\\\/segesta\\\/#breadcrumb\",\"itemListElement\":[{\"@type\":\"ListItem\",\"position\":1,\"name\":\"Home\",\"item\":\"https:\\\/\\\/www.tagina.it\\\/fr\\\/\"},{\"@type\":\"ListItem\",\"position\":2,\"name\":\"Collezioni\",\"item\":\"https:\\\/\\\/www.tagina.it\\\/fr\\\/collezioni\\\/\"},{\"@type\":\"ListItem\",\"position\":3,\"name\":\"Segesta\"}]},{\"@type\":\"WebSite\",\"@id\":\"https:\\\/\\\/www.tagina.it\\\/fr\\\/#website\",\"url\":\"https:\\\/\\\/www.tagina.it\\\/fr\\\/\",\"name\":\"Tagina\",\"description\":\"Storie di stile\",\"publisher\":{\"@id\":\"https:\\\/\\\/www.tagina.it\\\/fr\\\/#organization\"},\"potentialAction\":[{\"@type\":\"SearchAction\",\"target\":{\"@type\":\"EntryPoint\",\"urlTemplate\":\"https:\\\/\\\/www.tagina.it\\\/fr\\\/?s={search_term_string}\"},\"query-input\":{\"@type\":\"PropertyValueSpecification\",\"valueRequired\":true,\"valueName\":\"search_term_string\"}}],\"inLanguage\":\"fr-FR\"},{\"@type\":\"Organization\",\"@id\":\"https:\\\/\\\/www.tagina.it\\\/fr\\\/#organization\",\"name\":\"Tagina\",\"url\":\"https:\\\/\\\/www.tagina.it\\\/fr\\\/\",\"logo\":{\"@type\":\"ImageObject\",\"inLanguage\":\"fr-FR\",\"@id\":\"https:\\\/\\\/www.tagina.it\\\/fr\\\/#\\\/schema\\\/logo\\\/image\\\/\",\"url\":\"https:\\\/\\\/www.tagina.it\\\/tag21\\\/tg21-cont\\\/uploads\\\/2020\\\/12\\\/tagina-logo-h-bianco-oro.svg\",\"contentUrl\":\"https:\\\/\\\/www.tagina.it\\\/tag21\\\/tg21-cont\\\/uploads\\\/2020\\\/12\\\/tagina-logo-h-bianco-oro.svg\",\"width\":100,\"height\":100,\"caption\":\"Tagina\"},\"image\":{\"@id\":\"https:\\\/\\\/www.tagina.it\\\/fr\\\/#\\\/schema\\\/logo\\\/image\\\/\"}}]}<\/script>\n<!-- \/ Yoast SEO plugin. -->","yoast_head_json":{"title":"Segesta - Tagina","description":"Carrelages et dalles en gr\u00e8s c\u00e9rame effet marbre Segesta, avec un fond blanc et des veines Caramel, Bleu et Vert. Pour des sols et des rev\u00eatements \u00e9l\u00e9gants et design.","robots":{"index":"index","follow":"follow","max-snippet":"max-snippet:-1","max-image-preview":"max-image-preview:large","max-video-preview":"max-video-preview:-1"},"canonical":"https:\/\/www.tagina.it\/fr\/collezioni\/segesta\/","og_locale":"fr_FR","og_type":"article","og_title":"Segesta - Tagina","og_description":"Carrelages et dalles en gr\u00e8s c\u00e9rame effet marbre Segesta, avec un fond blanc et des veines Caramel, Bleu et Vert. Pour des sols et des rev\u00eatements \u00e9l\u00e9gants et design.","og_url":"https:\/\/www.tagina.it\/fr\/collezioni\/segesta\/","og_site_name":"Tagina","article_modified_time":"2026-03-05T09:09:00+00:00","og_image":[{"width":1600,"height":1201,"url":"https:\/\/www.tagina.it\/tag21\/tg21-cont\/uploads\/2022\/02\/Ambientazione-Segesta-Caramel-Bagno.jpg","type":"image\/jpeg"}],"twitter_card":"summary_large_image","twitter_misc":{"Est. reading time":"1 minute"},"schema":{"@context":"https:\/\/schema.org","@graph":[{"@type":"WebPage","@id":"https:\/\/www.tagina.it\/fr\/collezioni\/segesta\/","url":"https:\/\/www.tagina.it\/fr\/collezioni\/segesta\/","name":"Segesta - Tagina","isPartOf":{"@id":"https:\/\/www.tagina.it\/fr\/#website"},"primaryImageOfPage":{"@id":"https:\/\/www.tagina.it\/fr\/collezioni\/segesta\/#primaryimage"},"image":{"@id":"https:\/\/www.tagina.it\/fr\/collezioni\/segesta\/#primaryimage"},"thumbnailUrl":"https:\/\/www.tagina.it\/tag21\/tg21-cont\/uploads\/2022\/02\/Ambientazione-Segesta-Caramel-Bagno.jpg","datePublished":"2022-02-10T14:57:22+00:00","dateModified":"2026-03-05T09:09:00+00:00","description":"Carrelages et dalles en gr\u00e8s c\u00e9rame effet marbre Segesta, avec un fond blanc et des veines Caramel, Bleu et Vert. Pour des sols et des rev\u00eatements \u00e9l\u00e9gants et design.","breadcrumb":{"@id":"https:\/\/www.tagina.it\/fr\/collezioni\/segesta\/#breadcrumb"},"inLanguage":"fr-FR","potentialAction":[{"@type":"ReadAction","target":["https:\/\/www.tagina.it\/fr\/collezioni\/segesta\/"]}]},{"@type":"ImageObject","inLanguage":"fr-FR","@id":"https:\/\/www.tagina.it\/fr\/collezioni\/segesta\/#primaryimage","url":"https:\/\/www.tagina.it\/tag21\/tg21-cont\/uploads\/2022\/02\/Ambientazione-Segesta-Caramel-Bagno.jpg","contentUrl":"https:\/\/www.tagina.it\/tag21\/tg21-cont\/uploads\/2022\/02\/Ambientazione-Segesta-Caramel-Bagno.jpg","width":1600,"height":1201,"caption":"Salle de bain en gr\u00e8s c\u00e9rame effet marbre blanc avec veines caramel"},{"@type":"BreadcrumbList","@id":"https:\/\/www.tagina.it\/fr\/collezioni\/segesta\/#breadcrumb","itemListElement":[{"@type":"ListItem","position":1,"name":"Home","item":"https:\/\/www.tagina.it\/fr\/"},{"@type":"ListItem","position":2,"name":"Collezioni","item":"https:\/\/www.tagina.it\/fr\/collezioni\/"},{"@type":"ListItem","position":3,"name":"Segesta"}]},{"@type":"WebSite","@id":"https:\/\/www.tagina.it\/fr\/#website","url":"https:\/\/www.tagina.it\/fr\/","name":"Tagina","description":"Storie di stile","publisher":{"@id":"https:\/\/www.tagina.it\/fr\/#organization"},"potentialAction":[{"@type":"SearchAction","target":{"@type":"EntryPoint","urlTemplate":"https:\/\/www.tagina.it\/fr\/?s={search_term_string}"},"query-input":{"@type":"PropertyValueSpecification","valueRequired":true,"valueName":"search_term_string"}}],"inLanguage":"fr-FR"},{"@type":"Organization","@id":"https:\/\/www.tagina.it\/fr\/#organization","name":"Tagina","url":"https:\/\/www.tagina.it\/fr\/","logo":{"@type":"ImageObject","inLanguage":"fr-FR","@id":"https:\/\/www.tagina.it\/fr\/#\/schema\/logo\/image\/","url":"https:\/\/www.tagina.it\/tag21\/tg21-cont\/uploads\/2020\/12\/tagina-logo-h-bianco-oro.svg","contentUrl":"https:\/\/www.tagina.it\/tag21\/tg21-cont\/uploads\/2020\/12\/tagina-logo-h-bianco-oro.svg","width":100,"height":100,"caption":"Tagina"},"image":{"@id":"https:\/\/www.tagina.it\/fr\/#\/schema\/logo\/image\/"}}]}},"_links":{"self":[{"href":"https:\/\/www.tagina.it\/fr\/wp-json\/wp\/v2\/collezioni\/7111","targetHints":{"allow":["GET"]}}],"collection":[{"href":"https:\/\/www.tagina.it\/fr\/wp-json\/wp\/v2\/collezioni"}],"about":[{"href":"https:\/\/www.tagina.it\/fr\/wp-json\/wp\/v2\/types\/collezioni"}],"version-history":[{"count":2,"href":"https:\/\/www.tagina.it\/fr\/wp-json\/wp\/v2\/collezioni\/7111\/revisions"}],"predecessor-version":[{"id":16398,"href":"https:\/\/www.tagina.it\/fr\/wp-json\/wp\/v2\/collezioni\/7111\/revisions\/16398"}],"wp:featuredmedia":[{"embeddable":true,"href":"https:\/\/www.tagina.it\/fr\/wp-json\/wp\/v2\/media\/7324"}],"wp:attachment":[{"href":"https:\/\/www.tagina.it\/fr\/wp-json\/wp\/v2\/media?parent=7111"}],"wp:term":[{"taxonomy":"superfici","embeddable":true,"href":"https:\/\/www.tagina.it\/fr\/wp-json\/wp\/v2\/superfici?post=7111"},{"taxonomy":"spessori","embeddable":true,"href":"https:\/\/www.tagina.it\/fr\/wp-json\/wp\/v2\/spessori?post=7111"},{"taxonomy":"formati","embeddable":true,"href":"https:\/\/www.tagina.it\/fr\/wp-json\/wp\/v2\/formati?post=7111"},{"taxonomy":"look","embeddable":true,"href":"https:\/\/www.tagina.it\/fr\/wp-json\/wp\/v2\/look?post=7111"},{"taxonomy":"decori","embeddable":true,"href":"https:\/\/www.tagina.it\/fr\/wp-json\/wp\/v2\/decori?post=7111"}],"curies":[{"name":"wp","href":"https:\/\/api.w.org\/{rel}","templated":true}]}}