{"id":4364,"date":"2021-03-10T17:42:06","date_gmt":"2021-03-10T16:42:06","guid":{"rendered":"https:\/\/www.tagina.it\/?post_type=collezioni&#038;p=4364"},"modified":"2025-03-27T15:53:22","modified_gmt":"2025-03-27T14:53:22","slug":"aurum-stone","status":"publish","type":"collezioni","link":"https:\/\/www.tagina.it\/fr\/collezioni\/aurum-stone\/","title":{"rendered":"Aurum Stone"},"content":{"rendered":"<p>La pierre calcaire typique de Bavi\u00e8re, un \u00e9l\u00e9gant mat\u00e9riau jaune ambr\u00e9 dans des tons allant de l\u2019or au beige, caract\u00e9ris\u00e9 par des \u00ab dessins \u00bb particuliers que les s\u00e9diments aqueux ont laiss\u00e9s \u00e0 la surface pendant des milliers d\u2019ann\u00e9es, est la source d\u2019inspiration de Aurum Stone. Une collection en gr\u00e8s c\u00e9rame d\u00e9velopp\u00e9e dans une seule couleur pour pr\u00e9server l\u2019essence et le caract\u00e8re de la pierre originale avec la qualit\u00e9 de la haute d\u00e9finition. Enrichie d\u2019une gamme compl\u00e8te de dimensions et de finitions antid\u00e9rapantes R11 pour l\u2019int\u00e9rieur et l\u2019ext\u00e9rieur, cette collection compl\u00e8te est en mesure de meubler des espaces int\u00e9rieurs et ext\u00e9rieurs, r\u00e9sidentiels et commerciaux, dans une continuit\u00e9 chromatique absolue.<\/p>\n","protected":false},"excerpt":{"rendered":"<p>La pierre calcaire typique de Bavi\u00e8re, un \u00e9l\u00e9gant mat\u00e9riau jaune ambr\u00e9 dans des tons allant de l\u2019or au beige, caract\u00e9ris\u00e9 par des \u00ab dessins \u00bb particuliers que les s\u00e9diments aqueux ont laiss\u00e9s \u00e0 la surface pendant des milliers d\u2019ann\u00e9es, est la source d\u2019inspiration de Aurum Stone. Une collection en gr\u00e8s c\u00e9rame d\u00e9velopp\u00e9e dans une seule [&hellip;]<\/p>\n","protected":false},"featured_media":4356,"parent":0,"menu_order":160,"template":"","meta":{"_acf_changed":false,"footnotes":""},"superfici":[130,132],"spessori":[190,20],"formati":[22,186,24,92],"look":[128,129],"decori":[304],"class_list":["post-4364","collezioni","type-collezioni","status-publish","has-post-thumbnail","hentry","superfici-naturel","superfici-r11-fr","spessori-9-mm","spessori-20-mm","formati-60x120-cm","formati-302x604-cm","formati-60x60-cm","formati-30x60-cm","look-stone-classic-fr","look-exterieur","decori-mosaico-5x5-30x30-cm"],"acf":[],"yoast_head":"<!-- This site is optimized with the Yoast SEO plugin v27.5 - https:\/\/yoast.com\/product\/yoast-seo-wordpress\/ -->\n<title>Aurum Stone - Tagina<\/title>\n<meta name=\"description\" content=\"Collection de carreaux en gr\u00e8s c\u00e9rame effet pierre pour sols et murs d&#039;int\u00e9rieur et d&#039;ext\u00e9rieur, dans une seule variante chromatique ; Pure.\" \/>\n<meta name=\"robots\" content=\"index, follow, max-snippet:-1, max-image-preview:large, max-video-preview:-1\" \/>\n<link rel=\"canonical\" href=\"https:\/\/www.tagina.it\/fr\/collezioni\/aurum-stone\/\" \/>\n<meta property=\"og:locale\" content=\"fr_FR\" \/>\n<meta property=\"og:type\" content=\"article\" \/>\n<meta property=\"og:title\" content=\"Aurum Stone - Tagina\" \/>\n<meta property=\"og:description\" content=\"Collection de carreaux en gr\u00e8s c\u00e9rame effet pierre pour sols et murs d&#039;int\u00e9rieur et d&#039;ext\u00e9rieur, dans une seule variante chromatique ; Pure.\" \/>\n<meta property=\"og:url\" content=\"https:\/\/www.tagina.it\/fr\/collezioni\/aurum-stone\/\" \/>\n<meta property=\"og:site_name\" content=\"Tagina\" \/>\n<meta property=\"article:modified_time\" content=\"2025-03-27T14:53:22+00:00\" \/>\n<meta property=\"og:image\" content=\"https:\/\/www.tagina.it\/tag21\/tg21-cont\/uploads\/2021\/03\/Tagina-Aurum-Stone-Pure-living-p.jpg\" \/>\n\t<meta property=\"og:image:width\" content=\"1600\" \/>\n\t<meta property=\"og:image:height\" content=\"1131\" \/>\n\t<meta property=\"og:image:type\" content=\"image\/jpeg\" \/>\n<meta name=\"twitter:card\" content=\"summary_large_image\" \/>\n<meta name=\"twitter:label1\" content=\"Est. reading time\" \/>\n\t<meta name=\"twitter:data1\" content=\"1 minute\" \/>\n<script type=\"application\/ld+json\" class=\"yoast-schema-graph\">{\"@context\":\"https:\\\/\\\/schema.org\",\"@graph\":[{\"@type\":\"WebPage\",\"@id\":\"https:\\\/\\\/www.tagina.it\\\/fr\\\/collezioni\\\/aurum-stone\\\/\",\"url\":\"https:\\\/\\\/www.tagina.it\\\/fr\\\/collezioni\\\/aurum-stone\\\/\",\"name\":\"Aurum Stone - Tagina\",\"isPartOf\":{\"@id\":\"https:\\\/\\\/www.tagina.it\\\/fr\\\/#website\"},\"primaryImageOfPage\":{\"@id\":\"https:\\\/\\\/www.tagina.it\\\/fr\\\/collezioni\\\/aurum-stone\\\/#primaryimage\"},\"image\":{\"@id\":\"https:\\\/\\\/www.tagina.it\\\/fr\\\/collezioni\\\/aurum-stone\\\/#primaryimage\"},\"thumbnailUrl\":\"https:\\\/\\\/www.tagina.it\\\/tag21\\\/tg21-cont\\\/uploads\\\/2021\\\/03\\\/Tagina-Aurum-Stone-Pure-living-p.jpg\",\"datePublished\":\"2021-03-10T16:42:06+00:00\",\"dateModified\":\"2025-03-27T14:53:22+00:00\",\"description\":\"Collection de carreaux en gr\u00e8s c\u00e9rame effet pierre pour sols et murs d'int\u00e9rieur et d'ext\u00e9rieur, dans une seule variante chromatique ; Pure.\",\"breadcrumb\":{\"@id\":\"https:\\\/\\\/www.tagina.it\\\/fr\\\/collezioni\\\/aurum-stone\\\/#breadcrumb\"},\"inLanguage\":\"fr-FR\",\"potentialAction\":[{\"@type\":\"ReadAction\",\"target\":[\"https:\\\/\\\/www.tagina.it\\\/fr\\\/collezioni\\\/aurum-stone\\\/\"]}]},{\"@type\":\"ImageObject\",\"inLanguage\":\"fr-FR\",\"@id\":\"https:\\\/\\\/www.tagina.it\\\/fr\\\/collezioni\\\/aurum-stone\\\/#primaryimage\",\"url\":\"https:\\\/\\\/www.tagina.it\\\/tag21\\\/tg21-cont\\\/uploads\\\/2021\\\/03\\\/Tagina-Aurum-Stone-Pure-living-p.jpg\",\"contentUrl\":\"https:\\\/\\\/www.tagina.it\\\/tag21\\\/tg21-cont\\\/uploads\\\/2021\\\/03\\\/Tagina-Aurum-Stone-Pure-living-p.jpg\",\"width\":1600,\"height\":1131,\"caption\":\"S\u00e9jour spacieux avec de larges baies vitr\u00e9es et chemin\u00e9e, dot\u00e9 d'un canap\u00e9 marron et d'un mobilier int\u00e9gr\u00e9\"},{\"@type\":\"BreadcrumbList\",\"@id\":\"https:\\\/\\\/www.tagina.it\\\/fr\\\/collezioni\\\/aurum-stone\\\/#breadcrumb\",\"itemListElement\":[{\"@type\":\"ListItem\",\"position\":1,\"name\":\"Home\",\"item\":\"https:\\\/\\\/www.tagina.it\\\/fr\\\/\"},{\"@type\":\"ListItem\",\"position\":2,\"name\":\"Collezioni\",\"item\":\"https:\\\/\\\/www.tagina.it\\\/fr\\\/collezioni\\\/\"},{\"@type\":\"ListItem\",\"position\":3,\"name\":\"Aurum Stone\"}]},{\"@type\":\"WebSite\",\"@id\":\"https:\\\/\\\/www.tagina.it\\\/fr\\\/#website\",\"url\":\"https:\\\/\\\/www.tagina.it\\\/fr\\\/\",\"name\":\"Tagina\",\"description\":\"Storie di stile\",\"publisher\":{\"@id\":\"https:\\\/\\\/www.tagina.it\\\/fr\\\/#organization\"},\"potentialAction\":[{\"@type\":\"SearchAction\",\"target\":{\"@type\":\"EntryPoint\",\"urlTemplate\":\"https:\\\/\\\/www.tagina.it\\\/fr\\\/?s={search_term_string}\"},\"query-input\":{\"@type\":\"PropertyValueSpecification\",\"valueRequired\":true,\"valueName\":\"search_term_string\"}}],\"inLanguage\":\"fr-FR\"},{\"@type\":\"Organization\",\"@id\":\"https:\\\/\\\/www.tagina.it\\\/fr\\\/#organization\",\"name\":\"Tagina\",\"url\":\"https:\\\/\\\/www.tagina.it\\\/fr\\\/\",\"logo\":{\"@type\":\"ImageObject\",\"inLanguage\":\"fr-FR\",\"@id\":\"https:\\\/\\\/www.tagina.it\\\/fr\\\/#\\\/schema\\\/logo\\\/image\\\/\",\"url\":\"https:\\\/\\\/www.tagina.it\\\/tag21\\\/tg21-cont\\\/uploads\\\/2020\\\/12\\\/tagina-logo-h-bianco-oro.svg\",\"contentUrl\":\"https:\\\/\\\/www.tagina.it\\\/tag21\\\/tg21-cont\\\/uploads\\\/2020\\\/12\\\/tagina-logo-h-bianco-oro.svg\",\"width\":100,\"height\":100,\"caption\":\"Tagina\"},\"image\":{\"@id\":\"https:\\\/\\\/www.tagina.it\\\/fr\\\/#\\\/schema\\\/logo\\\/image\\\/\"}}]}<\/script>\n<!-- \/ Yoast SEO plugin. -->","yoast_head_json":{"title":"Aurum Stone - Tagina","description":"Collection de carreaux en gr\u00e8s c\u00e9rame effet pierre pour sols et murs d'int\u00e9rieur et d'ext\u00e9rieur, dans une seule variante chromatique ; Pure.","robots":{"index":"index","follow":"follow","max-snippet":"max-snippet:-1","max-image-preview":"max-image-preview:large","max-video-preview":"max-video-preview:-1"},"canonical":"https:\/\/www.tagina.it\/fr\/collezioni\/aurum-stone\/","og_locale":"fr_FR","og_type":"article","og_title":"Aurum Stone - Tagina","og_description":"Collection de carreaux en gr\u00e8s c\u00e9rame effet pierre pour sols et murs d'int\u00e9rieur et d'ext\u00e9rieur, dans une seule variante chromatique ; Pure.","og_url":"https:\/\/www.tagina.it\/fr\/collezioni\/aurum-stone\/","og_site_name":"Tagina","article_modified_time":"2025-03-27T14:53:22+00:00","og_image":[{"width":1600,"height":1131,"url":"https:\/\/www.tagina.it\/tag21\/tg21-cont\/uploads\/2021\/03\/Tagina-Aurum-Stone-Pure-living-p.jpg","type":"image\/jpeg"}],"twitter_card":"summary_large_image","twitter_misc":{"Est. reading time":"1 minute"},"schema":{"@context":"https:\/\/schema.org","@graph":[{"@type":"WebPage","@id":"https:\/\/www.tagina.it\/fr\/collezioni\/aurum-stone\/","url":"https:\/\/www.tagina.it\/fr\/collezioni\/aurum-stone\/","name":"Aurum Stone - Tagina","isPartOf":{"@id":"https:\/\/www.tagina.it\/fr\/#website"},"primaryImageOfPage":{"@id":"https:\/\/www.tagina.it\/fr\/collezioni\/aurum-stone\/#primaryimage"},"image":{"@id":"https:\/\/www.tagina.it\/fr\/collezioni\/aurum-stone\/#primaryimage"},"thumbnailUrl":"https:\/\/www.tagina.it\/tag21\/tg21-cont\/uploads\/2021\/03\/Tagina-Aurum-Stone-Pure-living-p.jpg","datePublished":"2021-03-10T16:42:06+00:00","dateModified":"2025-03-27T14:53:22+00:00","description":"Collection de carreaux en gr\u00e8s c\u00e9rame effet pierre pour sols et murs d'int\u00e9rieur et d'ext\u00e9rieur, dans une seule variante chromatique ; Pure.","breadcrumb":{"@id":"https:\/\/www.tagina.it\/fr\/collezioni\/aurum-stone\/#breadcrumb"},"inLanguage":"fr-FR","potentialAction":[{"@type":"ReadAction","target":["https:\/\/www.tagina.it\/fr\/collezioni\/aurum-stone\/"]}]},{"@type":"ImageObject","inLanguage":"fr-FR","@id":"https:\/\/www.tagina.it\/fr\/collezioni\/aurum-stone\/#primaryimage","url":"https:\/\/www.tagina.it\/tag21\/tg21-cont\/uploads\/2021\/03\/Tagina-Aurum-Stone-Pure-living-p.jpg","contentUrl":"https:\/\/www.tagina.it\/tag21\/tg21-cont\/uploads\/2021\/03\/Tagina-Aurum-Stone-Pure-living-p.jpg","width":1600,"height":1131,"caption":"S\u00e9jour spacieux avec de larges baies vitr\u00e9es et chemin\u00e9e, dot\u00e9 d'un canap\u00e9 marron et d'un mobilier int\u00e9gr\u00e9"},{"@type":"BreadcrumbList","@id":"https:\/\/www.tagina.it\/fr\/collezioni\/aurum-stone\/#breadcrumb","itemListElement":[{"@type":"ListItem","position":1,"name":"Home","item":"https:\/\/www.tagina.it\/fr\/"},{"@type":"ListItem","position":2,"name":"Collezioni","item":"https:\/\/www.tagina.it\/fr\/collezioni\/"},{"@type":"ListItem","position":3,"name":"Aurum Stone"}]},{"@type":"WebSite","@id":"https:\/\/www.tagina.it\/fr\/#website","url":"https:\/\/www.tagina.it\/fr\/","name":"Tagina","description":"Storie di stile","publisher":{"@id":"https:\/\/www.tagina.it\/fr\/#organization"},"potentialAction":[{"@type":"SearchAction","target":{"@type":"EntryPoint","urlTemplate":"https:\/\/www.tagina.it\/fr\/?s={search_term_string}"},"query-input":{"@type":"PropertyValueSpecification","valueRequired":true,"valueName":"search_term_string"}}],"inLanguage":"fr-FR"},{"@type":"Organization","@id":"https:\/\/www.tagina.it\/fr\/#organization","name":"Tagina","url":"https:\/\/www.tagina.it\/fr\/","logo":{"@type":"ImageObject","inLanguage":"fr-FR","@id":"https:\/\/www.tagina.it\/fr\/#\/schema\/logo\/image\/","url":"https:\/\/www.tagina.it\/tag21\/tg21-cont\/uploads\/2020\/12\/tagina-logo-h-bianco-oro.svg","contentUrl":"https:\/\/www.tagina.it\/tag21\/tg21-cont\/uploads\/2020\/12\/tagina-logo-h-bianco-oro.svg","width":100,"height":100,"caption":"Tagina"},"image":{"@id":"https:\/\/www.tagina.it\/fr\/#\/schema\/logo\/image\/"}}]}},"_links":{"self":[{"href":"https:\/\/www.tagina.it\/fr\/wp-json\/wp\/v2\/collezioni\/4364","targetHints":{"allow":["GET"]}}],"collection":[{"href":"https:\/\/www.tagina.it\/fr\/wp-json\/wp\/v2\/collezioni"}],"about":[{"href":"https:\/\/www.tagina.it\/fr\/wp-json\/wp\/v2\/types\/collezioni"}],"version-history":[{"count":3,"href":"https:\/\/www.tagina.it\/fr\/wp-json\/wp\/v2\/collezioni\/4364\/revisions"}],"predecessor-version":[{"id":16407,"href":"https:\/\/www.tagina.it\/fr\/wp-json\/wp\/v2\/collezioni\/4364\/revisions\/16407"}],"wp:featuredmedia":[{"embeddable":true,"href":"https:\/\/www.tagina.it\/fr\/wp-json\/wp\/v2\/media\/4356"}],"wp:attachment":[{"href":"https:\/\/www.tagina.it\/fr\/wp-json\/wp\/v2\/media?parent=4364"}],"wp:term":[{"taxonomy":"superfici","embeddable":true,"href":"https:\/\/www.tagina.it\/fr\/wp-json\/wp\/v2\/superfici?post=4364"},{"taxonomy":"spessori","embeddable":true,"href":"https:\/\/www.tagina.it\/fr\/wp-json\/wp\/v2\/spessori?post=4364"},{"taxonomy":"formati","embeddable":true,"href":"https:\/\/www.tagina.it\/fr\/wp-json\/wp\/v2\/formati?post=4364"},{"taxonomy":"look","embeddable":true,"href":"https:\/\/www.tagina.it\/fr\/wp-json\/wp\/v2\/look?post=4364"},{"taxonomy":"decori","embeddable":true,"href":"https:\/\/www.tagina.it\/fr\/wp-json\/wp\/v2\/decori?post=4364"}],"curies":[{"name":"wp","href":"https:\/\/api.w.org\/{rel}","templated":true}]}}