{"id":3495,"date":"2020-12-03T12:43:49","date_gmt":"2020-12-03T11:43:49","guid":{"rendered":"https:\/\/www.tagina.it\/collezioni\/pietra-regale\/"},"modified":"2026-03-05T10:15:26","modified_gmt":"2026-03-05T09:15:26","slug":"pietra-regale","status":"publish","type":"collezioni","link":"https:\/\/www.tagina.it\/fr\/collezioni\/pietra-regale\/","title":{"rendered":"Pietra Regale"},"content":{"rendered":"<p>Le caract\u00e8re \u00e0 la fois sobre et d\u00e9cisif de la Pierre de Luzerne (depuis des si\u00e8cles la fiert\u00e9 de l&#8217;architecture pi\u00e9montaise, utilis\u00e9e dans des b\u00e2timents qui sont des symboles de son histoire, de la Reggia di Venaria \u00e0 la Mole Antonelliana) revit dans Pietra Regale. Une collection qui interpr\u00e8te ce mat\u00e9riau noble avec un go\u00fbt contemporain et qui amplifie son potentiel de conception gr\u00e2ce aux caract\u00e9ristiques uniques du gr\u00e8s c\u00e9rame en termes de polyvalence, de r\u00e9sistance et de praticit\u00e9. 5 couleurs, en 2 \u00e9paisseurs, pour un design qui sait combiner diff\u00e9rents contextes et usages, indoor et outdoor, image et substance, tradition et innovation.<\/p>\n","protected":false},"excerpt":{"rendered":"<p>Le caract\u00e8re \u00e0 la fois sobre et d\u00e9cisif de la Pierre de Luzerne (depuis des si\u00e8cles la fiert\u00e9 de l&#8217;architecture pi\u00e9montaise, utilis\u00e9e dans des b\u00e2timents qui sont des symboles de son histoire, de la Reggia di Venaria \u00e0 la Mole Antonelliana) revit dans Pietra Regale. Une collection qui interpr\u00e8te ce mat\u00e9riau noble avec un go\u00fbt [&hellip;]<\/p>\n","protected":false},"featured_media":4068,"parent":0,"menu_order":50,"template":"","meta":{"_acf_changed":false,"footnotes":""},"superfici":[130,132],"spessori":[190,20],"formati":[22,23,186,24,92],"look":[128,129],"decori":[304,305],"class_list":["post-3495","collezioni","type-collezioni","status-publish","has-post-thumbnail","hentry","superfici-naturel","superfici-r11-fr","spessori-9-mm","spessori-20-mm","formati-60x120-cm","formati-90x90-cm","formati-302x604-cm","formati-60x60-cm","formati-30x60-cm","look-stone-classic-fr","look-exterieur","decori-mosaico-5x5-30x30-cm","decori-muretto-15x60-cm"],"acf":[],"yoast_head":"<!-- This site is optimized with the Yoast SEO plugin v27.4 - https:\/\/yoast.com\/product\/yoast-seo-wordpress\/ -->\n<title>Pietra Regale - Tagina<\/title>\n<meta name=\"description\" content=\"Une collection en gr\u00e8s c\u00e9rame effet pierre de Luserna, pour sols et murs ext\u00e9rieurs et int\u00e9rieurs, disponible en 6 formats.\" \/>\n<meta name=\"robots\" content=\"index, follow, max-snippet:-1, max-image-preview:large, max-video-preview:-1\" \/>\n<link rel=\"canonical\" href=\"https:\/\/www.tagina.it\/fr\/collezioni\/pietra-regale\/\" \/>\n<meta property=\"og:locale\" content=\"fr_FR\" \/>\n<meta property=\"og:type\" content=\"article\" \/>\n<meta property=\"og:title\" content=\"Pietra Regale - Tagina\" \/>\n<meta property=\"og:description\" content=\"Une collection en gr\u00e8s c\u00e9rame effet pierre de Luserna, pour sols et murs ext\u00e9rieurs et int\u00e9rieurs, disponible en 6 formats.\" \/>\n<meta property=\"og:url\" content=\"https:\/\/www.tagina.it\/fr\/collezioni\/pietra-regale\/\" \/>\n<meta property=\"og:site_name\" content=\"Tagina\" \/>\n<meta property=\"article:modified_time\" content=\"2026-03-05T09:15:26+00:00\" \/>\n<meta property=\"og:image\" content=\"https:\/\/www.tagina.it\/tag21\/tg21-cont\/uploads\/2021\/03\/Tagina-PietraRegale-Ostana-living-1024x791.jpg\" \/>\n\t<meta property=\"og:image:width\" content=\"1024\" \/>\n\t<meta property=\"og:image:height\" content=\"791\" \/>\n\t<meta property=\"og:image:type\" content=\"image\/jpeg\" \/>\n<meta name=\"twitter:card\" content=\"summary_large_image\" \/>\n<meta name=\"twitter:label1\" content=\"Est. reading time\" \/>\n\t<meta name=\"twitter:data1\" content=\"1 minute\" \/>\n<script type=\"application\/ld+json\" class=\"yoast-schema-graph\">{\"@context\":\"https:\\\/\\\/schema.org\",\"@graph\":[{\"@type\":\"WebPage\",\"@id\":\"https:\\\/\\\/www.tagina.it\\\/fr\\\/collezioni\\\/pietra-regale\\\/\",\"url\":\"https:\\\/\\\/www.tagina.it\\\/fr\\\/collezioni\\\/pietra-regale\\\/\",\"name\":\"Pietra Regale - Tagina\",\"isPartOf\":{\"@id\":\"https:\\\/\\\/www.tagina.it\\\/fr\\\/#website\"},\"primaryImageOfPage\":{\"@id\":\"https:\\\/\\\/www.tagina.it\\\/fr\\\/collezioni\\\/pietra-regale\\\/#primaryimage\"},\"image\":{\"@id\":\"https:\\\/\\\/www.tagina.it\\\/fr\\\/collezioni\\\/pietra-regale\\\/#primaryimage\"},\"thumbnailUrl\":\"https:\\\/\\\/www.tagina.it\\\/tag21\\\/tg21-cont\\\/uploads\\\/2021\\\/03\\\/Tagina-PietraRegale-Ostana-living.jpg\",\"datePublished\":\"2020-12-03T11:43:49+00:00\",\"dateModified\":\"2026-03-05T09:15:26+00:00\",\"description\":\"Une collection en gr\u00e8s c\u00e9rame effet pierre de Luserna, pour sols et murs ext\u00e9rieurs et int\u00e9rieurs, disponible en 6 formats.\",\"breadcrumb\":{\"@id\":\"https:\\\/\\\/www.tagina.it\\\/fr\\\/collezioni\\\/pietra-regale\\\/#breadcrumb\"},\"inLanguage\":\"fr-FR\",\"potentialAction\":[{\"@type\":\"ReadAction\",\"target\":[\"https:\\\/\\\/www.tagina.it\\\/fr\\\/collezioni\\\/pietra-regale\\\/\"]}]},{\"@type\":\"ImageObject\",\"inLanguage\":\"fr-FR\",\"@id\":\"https:\\\/\\\/www.tagina.it\\\/fr\\\/collezioni\\\/pietra-regale\\\/#primaryimage\",\"url\":\"https:\\\/\\\/www.tagina.it\\\/tag21\\\/tg21-cont\\\/uploads\\\/2021\\\/03\\\/Tagina-PietraRegale-Ostana-living.jpg\",\"contentUrl\":\"https:\\\/\\\/www.tagina.it\\\/tag21\\\/tg21-cont\\\/uploads\\\/2021\\\/03\\\/Tagina-PietraRegale-Ostana-living.jpg\",\"width\":2072,\"height\":1600,\"caption\":\"Espace ouvert salon et cuisine en gr\u00e8s c\u00e9rame effet pierre grise\"},{\"@type\":\"BreadcrumbList\",\"@id\":\"https:\\\/\\\/www.tagina.it\\\/fr\\\/collezioni\\\/pietra-regale\\\/#breadcrumb\",\"itemListElement\":[{\"@type\":\"ListItem\",\"position\":1,\"name\":\"Home\",\"item\":\"https:\\\/\\\/www.tagina.it\\\/fr\\\/\"},{\"@type\":\"ListItem\",\"position\":2,\"name\":\"Collezioni\",\"item\":\"https:\\\/\\\/www.tagina.it\\\/fr\\\/collezioni\\\/\"},{\"@type\":\"ListItem\",\"position\":3,\"name\":\"Pietra Regale\"}]},{\"@type\":\"WebSite\",\"@id\":\"https:\\\/\\\/www.tagina.it\\\/fr\\\/#website\",\"url\":\"https:\\\/\\\/www.tagina.it\\\/fr\\\/\",\"name\":\"Tagina\",\"description\":\"Storie di stile\",\"publisher\":{\"@id\":\"https:\\\/\\\/www.tagina.it\\\/fr\\\/#organization\"},\"potentialAction\":[{\"@type\":\"SearchAction\",\"target\":{\"@type\":\"EntryPoint\",\"urlTemplate\":\"https:\\\/\\\/www.tagina.it\\\/fr\\\/?s={search_term_string}\"},\"query-input\":{\"@type\":\"PropertyValueSpecification\",\"valueRequired\":true,\"valueName\":\"search_term_string\"}}],\"inLanguage\":\"fr-FR\"},{\"@type\":\"Organization\",\"@id\":\"https:\\\/\\\/www.tagina.it\\\/fr\\\/#organization\",\"name\":\"Tagina\",\"url\":\"https:\\\/\\\/www.tagina.it\\\/fr\\\/\",\"logo\":{\"@type\":\"ImageObject\",\"inLanguage\":\"fr-FR\",\"@id\":\"https:\\\/\\\/www.tagina.it\\\/fr\\\/#\\\/schema\\\/logo\\\/image\\\/\",\"url\":\"https:\\\/\\\/www.tagina.it\\\/tag21\\\/tg21-cont\\\/uploads\\\/2020\\\/12\\\/tagina-logo-h-bianco-oro.svg\",\"contentUrl\":\"https:\\\/\\\/www.tagina.it\\\/tag21\\\/tg21-cont\\\/uploads\\\/2020\\\/12\\\/tagina-logo-h-bianco-oro.svg\",\"width\":100,\"height\":100,\"caption\":\"Tagina\"},\"image\":{\"@id\":\"https:\\\/\\\/www.tagina.it\\\/fr\\\/#\\\/schema\\\/logo\\\/image\\\/\"}}]}<\/script>\n<!-- \/ Yoast SEO plugin. -->","yoast_head_json":{"title":"Pietra Regale - Tagina","description":"Une collection en gr\u00e8s c\u00e9rame effet pierre de Luserna, pour sols et murs ext\u00e9rieurs et int\u00e9rieurs, disponible en 6 formats.","robots":{"index":"index","follow":"follow","max-snippet":"max-snippet:-1","max-image-preview":"max-image-preview:large","max-video-preview":"max-video-preview:-1"},"canonical":"https:\/\/www.tagina.it\/fr\/collezioni\/pietra-regale\/","og_locale":"fr_FR","og_type":"article","og_title":"Pietra Regale - Tagina","og_description":"Une collection en gr\u00e8s c\u00e9rame effet pierre de Luserna, pour sols et murs ext\u00e9rieurs et int\u00e9rieurs, disponible en 6 formats.","og_url":"https:\/\/www.tagina.it\/fr\/collezioni\/pietra-regale\/","og_site_name":"Tagina","article_modified_time":"2026-03-05T09:15:26+00:00","og_image":[{"width":1024,"height":791,"url":"https:\/\/www.tagina.it\/tag21\/tg21-cont\/uploads\/2021\/03\/Tagina-PietraRegale-Ostana-living-1024x791.jpg","type":"image\/jpeg"}],"twitter_card":"summary_large_image","twitter_misc":{"Est. reading time":"1 minute"},"schema":{"@context":"https:\/\/schema.org","@graph":[{"@type":"WebPage","@id":"https:\/\/www.tagina.it\/fr\/collezioni\/pietra-regale\/","url":"https:\/\/www.tagina.it\/fr\/collezioni\/pietra-regale\/","name":"Pietra Regale - Tagina","isPartOf":{"@id":"https:\/\/www.tagina.it\/fr\/#website"},"primaryImageOfPage":{"@id":"https:\/\/www.tagina.it\/fr\/collezioni\/pietra-regale\/#primaryimage"},"image":{"@id":"https:\/\/www.tagina.it\/fr\/collezioni\/pietra-regale\/#primaryimage"},"thumbnailUrl":"https:\/\/www.tagina.it\/tag21\/tg21-cont\/uploads\/2021\/03\/Tagina-PietraRegale-Ostana-living.jpg","datePublished":"2020-12-03T11:43:49+00:00","dateModified":"2026-03-05T09:15:26+00:00","description":"Une collection en gr\u00e8s c\u00e9rame effet pierre de Luserna, pour sols et murs ext\u00e9rieurs et int\u00e9rieurs, disponible en 6 formats.","breadcrumb":{"@id":"https:\/\/www.tagina.it\/fr\/collezioni\/pietra-regale\/#breadcrumb"},"inLanguage":"fr-FR","potentialAction":[{"@type":"ReadAction","target":["https:\/\/www.tagina.it\/fr\/collezioni\/pietra-regale\/"]}]},{"@type":"ImageObject","inLanguage":"fr-FR","@id":"https:\/\/www.tagina.it\/fr\/collezioni\/pietra-regale\/#primaryimage","url":"https:\/\/www.tagina.it\/tag21\/tg21-cont\/uploads\/2021\/03\/Tagina-PietraRegale-Ostana-living.jpg","contentUrl":"https:\/\/www.tagina.it\/tag21\/tg21-cont\/uploads\/2021\/03\/Tagina-PietraRegale-Ostana-living.jpg","width":2072,"height":1600,"caption":"Espace ouvert salon et cuisine en gr\u00e8s c\u00e9rame effet pierre grise"},{"@type":"BreadcrumbList","@id":"https:\/\/www.tagina.it\/fr\/collezioni\/pietra-regale\/#breadcrumb","itemListElement":[{"@type":"ListItem","position":1,"name":"Home","item":"https:\/\/www.tagina.it\/fr\/"},{"@type":"ListItem","position":2,"name":"Collezioni","item":"https:\/\/www.tagina.it\/fr\/collezioni\/"},{"@type":"ListItem","position":3,"name":"Pietra Regale"}]},{"@type":"WebSite","@id":"https:\/\/www.tagina.it\/fr\/#website","url":"https:\/\/www.tagina.it\/fr\/","name":"Tagina","description":"Storie di stile","publisher":{"@id":"https:\/\/www.tagina.it\/fr\/#organization"},"potentialAction":[{"@type":"SearchAction","target":{"@type":"EntryPoint","urlTemplate":"https:\/\/www.tagina.it\/fr\/?s={search_term_string}"},"query-input":{"@type":"PropertyValueSpecification","valueRequired":true,"valueName":"search_term_string"}}],"inLanguage":"fr-FR"},{"@type":"Organization","@id":"https:\/\/www.tagina.it\/fr\/#organization","name":"Tagina","url":"https:\/\/www.tagina.it\/fr\/","logo":{"@type":"ImageObject","inLanguage":"fr-FR","@id":"https:\/\/www.tagina.it\/fr\/#\/schema\/logo\/image\/","url":"https:\/\/www.tagina.it\/tag21\/tg21-cont\/uploads\/2020\/12\/tagina-logo-h-bianco-oro.svg","contentUrl":"https:\/\/www.tagina.it\/tag21\/tg21-cont\/uploads\/2020\/12\/tagina-logo-h-bianco-oro.svg","width":100,"height":100,"caption":"Tagina"},"image":{"@id":"https:\/\/www.tagina.it\/fr\/#\/schema\/logo\/image\/"}}]}},"_links":{"self":[{"href":"https:\/\/www.tagina.it\/fr\/wp-json\/wp\/v2\/collezioni\/3495","targetHints":{"allow":["GET"]}}],"collection":[{"href":"https:\/\/www.tagina.it\/fr\/wp-json\/wp\/v2\/collezioni"}],"about":[{"href":"https:\/\/www.tagina.it\/fr\/wp-json\/wp\/v2\/types\/collezioni"}],"version-history":[{"count":4,"href":"https:\/\/www.tagina.it\/fr\/wp-json\/wp\/v2\/collezioni\/3495\/revisions"}],"predecessor-version":[{"id":16442,"href":"https:\/\/www.tagina.it\/fr\/wp-json\/wp\/v2\/collezioni\/3495\/revisions\/16442"}],"wp:featuredmedia":[{"embeddable":true,"href":"https:\/\/www.tagina.it\/fr\/wp-json\/wp\/v2\/media\/4068"}],"wp:attachment":[{"href":"https:\/\/www.tagina.it\/fr\/wp-json\/wp\/v2\/media?parent=3495"}],"wp:term":[{"taxonomy":"superfici","embeddable":true,"href":"https:\/\/www.tagina.it\/fr\/wp-json\/wp\/v2\/superfici?post=3495"},{"taxonomy":"spessori","embeddable":true,"href":"https:\/\/www.tagina.it\/fr\/wp-json\/wp\/v2\/spessori?post=3495"},{"taxonomy":"formati","embeddable":true,"href":"https:\/\/www.tagina.it\/fr\/wp-json\/wp\/v2\/formati?post=3495"},{"taxonomy":"look","embeddable":true,"href":"https:\/\/www.tagina.it\/fr\/wp-json\/wp\/v2\/look?post=3495"},{"taxonomy":"decori","embeddable":true,"href":"https:\/\/www.tagina.it\/fr\/wp-json\/wp\/v2\/decori?post=3495"}],"curies":[{"name":"wp","href":"https:\/\/api.w.org\/{rel}","templated":true}]}}