{"id":15881,"date":"2025-01-13T11:49:26","date_gmt":"2025-01-13T10:49:26","guid":{"rendered":"https:\/\/www.tagina.it\/collezioni\/pierre-davignon\/"},"modified":"2026-02-09T17:42:31","modified_gmt":"2026-02-09T16:42:31","slug":"pierre-davignon","status":"publish","type":"collezioni","link":"https:\/\/www.tagina.it\/fr\/collezioni\/pierre-davignon\/","title":{"rendered":"Pierre d&#8217;Avignon"},"content":{"rendered":"<p>PIERRE D\u2019AVIGNON est la nouvelle collection de Tagina, qui c\u00e9l\u00e8bre la beaut\u00e9 naturelle de la pierre d\u2019Avignon, une pierre locale typique qui caract\u00e9rise les paysages et l\u2019architecture de la Provence (France). Gr\u00e2ce \u00e0 une technologie novatrice, cette s\u00e9rie reproduit avec une fid\u00e9lit\u00e9 extraordinaire les caract\u00e9ristiques esth\u00e9tiques et tactiles de la pierre, enrichie de finitions raffin\u00e9es qui exaltent le naturel et le r\u00e9alisme des surfaces. La surface se distingue par des variations \u00e9tudi\u00e9es de reflet, qui \u00e9voquent le charme de l\u2019usure naturelle du mat\u00e9riau caus\u00e9e par le pi\u00e9tinement au fil du temps. Ce d\u00e9tail conf\u00e8re aux sols et aux rev\u00eatements un aspect unique et r\u00e9solument authentique. Gr\u00e2ce \u00e0 la double finition Int\u00e9rieur et Ext\u00e9rieur R11, disponible aussi bien dans le module \u00e0 4 formats que dans les formats \u00e0 bord droit, la collection Pierre d\u2019Avignon offre des solutions de conception assurant une continuit\u00e9 entre les espaces int\u00e9rieurs et ext\u00e9rieurs, en maintenant une coh\u00e9rence stylistique qui embrasse le rustique et le contemporain.<\/p>\n","protected":false},"excerpt":{"rendered":"<p>PIERRE D\u2019AVIGNON est la nouvelle collection de Tagina, qui c\u00e9l\u00e8bre la beaut\u00e9 naturelle de la pierre d\u2019Avignon, une pierre locale typique qui caract\u00e9rise les paysages et l\u2019architecture de la Provence (France). Gr\u00e2ce \u00e0 une technologie novatrice, cette s\u00e9rie reproduit avec une fid\u00e9lit\u00e9 extraordinaire les caract\u00e9ristiques esth\u00e9tiques et tactiles de la pierre, enrichie de finitions raffin\u00e9es [&hellip;]<\/p>\n","protected":false},"featured_media":15695,"parent":0,"menu_order":60,"template":"","meta":{"_acf_changed":false,"footnotes":""},"superfici":[130,132],"spessori":[190,20],"formati":[22,23,24,173,241,174,85],"look":[129,128],"decori":[373,374,304],"class_list":["post-15881","collezioni","type-collezioni","status-publish","has-post-thumbnail","hentry","superfici-naturel","superfici-r11-fr","spessori-9-mm","spessori-20-mm","formati-60x120-cm","formati-90x90-cm","formati-60x60-cm","formati-40x60-cm","formati-40x40","formati-20x40-cm","formati-20x20-cm","look-exterieur","look-stone-classic-fr","decori-provence-60x120","decori-arles-20x20-cm","decori-mosaico-5x5-30x30-cm"],"acf":[],"yoast_head":"<!-- This site is optimized with the Yoast SEO plugin v27.5 - https:\/\/yoast.com\/product\/yoast-seo-wordpress\/ -->\n<title>Pierre d&#039;Avignon - Tagina<\/title>\n<meta name=\"description\" content=\"Pierre d&#039;Avignon r\u00e9interpr\u00e8te la pierre typique d\u2019Avignon avec des carreaux en gr\u00e8s c\u00e9rame con\u00e7us pour des espaces int\u00e9rieurs et ext\u00e9rieurs, disponibles en 4 formats et une \u00e9paisseur unique de 10 mm.\" \/>\n<meta name=\"robots\" content=\"index, follow, max-snippet:-1, max-image-preview:large, max-video-preview:-1\" \/>\n<link rel=\"canonical\" href=\"https:\/\/www.tagina.it\/fr\/collezioni\/pierre-davignon\/\" \/>\n<meta property=\"og:locale\" content=\"fr_FR\" \/>\n<meta property=\"og:type\" content=\"article\" \/>\n<meta property=\"og:title\" content=\"Pierre d&#039;Avignon - Tagina\" \/>\n<meta property=\"og:description\" content=\"Pierre d&#039;Avignon r\u00e9interpr\u00e8te la pierre typique d\u2019Avignon avec des carreaux en gr\u00e8s c\u00e9rame con\u00e7us pour des espaces int\u00e9rieurs et ext\u00e9rieurs, disponibles en 4 formats et une \u00e9paisseur unique de 10 mm.\" \/>\n<meta property=\"og:url\" content=\"https:\/\/www.tagina.it\/fr\/collezioni\/pierre-davignon\/\" \/>\n<meta property=\"og:site_name\" content=\"Tagina\" \/>\n<meta property=\"article:modified_time\" content=\"2026-02-09T16:42:31+00:00\" \/>\n<meta property=\"og:image\" content=\"https:\/\/www.tagina.it\/tag21\/tg21-cont\/uploads\/2025\/01\/Tagina-PIERRE-DAVIGNON-Beige_living.jpg\" \/>\n\t<meta property=\"og:image:width\" content=\"1600\" \/>\n\t<meta property=\"og:image:height\" content=\"1088\" \/>\n\t<meta property=\"og:image:type\" content=\"image\/jpeg\" \/>\n<meta name=\"twitter:card\" content=\"summary_large_image\" \/>\n<meta name=\"twitter:label1\" content=\"Est. reading time\" \/>\n\t<meta name=\"twitter:data1\" content=\"2 minutes\" \/>\n<script type=\"application\/ld+json\" class=\"yoast-schema-graph\">{\"@context\":\"https:\\\/\\\/schema.org\",\"@graph\":[{\"@type\":\"WebPage\",\"@id\":\"https:\\\/\\\/www.tagina.it\\\/fr\\\/collezioni\\\/pierre-davignon\\\/\",\"url\":\"https:\\\/\\\/www.tagina.it\\\/fr\\\/collezioni\\\/pierre-davignon\\\/\",\"name\":\"Pierre d'Avignon - Tagina\",\"isPartOf\":{\"@id\":\"https:\\\/\\\/www.tagina.it\\\/fr\\\/#website\"},\"primaryImageOfPage\":{\"@id\":\"https:\\\/\\\/www.tagina.it\\\/fr\\\/collezioni\\\/pierre-davignon\\\/#primaryimage\"},\"image\":{\"@id\":\"https:\\\/\\\/www.tagina.it\\\/fr\\\/collezioni\\\/pierre-davignon\\\/#primaryimage\"},\"thumbnailUrl\":\"https:\\\/\\\/www.tagina.it\\\/tag21\\\/tg21-cont\\\/uploads\\\/2025\\\/01\\\/Tagina-PIERRE-DAVIGNON-Beige_living.jpg\",\"datePublished\":\"2025-01-13T10:49:26+00:00\",\"dateModified\":\"2026-02-09T16:42:31+00:00\",\"description\":\"Pierre d'Avignon r\u00e9interpr\u00e8te la pierre typique d\u2019Avignon avec des carreaux en gr\u00e8s c\u00e9rame con\u00e7us pour des espaces int\u00e9rieurs et ext\u00e9rieurs, disponibles en 4 formats et une \u00e9paisseur unique de 10 mm.\",\"breadcrumb\":{\"@id\":\"https:\\\/\\\/www.tagina.it\\\/fr\\\/collezioni\\\/pierre-davignon\\\/#breadcrumb\"},\"inLanguage\":\"fr-FR\",\"potentialAction\":[{\"@type\":\"ReadAction\",\"target\":[\"https:\\\/\\\/www.tagina.it\\\/fr\\\/collezioni\\\/pierre-davignon\\\/\"]}]},{\"@type\":\"ImageObject\",\"inLanguage\":\"fr-FR\",\"@id\":\"https:\\\/\\\/www.tagina.it\\\/fr\\\/collezioni\\\/pierre-davignon\\\/#primaryimage\",\"url\":\"https:\\\/\\\/www.tagina.it\\\/tag21\\\/tg21-cont\\\/uploads\\\/2025\\\/01\\\/Tagina-PIERRE-DAVIGNON-Beige_living.jpg\",\"contentUrl\":\"https:\\\/\\\/www.tagina.it\\\/tag21\\\/tg21-cont\\\/uploads\\\/2025\\\/01\\\/Tagina-PIERRE-DAVIGNON-Beige_living.jpg\",\"width\":1600,\"height\":1088,\"caption\":\"living con divano, camino e legna con multiposa pavimento in gres\"},{\"@type\":\"BreadcrumbList\",\"@id\":\"https:\\\/\\\/www.tagina.it\\\/fr\\\/collezioni\\\/pierre-davignon\\\/#breadcrumb\",\"itemListElement\":[{\"@type\":\"ListItem\",\"position\":1,\"name\":\"Home\",\"item\":\"https:\\\/\\\/www.tagina.it\\\/fr\\\/\"},{\"@type\":\"ListItem\",\"position\":2,\"name\":\"Collezioni\",\"item\":\"https:\\\/\\\/www.tagina.it\\\/fr\\\/collezioni\\\/\"},{\"@type\":\"ListItem\",\"position\":3,\"name\":\"Pierre d&#8217;Avignon\"}]},{\"@type\":\"WebSite\",\"@id\":\"https:\\\/\\\/www.tagina.it\\\/fr\\\/#website\",\"url\":\"https:\\\/\\\/www.tagina.it\\\/fr\\\/\",\"name\":\"Tagina\",\"description\":\"Storie di stile\",\"publisher\":{\"@id\":\"https:\\\/\\\/www.tagina.it\\\/fr\\\/#organization\"},\"potentialAction\":[{\"@type\":\"SearchAction\",\"target\":{\"@type\":\"EntryPoint\",\"urlTemplate\":\"https:\\\/\\\/www.tagina.it\\\/fr\\\/?s={search_term_string}\"},\"query-input\":{\"@type\":\"PropertyValueSpecification\",\"valueRequired\":true,\"valueName\":\"search_term_string\"}}],\"inLanguage\":\"fr-FR\"},{\"@type\":\"Organization\",\"@id\":\"https:\\\/\\\/www.tagina.it\\\/fr\\\/#organization\",\"name\":\"Tagina\",\"url\":\"https:\\\/\\\/www.tagina.it\\\/fr\\\/\",\"logo\":{\"@type\":\"ImageObject\",\"inLanguage\":\"fr-FR\",\"@id\":\"https:\\\/\\\/www.tagina.it\\\/fr\\\/#\\\/schema\\\/logo\\\/image\\\/\",\"url\":\"https:\\\/\\\/www.tagina.it\\\/tag21\\\/tg21-cont\\\/uploads\\\/2020\\\/12\\\/tagina-logo-h-bianco-oro.svg\",\"contentUrl\":\"https:\\\/\\\/www.tagina.it\\\/tag21\\\/tg21-cont\\\/uploads\\\/2020\\\/12\\\/tagina-logo-h-bianco-oro.svg\",\"width\":100,\"height\":100,\"caption\":\"Tagina\"},\"image\":{\"@id\":\"https:\\\/\\\/www.tagina.it\\\/fr\\\/#\\\/schema\\\/logo\\\/image\\\/\"}}]}<\/script>\n<!-- \/ Yoast SEO plugin. -->","yoast_head_json":{"title":"Pierre d'Avignon - Tagina","description":"Pierre d'Avignon r\u00e9interpr\u00e8te la pierre typique d\u2019Avignon avec des carreaux en gr\u00e8s c\u00e9rame con\u00e7us pour des espaces int\u00e9rieurs et ext\u00e9rieurs, disponibles en 4 formats et une \u00e9paisseur unique de 10 mm.","robots":{"index":"index","follow":"follow","max-snippet":"max-snippet:-1","max-image-preview":"max-image-preview:large","max-video-preview":"max-video-preview:-1"},"canonical":"https:\/\/www.tagina.it\/fr\/collezioni\/pierre-davignon\/","og_locale":"fr_FR","og_type":"article","og_title":"Pierre d'Avignon - Tagina","og_description":"Pierre d'Avignon r\u00e9interpr\u00e8te la pierre typique d\u2019Avignon avec des carreaux en gr\u00e8s c\u00e9rame con\u00e7us pour des espaces int\u00e9rieurs et ext\u00e9rieurs, disponibles en 4 formats et une \u00e9paisseur unique de 10 mm.","og_url":"https:\/\/www.tagina.it\/fr\/collezioni\/pierre-davignon\/","og_site_name":"Tagina","article_modified_time":"2026-02-09T16:42:31+00:00","og_image":[{"width":1600,"height":1088,"url":"https:\/\/www.tagina.it\/tag21\/tg21-cont\/uploads\/2025\/01\/Tagina-PIERRE-DAVIGNON-Beige_living.jpg","type":"image\/jpeg"}],"twitter_card":"summary_large_image","twitter_misc":{"Est. reading time":"2 minutes"},"schema":{"@context":"https:\/\/schema.org","@graph":[{"@type":"WebPage","@id":"https:\/\/www.tagina.it\/fr\/collezioni\/pierre-davignon\/","url":"https:\/\/www.tagina.it\/fr\/collezioni\/pierre-davignon\/","name":"Pierre d'Avignon - Tagina","isPartOf":{"@id":"https:\/\/www.tagina.it\/fr\/#website"},"primaryImageOfPage":{"@id":"https:\/\/www.tagina.it\/fr\/collezioni\/pierre-davignon\/#primaryimage"},"image":{"@id":"https:\/\/www.tagina.it\/fr\/collezioni\/pierre-davignon\/#primaryimage"},"thumbnailUrl":"https:\/\/www.tagina.it\/tag21\/tg21-cont\/uploads\/2025\/01\/Tagina-PIERRE-DAVIGNON-Beige_living.jpg","datePublished":"2025-01-13T10:49:26+00:00","dateModified":"2026-02-09T16:42:31+00:00","description":"Pierre d'Avignon r\u00e9interpr\u00e8te la pierre typique d\u2019Avignon avec des carreaux en gr\u00e8s c\u00e9rame con\u00e7us pour des espaces int\u00e9rieurs et ext\u00e9rieurs, disponibles en 4 formats et une \u00e9paisseur unique de 10 mm.","breadcrumb":{"@id":"https:\/\/www.tagina.it\/fr\/collezioni\/pierre-davignon\/#breadcrumb"},"inLanguage":"fr-FR","potentialAction":[{"@type":"ReadAction","target":["https:\/\/www.tagina.it\/fr\/collezioni\/pierre-davignon\/"]}]},{"@type":"ImageObject","inLanguage":"fr-FR","@id":"https:\/\/www.tagina.it\/fr\/collezioni\/pierre-davignon\/#primaryimage","url":"https:\/\/www.tagina.it\/tag21\/tg21-cont\/uploads\/2025\/01\/Tagina-PIERRE-DAVIGNON-Beige_living.jpg","contentUrl":"https:\/\/www.tagina.it\/tag21\/tg21-cont\/uploads\/2025\/01\/Tagina-PIERRE-DAVIGNON-Beige_living.jpg","width":1600,"height":1088,"caption":"living con divano, camino e legna con multiposa pavimento in gres"},{"@type":"BreadcrumbList","@id":"https:\/\/www.tagina.it\/fr\/collezioni\/pierre-davignon\/#breadcrumb","itemListElement":[{"@type":"ListItem","position":1,"name":"Home","item":"https:\/\/www.tagina.it\/fr\/"},{"@type":"ListItem","position":2,"name":"Collezioni","item":"https:\/\/www.tagina.it\/fr\/collezioni\/"},{"@type":"ListItem","position":3,"name":"Pierre d&#8217;Avignon"}]},{"@type":"WebSite","@id":"https:\/\/www.tagina.it\/fr\/#website","url":"https:\/\/www.tagina.it\/fr\/","name":"Tagina","description":"Storie di stile","publisher":{"@id":"https:\/\/www.tagina.it\/fr\/#organization"},"potentialAction":[{"@type":"SearchAction","target":{"@type":"EntryPoint","urlTemplate":"https:\/\/www.tagina.it\/fr\/?s={search_term_string}"},"query-input":{"@type":"PropertyValueSpecification","valueRequired":true,"valueName":"search_term_string"}}],"inLanguage":"fr-FR"},{"@type":"Organization","@id":"https:\/\/www.tagina.it\/fr\/#organization","name":"Tagina","url":"https:\/\/www.tagina.it\/fr\/","logo":{"@type":"ImageObject","inLanguage":"fr-FR","@id":"https:\/\/www.tagina.it\/fr\/#\/schema\/logo\/image\/","url":"https:\/\/www.tagina.it\/tag21\/tg21-cont\/uploads\/2020\/12\/tagina-logo-h-bianco-oro.svg","contentUrl":"https:\/\/www.tagina.it\/tag21\/tg21-cont\/uploads\/2020\/12\/tagina-logo-h-bianco-oro.svg","width":100,"height":100,"caption":"Tagina"},"image":{"@id":"https:\/\/www.tagina.it\/fr\/#\/schema\/logo\/image\/"}}]}},"_links":{"self":[{"href":"https:\/\/www.tagina.it\/fr\/wp-json\/wp\/v2\/collezioni\/15881","targetHints":{"allow":["GET"]}}],"collection":[{"href":"https:\/\/www.tagina.it\/fr\/wp-json\/wp\/v2\/collezioni"}],"about":[{"href":"https:\/\/www.tagina.it\/fr\/wp-json\/wp\/v2\/types\/collezioni"}],"version-history":[{"count":2,"href":"https:\/\/www.tagina.it\/fr\/wp-json\/wp\/v2\/collezioni\/15881\/revisions"}],"predecessor-version":[{"id":16388,"href":"https:\/\/www.tagina.it\/fr\/wp-json\/wp\/v2\/collezioni\/15881\/revisions\/16388"}],"wp:featuredmedia":[{"embeddable":true,"href":"https:\/\/www.tagina.it\/fr\/wp-json\/wp\/v2\/media\/15695"}],"wp:attachment":[{"href":"https:\/\/www.tagina.it\/fr\/wp-json\/wp\/v2\/media?parent=15881"}],"wp:term":[{"taxonomy":"superfici","embeddable":true,"href":"https:\/\/www.tagina.it\/fr\/wp-json\/wp\/v2\/superfici?post=15881"},{"taxonomy":"spessori","embeddable":true,"href":"https:\/\/www.tagina.it\/fr\/wp-json\/wp\/v2\/spessori?post=15881"},{"taxonomy":"formati","embeddable":true,"href":"https:\/\/www.tagina.it\/fr\/wp-json\/wp\/v2\/formati?post=15881"},{"taxonomy":"look","embeddable":true,"href":"https:\/\/www.tagina.it\/fr\/wp-json\/wp\/v2\/look?post=15881"},{"taxonomy":"decori","embeddable":true,"href":"https:\/\/www.tagina.it\/fr\/wp-json\/wp\/v2\/decori?post=15881"}],"curies":[{"name":"wp","href":"https:\/\/api.w.org\/{rel}","templated":true}]}}