{"id":14041,"date":"2024-02-22T13:00:52","date_gmt":"2024-02-22T12:00:52","guid":{"rendered":"https:\/\/www.tagina.it\/?post_type=collezioni&#038;p=14041"},"modified":"2026-02-09T17:47:57","modified_gmt":"2026-02-09T16:47:57","slug":"marmi-imperiali","status":"publish","type":"collezioni","link":"https:\/\/www.tagina.it\/fr\/collezioni\/marmi-imperiali\/","title":{"rendered":"Marmi Imperiali"},"content":{"rendered":"<p>Le charme \u00e9ternel de \u00ab Roma caput mundi \u00bb (Rome, capitale du monde) reprend vie dans la nouvelle collection de Tagina d\u00e9di\u00e9e aux marbres pr\u00e9cieux provenant des provinces les plus lointaines de l\u2019Empire romain.<\/p>\n<p>Le projet MARMI IMPERIALI se d\u00e9veloppe dans une palette de 6 couleurs de base qui recr\u00e9ent la vari\u00e9t\u00e9 des marbres naturels. Il se distingue par sa vaste gamme de formats, permettant de cr\u00e9er une continuit\u00e9 parfaite entre int\u00e9rieur et ext\u00e9rieur, accompagn\u00e9e de motifs d\u00e9coratifs \u00e9vocateurs assortis aux couleurs de fond.<\/p>\n<p>Une collection en parfaite harmonie entre histoire et innovation, ic\u00f4ne de style et d\u2019\u00e9l\u00e9gance, con\u00e7ue pour habiller les espaces r\u00e9sidentiels et commerciaux de notre \u00e9poque d\u2019un design exclusif et intemporel.<\/p>\n","protected":false},"excerpt":{"rendered":"<p>Le charme \u00e9ternel de \u00ab Roma caput mundi \u00bb (Rome, capitale du monde) reprend vie dans la nouvelle collection de Tagina d\u00e9di\u00e9e aux marbres pr\u00e9cieux provenant des provinces les plus lointaines de l\u2019Empire romain. Le projet MARMI IMPERIALI se d\u00e9veloppe dans une palette de 6 couleurs de base qui recr\u00e9ent la vari\u00e9t\u00e9 des marbres naturels. [&hellip;]<\/p>\n","protected":false},"featured_media":13929,"parent":0,"menu_order":95,"template":"","meta":{"_acf_changed":false,"footnotes":""},"superfici":[130,132],"spessori":[190,20],"formati":[22,23,24,92,83],"look":[129,149],"decori":[304,355,309,354,356,357,358,359],"class_list":["post-14041","collezioni","type-collezioni","status-publish","has-post-thumbnail","hentry","superfici-naturel","superfici-r11-fr","spessori-9-mm","spessori-20-mm","formati-60x120-cm","formati-90x90-cm","formati-60x60-cm","formati-30x60-cm","formati-30x30-cm","look-exterieur","look-marble-onyx-fr","decori-mosaico-5x5-30x30-cm","decori-mosaico-opus-30x30-cm","decori-mosaico-276x276","decori-decoro-60x60-cm","decori-ottagono-90x90-cm","decori-15x15-cm","decori-15x90-cm","decori-intarsi-tagina"],"acf":[],"yoast_head":"<!-- This site is optimized with the Yoast SEO plugin v27.4 - https:\/\/yoast.com\/product\/yoast-seo-wordpress\/ -->\n<title>Marmi Imperiali - Tagina<\/title>\n<meta name=\"description\" content=\"La collection de carreaux en gr\u00e8s c\u00e9rame Marmi Imperiali c\u00e9l\u00e8bre le style propre \u00e0 la Rome Imp\u00e9riale, en reproposant de mani\u00e8re contemporaine les marbres qui caract\u00e9risent les monuments de la ville.\" \/>\n<meta name=\"robots\" content=\"index, follow, max-snippet:-1, max-image-preview:large, max-video-preview:-1\" \/>\n<link rel=\"canonical\" href=\"https:\/\/www.tagina.it\/fr\/collezioni\/marmi-imperiali\/\" \/>\n<meta property=\"og:locale\" content=\"fr_FR\" \/>\n<meta property=\"og:type\" content=\"article\" \/>\n<meta property=\"og:title\" content=\"Marmi Imperiali - Tagina\" \/>\n<meta property=\"og:description\" content=\"La collection de carreaux en gr\u00e8s c\u00e9rame Marmi Imperiali c\u00e9l\u00e8bre le style propre \u00e0 la Rome Imp\u00e9riale, en reproposant de mani\u00e8re contemporaine les marbres qui caract\u00e9risent les monuments de la ville.\" \/>\n<meta property=\"og:url\" content=\"https:\/\/www.tagina.it\/fr\/collezioni\/marmi-imperiali\/\" \/>\n<meta property=\"og:site_name\" content=\"Tagina\" \/>\n<meta property=\"article:modified_time\" content=\"2026-02-09T16:47:57+00:00\" \/>\n<meta property=\"og:image\" content=\"https:\/\/www.tagina.it\/tag21\/tg21-cont\/uploads\/2024\/02\/Tagina-MARMI-IMPERIALI-Aurelia-hotel_ritagliata.jpg\" \/>\n\t<meta property=\"og:image:width\" content=\"1600\" \/>\n\t<meta property=\"og:image:height\" content=\"863\" \/>\n\t<meta property=\"og:image:type\" content=\"image\/jpeg\" \/>\n<meta name=\"twitter:card\" content=\"summary_large_image\" \/>\n<meta name=\"twitter:label1\" content=\"Est. reading time\" \/>\n\t<meta name=\"twitter:data1\" content=\"1 minute\" \/>\n<script type=\"application\/ld+json\" class=\"yoast-schema-graph\">{\"@context\":\"https:\\\/\\\/schema.org\",\"@graph\":[{\"@type\":\"WebPage\",\"@id\":\"https:\\\/\\\/www.tagina.it\\\/fr\\\/collezioni\\\/marmi-imperiali\\\/\",\"url\":\"https:\\\/\\\/www.tagina.it\\\/fr\\\/collezioni\\\/marmi-imperiali\\\/\",\"name\":\"Marmi Imperiali - Tagina\",\"isPartOf\":{\"@id\":\"https:\\\/\\\/www.tagina.it\\\/fr\\\/#website\"},\"primaryImageOfPage\":{\"@id\":\"https:\\\/\\\/www.tagina.it\\\/fr\\\/collezioni\\\/marmi-imperiali\\\/#primaryimage\"},\"image\":{\"@id\":\"https:\\\/\\\/www.tagina.it\\\/fr\\\/collezioni\\\/marmi-imperiali\\\/#primaryimage\"},\"thumbnailUrl\":\"https:\\\/\\\/www.tagina.it\\\/tag21\\\/tg21-cont\\\/uploads\\\/2024\\\/02\\\/Tagina-MARMI-IMPERIALI-Aurelia-hotel_ritagliata.jpg\",\"datePublished\":\"2024-02-22T12:00:52+00:00\",\"dateModified\":\"2026-02-09T16:47:57+00:00\",\"description\":\"La collection de carreaux en gr\u00e8s c\u00e9rame Marmi Imperiali c\u00e9l\u00e8bre le style propre \u00e0 la Rome Imp\u00e9riale, en reproposant de mani\u00e8re contemporaine les marbres qui caract\u00e9risent les monuments de la ville.\",\"breadcrumb\":{\"@id\":\"https:\\\/\\\/www.tagina.it\\\/fr\\\/collezioni\\\/marmi-imperiali\\\/#breadcrumb\"},\"inLanguage\":\"fr-FR\",\"potentialAction\":[{\"@type\":\"ReadAction\",\"target\":[\"https:\\\/\\\/www.tagina.it\\\/fr\\\/collezioni\\\/marmi-imperiali\\\/\"]}]},{\"@type\":\"ImageObject\",\"inLanguage\":\"fr-FR\",\"@id\":\"https:\\\/\\\/www.tagina.it\\\/fr\\\/collezioni\\\/marmi-imperiali\\\/#primaryimage\",\"url\":\"https:\\\/\\\/www.tagina.it\\\/tag21\\\/tg21-cont\\\/uploads\\\/2024\\\/02\\\/Tagina-MARMI-IMPERIALI-Aurelia-hotel_ritagliata.jpg\",\"contentUrl\":\"https:\\\/\\\/www.tagina.it\\\/tag21\\\/tg21-cont\\\/uploads\\\/2024\\\/02\\\/Tagina-MARMI-IMPERIALI-Aurelia-hotel_ritagliata.jpg\",\"width\":1600,\"height\":863},{\"@type\":\"BreadcrumbList\",\"@id\":\"https:\\\/\\\/www.tagina.it\\\/fr\\\/collezioni\\\/marmi-imperiali\\\/#breadcrumb\",\"itemListElement\":[{\"@type\":\"ListItem\",\"position\":1,\"name\":\"Home\",\"item\":\"https:\\\/\\\/www.tagina.it\\\/fr\\\/\"},{\"@type\":\"ListItem\",\"position\":2,\"name\":\"Collezioni\",\"item\":\"https:\\\/\\\/www.tagina.it\\\/fr\\\/collezioni\\\/\"},{\"@type\":\"ListItem\",\"position\":3,\"name\":\"Marmi Imperiali\"}]},{\"@type\":\"WebSite\",\"@id\":\"https:\\\/\\\/www.tagina.it\\\/fr\\\/#website\",\"url\":\"https:\\\/\\\/www.tagina.it\\\/fr\\\/\",\"name\":\"Tagina\",\"description\":\"Storie di stile\",\"publisher\":{\"@id\":\"https:\\\/\\\/www.tagina.it\\\/fr\\\/#organization\"},\"potentialAction\":[{\"@type\":\"SearchAction\",\"target\":{\"@type\":\"EntryPoint\",\"urlTemplate\":\"https:\\\/\\\/www.tagina.it\\\/fr\\\/?s={search_term_string}\"},\"query-input\":{\"@type\":\"PropertyValueSpecification\",\"valueRequired\":true,\"valueName\":\"search_term_string\"}}],\"inLanguage\":\"fr-FR\"},{\"@type\":\"Organization\",\"@id\":\"https:\\\/\\\/www.tagina.it\\\/fr\\\/#organization\",\"name\":\"Tagina\",\"url\":\"https:\\\/\\\/www.tagina.it\\\/fr\\\/\",\"logo\":{\"@type\":\"ImageObject\",\"inLanguage\":\"fr-FR\",\"@id\":\"https:\\\/\\\/www.tagina.it\\\/fr\\\/#\\\/schema\\\/logo\\\/image\\\/\",\"url\":\"https:\\\/\\\/www.tagina.it\\\/tag21\\\/tg21-cont\\\/uploads\\\/2020\\\/12\\\/tagina-logo-h-bianco-oro.svg\",\"contentUrl\":\"https:\\\/\\\/www.tagina.it\\\/tag21\\\/tg21-cont\\\/uploads\\\/2020\\\/12\\\/tagina-logo-h-bianco-oro.svg\",\"width\":100,\"height\":100,\"caption\":\"Tagina\"},\"image\":{\"@id\":\"https:\\\/\\\/www.tagina.it\\\/fr\\\/#\\\/schema\\\/logo\\\/image\\\/\"}}]}<\/script>\n<!-- \/ Yoast SEO plugin. -->","yoast_head_json":{"title":"Marmi Imperiali - Tagina","description":"La collection de carreaux en gr\u00e8s c\u00e9rame Marmi Imperiali c\u00e9l\u00e8bre le style propre \u00e0 la Rome Imp\u00e9riale, en reproposant de mani\u00e8re contemporaine les marbres qui caract\u00e9risent les monuments de la ville.","robots":{"index":"index","follow":"follow","max-snippet":"max-snippet:-1","max-image-preview":"max-image-preview:large","max-video-preview":"max-video-preview:-1"},"canonical":"https:\/\/www.tagina.it\/fr\/collezioni\/marmi-imperiali\/","og_locale":"fr_FR","og_type":"article","og_title":"Marmi Imperiali - Tagina","og_description":"La collection de carreaux en gr\u00e8s c\u00e9rame Marmi Imperiali c\u00e9l\u00e8bre le style propre \u00e0 la Rome Imp\u00e9riale, en reproposant de mani\u00e8re contemporaine les marbres qui caract\u00e9risent les monuments de la ville.","og_url":"https:\/\/www.tagina.it\/fr\/collezioni\/marmi-imperiali\/","og_site_name":"Tagina","article_modified_time":"2026-02-09T16:47:57+00:00","og_image":[{"width":1600,"height":863,"url":"https:\/\/www.tagina.it\/tag21\/tg21-cont\/uploads\/2024\/02\/Tagina-MARMI-IMPERIALI-Aurelia-hotel_ritagliata.jpg","type":"image\/jpeg"}],"twitter_card":"summary_large_image","twitter_misc":{"Est. reading time":"1 minute"},"schema":{"@context":"https:\/\/schema.org","@graph":[{"@type":"WebPage","@id":"https:\/\/www.tagina.it\/fr\/collezioni\/marmi-imperiali\/","url":"https:\/\/www.tagina.it\/fr\/collezioni\/marmi-imperiali\/","name":"Marmi Imperiali - Tagina","isPartOf":{"@id":"https:\/\/www.tagina.it\/fr\/#website"},"primaryImageOfPage":{"@id":"https:\/\/www.tagina.it\/fr\/collezioni\/marmi-imperiali\/#primaryimage"},"image":{"@id":"https:\/\/www.tagina.it\/fr\/collezioni\/marmi-imperiali\/#primaryimage"},"thumbnailUrl":"https:\/\/www.tagina.it\/tag21\/tg21-cont\/uploads\/2024\/02\/Tagina-MARMI-IMPERIALI-Aurelia-hotel_ritagliata.jpg","datePublished":"2024-02-22T12:00:52+00:00","dateModified":"2026-02-09T16:47:57+00:00","description":"La collection de carreaux en gr\u00e8s c\u00e9rame Marmi Imperiali c\u00e9l\u00e8bre le style propre \u00e0 la Rome Imp\u00e9riale, en reproposant de mani\u00e8re contemporaine les marbres qui caract\u00e9risent les monuments de la ville.","breadcrumb":{"@id":"https:\/\/www.tagina.it\/fr\/collezioni\/marmi-imperiali\/#breadcrumb"},"inLanguage":"fr-FR","potentialAction":[{"@type":"ReadAction","target":["https:\/\/www.tagina.it\/fr\/collezioni\/marmi-imperiali\/"]}]},{"@type":"ImageObject","inLanguage":"fr-FR","@id":"https:\/\/www.tagina.it\/fr\/collezioni\/marmi-imperiali\/#primaryimage","url":"https:\/\/www.tagina.it\/tag21\/tg21-cont\/uploads\/2024\/02\/Tagina-MARMI-IMPERIALI-Aurelia-hotel_ritagliata.jpg","contentUrl":"https:\/\/www.tagina.it\/tag21\/tg21-cont\/uploads\/2024\/02\/Tagina-MARMI-IMPERIALI-Aurelia-hotel_ritagliata.jpg","width":1600,"height":863},{"@type":"BreadcrumbList","@id":"https:\/\/www.tagina.it\/fr\/collezioni\/marmi-imperiali\/#breadcrumb","itemListElement":[{"@type":"ListItem","position":1,"name":"Home","item":"https:\/\/www.tagina.it\/fr\/"},{"@type":"ListItem","position":2,"name":"Collezioni","item":"https:\/\/www.tagina.it\/fr\/collezioni\/"},{"@type":"ListItem","position":3,"name":"Marmi Imperiali"}]},{"@type":"WebSite","@id":"https:\/\/www.tagina.it\/fr\/#website","url":"https:\/\/www.tagina.it\/fr\/","name":"Tagina","description":"Storie di stile","publisher":{"@id":"https:\/\/www.tagina.it\/fr\/#organization"},"potentialAction":[{"@type":"SearchAction","target":{"@type":"EntryPoint","urlTemplate":"https:\/\/www.tagina.it\/fr\/?s={search_term_string}"},"query-input":{"@type":"PropertyValueSpecification","valueRequired":true,"valueName":"search_term_string"}}],"inLanguage":"fr-FR"},{"@type":"Organization","@id":"https:\/\/www.tagina.it\/fr\/#organization","name":"Tagina","url":"https:\/\/www.tagina.it\/fr\/","logo":{"@type":"ImageObject","inLanguage":"fr-FR","@id":"https:\/\/www.tagina.it\/fr\/#\/schema\/logo\/image\/","url":"https:\/\/www.tagina.it\/tag21\/tg21-cont\/uploads\/2020\/12\/tagina-logo-h-bianco-oro.svg","contentUrl":"https:\/\/www.tagina.it\/tag21\/tg21-cont\/uploads\/2020\/12\/tagina-logo-h-bianco-oro.svg","width":100,"height":100,"caption":"Tagina"},"image":{"@id":"https:\/\/www.tagina.it\/fr\/#\/schema\/logo\/image\/"}}]}},"_links":{"self":[{"href":"https:\/\/www.tagina.it\/fr\/wp-json\/wp\/v2\/collezioni\/14041","targetHints":{"allow":["GET"]}}],"collection":[{"href":"https:\/\/www.tagina.it\/fr\/wp-json\/wp\/v2\/collezioni"}],"about":[{"href":"https:\/\/www.tagina.it\/fr\/wp-json\/wp\/v2\/types\/collezioni"}],"version-history":[{"count":2,"href":"https:\/\/www.tagina.it\/fr\/wp-json\/wp\/v2\/collezioni\/14041\/revisions"}],"predecessor-version":[{"id":14056,"href":"https:\/\/www.tagina.it\/fr\/wp-json\/wp\/v2\/collezioni\/14041\/revisions\/14056"}],"wp:featuredmedia":[{"embeddable":true,"href":"https:\/\/www.tagina.it\/fr\/wp-json\/wp\/v2\/media\/13929"}],"wp:attachment":[{"href":"https:\/\/www.tagina.it\/fr\/wp-json\/wp\/v2\/media?parent=14041"}],"wp:term":[{"taxonomy":"superfici","embeddable":true,"href":"https:\/\/www.tagina.it\/fr\/wp-json\/wp\/v2\/superfici?post=14041"},{"taxonomy":"spessori","embeddable":true,"href":"https:\/\/www.tagina.it\/fr\/wp-json\/wp\/v2\/spessori?post=14041"},{"taxonomy":"formati","embeddable":true,"href":"https:\/\/www.tagina.it\/fr\/wp-json\/wp\/v2\/formati?post=14041"},{"taxonomy":"look","embeddable":true,"href":"https:\/\/www.tagina.it\/fr\/wp-json\/wp\/v2\/look?post=14041"},{"taxonomy":"decori","embeddable":true,"href":"https:\/\/www.tagina.it\/fr\/wp-json\/wp\/v2\/decori?post=14041"}],"curies":[{"name":"wp","href":"https:\/\/api.w.org\/{rel}","templated":true}]}}